{"id":1199,"date":"2015-06-07T21:57:14","date_gmt":"2015-06-07T20:57:14","guid":{"rendered":"http:\/\/web.morosycristianosdeaspe.es\/?page_id=1199"},"modified":"2015-06-07T21:57:14","modified_gmt":"2015-06-07T20:57:14","slug":"cargos-festeros-bando-cristiano","status":"publish","type":"page","link":"https:\/\/web.morosycristianosdeaspe.es\/?page_id=1199","title":{"rendered":"Cargos Festeros Bando Cristiano"},"content":{"rendered":"<figure id=\"attachment_165\" aria-describedby=\"caption-attachment-165\" style=\"width: 105px\" class=\"wp-caption aligncenter\"><img loading=\"lazy\" decoding=\"async\" class=\"wp-image-165 size-full\" src=\"https:\/\/web.morosycristianosdeaspe.es\/wp-content\/uploads\/2013\/05\/estudiantes_w.png\" alt=\"Cristianos Estudiantes\" width=\"105\" height=\"100\" \/><figcaption id=\"caption-attachment-165\" class=\"wp-caption-text\">Cristianos Estudiantes<\/figcaption><\/figure>\n<figure id=\"attachment_1180\" aria-describedby=\"caption-attachment-1180\" style=\"width: 600px\" class=\"wp-caption aligncenter\"><img loading=\"lazy\" decoding=\"async\" class=\"size-full wp-image-1180\" src=\"https:\/\/web.morosycristianosdeaspe.es\/wp-content\/uploads\/2015\/06\/C_Estudiantes_Infantiles.jpg\" alt=\"Capit\u00e1n y Abanderada infantiles: Dar\u00edo Mart\u00ednez Garc\u00eda y Adriana Mart\u00ednez Garc\u00eda\" width=\"600\" height=\"400\" srcset=\"https:\/\/web.morosycristianosdeaspe.es\/wp-content\/uploads\/2015\/06\/C_Estudiantes_Infantiles.jpg 600w, https:\/\/web.morosycristianosdeaspe.es\/wp-content\/uploads\/2015\/06\/C_Estudiantes_Infantiles-300x200.jpg 300w\" sizes=\"auto, (max-width: 600px) 100vw, 600px\" \/><figcaption id=\"caption-attachment-1180\" class=\"wp-caption-text\">Capit\u00e1n y Abanderada infantiles: Dar\u00edo Mart\u00ednez Garc\u00eda y Adriana Mart\u00ednez Garc\u00eda<\/figcaption><\/figure>\n<figure id=\"attachment_1179\" aria-describedby=\"caption-attachment-1179\" style=\"width: 600px\" class=\"wp-caption aligncenter\"><img loading=\"lazy\" decoding=\"async\" class=\"size-full wp-image-1179\" src=\"https:\/\/web.morosycristianosdeaspe.es\/wp-content\/uploads\/2015\/06\/C_Estudiantes_Adultos.jpg\" alt=\"Capit\u00e1n y Abanderada: Javier Caparr\u00f3s Cerd\u00e1n y M\u00aa del Carmen Mu\u00f1oz Pastor\" width=\"600\" height=\"400\" srcset=\"https:\/\/web.morosycristianosdeaspe.es\/wp-content\/uploads\/2015\/06\/C_Estudiantes_Adultos.jpg 600w, https:\/\/web.morosycristianosdeaspe.es\/wp-content\/uploads\/2015\/06\/C_Estudiantes_Adultos-300x200.jpg 300w\" sizes=\"auto, (max-width: 600px) 100vw, 600px\" \/><figcaption id=\"caption-attachment-1179\" class=\"wp-caption-text\">Capit\u00e1n y Abanderada: Javier Caparr\u00f3s Cerd\u00e1n y M\u00aa del Carmen Mu\u00f1oz Pastor<\/figcaption><\/figure>\n<figure id=\"attachment_164\" aria-describedby=\"caption-attachment-164\" style=\"width: 72px\" class=\"wp-caption aligncenter\"><img loading=\"lazy\" decoding=\"async\" class=\"size-full wp-image-164\" src=\"https:\/\/web.morosycristianosdeaspe.es\/wp-content\/uploads\/2013\/05\/contrabandistas_w-e1369983513546.png\" alt=\"Cristianos Contrabandistas de la Sierra Negra\" width=\"72\" height=\"100\" \/><figcaption id=\"caption-attachment-164\" class=\"wp-caption-text\">Cristianos Contrabandistas<br \/>de la Sierra Negra<\/figcaption><\/figure>\n<figure id=\"attachment_1184\" aria-describedby=\"caption-attachment-1184\" style=\"width: 600px\" class=\"wp-caption aligncenter\"><img loading=\"lazy\" decoding=\"async\" class=\"size-full wp-image-1184\" src=\"https:\/\/web.morosycristianosdeaspe.es\/wp-content\/uploads\/2015\/06\/CCSN_Infantiles.jpg\" alt=\"Capit\u00e1n y Abanderada Infantiles: Felipe Mej\u00edas Ca\u00f1izares y Julia Mart\u00ednez Ca\u00f1izares\" width=\"600\" height=\"400\" srcset=\"https:\/\/web.morosycristianosdeaspe.es\/wp-content\/uploads\/2015\/06\/CCSN_Infantiles.jpg 600w, https:\/\/web.morosycristianosdeaspe.es\/wp-content\/uploads\/2015\/06\/CCSN_Infantiles-300x200.jpg 300w\" sizes=\"auto, (max-width: 600px) 100vw, 600px\" \/><figcaption id=\"caption-attachment-1184\" class=\"wp-caption-text\">Capit\u00e1n y Abanderada Infantiles: Felipe Mej\u00edas Ca\u00f1izares y Julia Mart\u00ednez Ca\u00f1izares<\/figcaption><\/figure>\n<figure id=\"attachment_1183\" aria-describedby=\"caption-attachment-1183\" style=\"width: 600px\" class=\"wp-caption aligncenter\"><img loading=\"lazy\" decoding=\"async\" class=\"size-full wp-image-1183\" src=\"https:\/\/web.morosycristianosdeaspe.es\/wp-content\/uploads\/2015\/06\/CCSN_Adultos.jpg\" alt=\"Abanderada y Capit\u00e1n: Vanesa Ca\u00f1izares Molina y Gin\u00e9s Mart\u00ednez Mart\u00ednez\" width=\"600\" height=\"400\" srcset=\"https:\/\/web.morosycristianosdeaspe.es\/wp-content\/uploads\/2015\/06\/CCSN_Adultos.jpg 600w, https:\/\/web.morosycristianosdeaspe.es\/wp-content\/uploads\/2015\/06\/CCSN_Adultos-300x200.jpg 300w\" sizes=\"auto, (max-width: 600px) 100vw, 600px\" \/><figcaption id=\"caption-attachment-1183\" class=\"wp-caption-text\">Abanderada y Capit\u00e1n: Vanesa Ca\u00f1izares Molina y Gin\u00e9s Mart\u00ednez Mart\u00ednez<\/figcaption><\/figure>\n<figure id=\"attachment_166\" aria-describedby=\"caption-attachment-166\" style=\"width: 84px\" class=\"wp-caption aligncenter\"><img loading=\"lazy\" decoding=\"async\" class=\"size-full wp-image-166\" src=\"https:\/\/web.morosycristianosdeaspe.es\/wp-content\/uploads\/2013\/05\/Lanceros_w.png\" alt=\"Lanceros de Uchel\" width=\"84\" height=\"100\" \/><figcaption id=\"caption-attachment-166\" class=\"wp-caption-text\">Lanceros de Uchel<\/figcaption><\/figure>\n<figure id=\"attachment_1182\" aria-describedby=\"caption-attachment-1182\" style=\"width: 600px\" class=\"wp-caption aligncenter\"><img loading=\"lazy\" decoding=\"async\" class=\"size-full wp-image-1182\" src=\"https:\/\/web.morosycristianosdeaspe.es\/wp-content\/uploads\/2015\/06\/C_Lanceros_Uchel_Infantiles.jpg\" alt=\"Abanderadas infantiles: Laura Cremades Gras y Zoe Connelly Caballero\" width=\"600\" height=\"400\" srcset=\"https:\/\/web.morosycristianosdeaspe.es\/wp-content\/uploads\/2015\/06\/C_Lanceros_Uchel_Infantiles.jpg 600w, https:\/\/web.morosycristianosdeaspe.es\/wp-content\/uploads\/2015\/06\/C_Lanceros_Uchel_Infantiles-300x200.jpg 300w\" sizes=\"auto, (max-width: 600px) 100vw, 600px\" \/><figcaption id=\"caption-attachment-1182\" class=\"wp-caption-text\">Abanderadas infantiles: Laura Cremades Gras y Zoe Connelly Caballero<\/figcaption><\/figure>\n<figure id=\"attachment_1181\" aria-describedby=\"caption-attachment-1181\" style=\"width: 600px\" class=\"wp-caption aligncenter\"><img loading=\"lazy\" decoding=\"async\" class=\"size-full wp-image-1181\" src=\"https:\/\/web.morosycristianosdeaspe.es\/wp-content\/uploads\/2015\/06\/C_Lanceros_Uchel_Adultos.jpg\" alt=\"Capit\u00e1n y Abanderada: Javier L\u00f3pez S\u00e1nchez y Mar\u00eda Elena Juan Amorrich\" width=\"600\" height=\"400\" srcset=\"https:\/\/web.morosycristianosdeaspe.es\/wp-content\/uploads\/2015\/06\/C_Lanceros_Uchel_Adultos.jpg 600w, https:\/\/web.morosycristianosdeaspe.es\/wp-content\/uploads\/2015\/06\/C_Lanceros_Uchel_Adultos-300x200.jpg 300w\" sizes=\"auto, (max-width: 600px) 100vw, 600px\" \/><figcaption id=\"caption-attachment-1181\" class=\"wp-caption-text\">Capit\u00e1n y Abanderada: Javier L\u00f3pez S\u00e1nchez y Mar\u00eda Elena Juan Amorrich<\/figcaption><\/figure>\n<figure id=\"attachment_167\" aria-describedby=\"caption-attachment-167\" style=\"width: 71px\" class=\"wp-caption aligncenter\"><img loading=\"lazy\" decoding=\"async\" class=\"size-full wp-image-167\" src=\"https:\/\/web.morosycristianosdeaspe.es\/wp-content\/uploads\/2013\/05\/Maqueda_w.png\" alt=\"Cristianos Duque de Maqueda\" width=\"71\" height=\"100\" \/><figcaption id=\"caption-attachment-167\" class=\"wp-caption-text\">Cristianos Duque de Maqueda<\/figcaption><\/figure>\n<figure id=\"attachment_1178\" aria-describedby=\"caption-attachment-1178\" style=\"width: 600px\" class=\"wp-caption aligncenter\"><img loading=\"lazy\" decoding=\"async\" class=\"size-full wp-image-1178\" src=\"https:\/\/web.morosycristianosdeaspe.es\/wp-content\/uploads\/2015\/06\/C_Duque_Maqueda_Infantiles.jpg\" alt=\"Capit\u00e1n y Abanderada Infantiles: Iv\u00e1n Pujalte Calder\u00f3n y Claudia Pujalte Calder\u00f3n \" width=\"600\" height=\"400\" srcset=\"https:\/\/web.morosycristianosdeaspe.es\/wp-content\/uploads\/2015\/06\/C_Duque_Maqueda_Infantiles.jpg 600w, https:\/\/web.morosycristianosdeaspe.es\/wp-content\/uploads\/2015\/06\/C_Duque_Maqueda_Infantiles-300x200.jpg 300w\" sizes=\"auto, (max-width: 600px) 100vw, 600px\" \/><figcaption id=\"caption-attachment-1178\" class=\"wp-caption-text\">Capit\u00e1n y Abanderada Infantiles: Iv\u00e1n Pujalte Calder\u00f3n y Claudia Pujalte Calder\u00f3n<\/figcaption><\/figure>\n<figure id=\"attachment_1177\" aria-describedby=\"caption-attachment-1177\" style=\"width: 600px\" class=\"wp-caption aligncenter\"><img loading=\"lazy\" decoding=\"async\" class=\"size-full wp-image-1177\" src=\"https:\/\/web.morosycristianosdeaspe.es\/wp-content\/uploads\/2015\/06\/C_Duque_Maqueda_Adultos.jpg\" alt=\"Capit\u00e1n y Abanderada: Rub\u00e9n S\u00e1nchez Carmona y Elena Catalayud Cerd\u00e1n\" width=\"600\" height=\"400\" srcset=\"https:\/\/web.morosycristianosdeaspe.es\/wp-content\/uploads\/2015\/06\/C_Duque_Maqueda_Adultos.jpg 600w, https:\/\/web.morosycristianosdeaspe.es\/wp-content\/uploads\/2015\/06\/C_Duque_Maqueda_Adultos-300x200.jpg 300w\" sizes=\"auto, (max-width: 600px) 100vw, 600px\" \/><figcaption id=\"caption-attachment-1177\" class=\"wp-caption-text\">Capit\u00e1n y Abanderada: Rub\u00e9n S\u00e1nchez Carmona y Elena Catalayud Cerd\u00e1n<\/figcaption><\/figure>\n","protected":false},"excerpt":{"rendered":"","protected":false},"author":1,"featured_media":0,"parent":1174,"menu_order":30,"comment_status":"closed","ping_status":"closed","template":"onecolumn-page.php","meta":{"footnotes":""},"class_list":["post-1199","page","type-page","status-publish","hentry"],"_links":{"self":[{"href":"https:\/\/web.morosycristianosdeaspe.es\/index.php?rest_route=\/wp\/v2\/pages\/1199","targetHints":{"allow":["GET"]}}],"collection":[{"href":"https:\/\/web.morosycristianosdeaspe.es\/index.php?rest_route=\/wp\/v2\/pages"}],"about":[{"href":"https:\/\/web.morosycristianosdeaspe.es\/index.php?rest_route=\/wp\/v2\/types\/page"}],"author":[{"embeddable":true,"href":"https:\/\/web.morosycristianosdeaspe.es\/index.php?rest_route=\/wp\/v2\/users\/1"}],"replies":[{"embeddable":true,"href":"https:\/\/web.morosycristianosdeaspe.es\/index.php?rest_route=%2Fwp%2Fv2%2Fcomments&post=1199"}],"version-history":[{"count":1,"href":"https:\/\/web.morosycristianosdeaspe.es\/index.php?rest_route=\/wp\/v2\/pages\/1199\/revisions"}],"predecessor-version":[{"id":1200,"href":"https:\/\/web.morosycristianosdeaspe.es\/index.php?rest_route=\/wp\/v2\/pages\/1199\/revisions\/1200"}],"up":[{"embeddable":true,"href":"https:\/\/web.morosycristianosdeaspe.es\/index.php?rest_route=\/wp\/v2\/pages\/1174"}],"wp:attachment":[{"href":"https:\/\/web.morosycristianosdeaspe.es\/index.php?rest_route=%2Fwp%2Fv2%2Fmedia&parent=1199"}],"curies":[{"name":"wp","href":"https:\/\/api.w.org\/{rel}","templated":true}]}}