{"id":1252,"date":"2015-07-17T13:57:18","date_gmt":"2015-07-17T12:57:18","guid":{"rendered":"http:\/\/web.morosycristianosdeaspe.es\/?page_id=1252"},"modified":"2015-08-03T18:28:06","modified_gmt":"2015-08-03T17:28:06","slug":"orden-de-desfile-entrada-mora-dia-8-de-agosto-2015","status":"publish","type":"page","link":"https:\/\/web.morosycristianosdeaspe.es\/?page_id=1252","title":{"rendered":"Orden de desfile &#8211; Entrada Mora &#8211; D\u00eda 8 de Agosto 2015"},"content":{"rendered":"<h1>Bando Cristiano<\/h1>\n<p><img loading=\"lazy\" decoding=\"async\" class=\"aligncenter wp-image-165 size-full\" src=\"https:\/\/web.morosycristianosdeaspe.es\/wp-content\/uploads\/2013\/05\/estudiantes_w.png\" alt=\"Cristianos Estudiantes\" width=\"105\" height=\"100\" \/><\/p>\n<h2>Comparsa Cristianos Estudiantes (Reinado).<\/h2>\n<ul>\n<li><em>Capitan\u00eda<\/em><\/li>\n<li><em>Catedr\u00e1ticos (cabo: Esperanza Cerd\u00e1n)<br \/>\n<\/em><\/li>\n<li><em>Carioca (cabo: Nieves Ferr\u00e1ndez)<br \/>\n<\/em><\/li>\n<li><em><span style=\"color: #993300;\">Banda de M\u00fasica Alicantina<\/span> <\/em><\/li>\n<li><em>Al Comp\u00e1s (cabo: Nieves Esquembre)<br \/>\n<\/em><\/li>\n<li><em>Chiribamba (cabo: Jos\u00e9 Manuel Mateo)<br \/>\n<\/em><\/li>\n<li><em>Chiripa (cabo: Pepe Poveda)<br \/>\n<\/em><\/li>\n<li><em>El Tintero (cabo: Antonio Pastor)<br \/>\n<\/em><\/li>\n<li><em><span style=\"color: #993300;\">Banda de M\u00fasica La Romana<\/span> <\/em><\/li>\n<li><em>El Pincel (fil\u00e1 infantil)<br \/>\n<\/em><\/li>\n<li><em>Carroza Infantil <\/em><\/li>\n<li><em>Colifata (cabo: \u00c1ngel Ant\u00f3n)<br \/>\n<\/em><\/li>\n<li><em>Tinta China (cabo: Fran Cremades)<br \/>\n<\/em><\/li>\n<li><em><span style=\"color: #993300;\">Banda de M\u00fasica Los Flamencos<\/span> <\/em><\/li>\n<li><em>La Chasca (cabo: Alfonso G\u00f3mez)<br \/>\n<\/em><\/li>\n<li><em>Carroza Reinado<\/em><\/li>\n<\/ul>\n<p><img loading=\"lazy\" decoding=\"async\" class=\"aligncenter wp-image-164 size-full\" src=\"https:\/\/web.morosycristianosdeaspe.es\/wp-content\/uploads\/2013\/05\/contrabandistas_w-e1369983513546.png\" alt=\"Cristianos Contrabandistas de la Sierra Negra\" width=\"72\" height=\"100\" \/><\/p>\n<h2>Comparsa Cristianos Contrabandistas de la Sierra Negra.<\/h2>\n<ul>\n<li><em>Capitan\u00eda<\/em><\/li>\n<li><em>Almonte\u00f1as de la Sierra Negra (cabo: Letycia Navarrete Cutillas)<br \/>\n<\/em><\/li>\n<li><em>Los Patillas (cabo: Samuel Gallego Cerd\u00e1n)<br \/>\n<\/em><\/li>\n<li><em><span style=\"color: #993300;\">Banda de M\u00fasica Sociedad Musical y Cultural Virgen de las Nieves 1<\/span><\/em><\/li>\n<li><em>Las Vivillas (cabo: Nieves M\u00aa Botella \u00c1lvarez)<br \/>\n<\/em><\/li>\n<li><em>Peinetas y Arcabuces (fil\u00e1 infantil)<br \/>\n<\/em><\/li>\n<li><em>Las Soberanas (cabo: Encarnaci\u00f3n S\u00e1nchez Botella)<br \/>\n<\/em><\/li>\n<li><em>Piel Canela (cabo: Natalia Molina \u00c1lvarez)<br \/>\n<\/em><\/li>\n<li><em><span style=\"color: #993300;\">Banda de M\u00fasica Sociedad Musical y Cultural Virgen de las Nieves 2<\/span><\/em><\/li>\n<li><em>Luis Candelas (cabo: Antonio Vte. Botella \u00c1lvarez)<br \/>\n<\/em><\/li>\n<li><em>Eugenia de Montijo (cabo: Irene Mula Segu\u00ed)<br \/>\n<\/em><\/li>\n<li><em>El Tempranillo (cabo: Antonio Cerd\u00e1n Pastor)<br \/>\n<\/em><\/li>\n<li><em><span style=\"color: #993300;\">Banda de M\u00fasica Sonex de Sax<\/span><\/em><\/li>\n<li><em>La Dama Blanca (cabo: Mar\u00eda Verd\u00fa Hern\u00e1ndez)<br \/>\n<\/em><\/li>\n<li><em>La Rosa Negra (cabo: Patricia Villalobos Muries)<br \/>\n<\/em><\/li>\n<\/ul>\n<p><img loading=\"lazy\" decoding=\"async\" class=\"aligncenter wp-image-166 size-full\" src=\"https:\/\/web.morosycristianosdeaspe.es\/wp-content\/uploads\/2013\/05\/Lanceros_w.png\" alt=\"Lanceros de Uchel\" width=\"84\" height=\"100\" \/><\/p>\n<h2>Comparsa Cristianos Lanceros de Uchel.<\/h2>\n<ul>\n<li><em>Bander\u00edn<\/em><\/li>\n<li><em>Capitan\u00eda<\/em><\/li>\n<li><em>Sardinas (cabo: Miguel \u00c1ngel Mart\u00ednez)<br \/>\n<\/em><\/li>\n<li><em>Valkirias (cabo: Iris Ant\u00f3n)<br \/>\n<\/em><\/li>\n<li><em><span style=\"color: #993300;\">Banda de M\u00fasica Planeta Azul<\/span><\/em><\/li>\n<li><em>LasQ+ (cabo: Juani Abell\u00e1n)<br \/>\n<\/em><\/li>\n<li><em>Tizonas (cabo: Nieves Mar\u00eda Moreno)<br \/>\n<\/em><\/li>\n<li><em>Trapulla (fil\u00e1 infantil)<br \/>\n<\/em><\/li>\n<li><em>Batall\u00f3n (cabo: Jos\u00e9 Vicente Benavente)<br \/>\n<\/em><\/li>\n<li><em><span style=\"color: #993300;\">Colla Apasarlobien.pom<\/span><\/em><\/li>\n<li><em>Heraldas (cabo: Andrea Calder\u00f3n)<br \/>\n<\/em><\/li>\n<li><em>Guerreras (cabo: sin facilitar por la comparsa)<br \/>\n<\/em><\/li>\n<\/ul>\n<p><img loading=\"lazy\" decoding=\"async\" class=\"aligncenter wp-image-167 size-full\" src=\"https:\/\/web.morosycristianosdeaspe.es\/wp-content\/uploads\/2013\/05\/Maqueda_w.png\" alt=\"Cristianos Duque de Maqueda\" width=\"71\" height=\"100\" \/><\/p>\n<h2>Comparsa Cristianos Duque de Maqueda.<\/h2>\n<ul>\n<li><em>Bander\u00edn<\/em><\/li>\n<li><em>Chambis Locos<\/em><\/li>\n<li><em>Damas de Aquitania<\/em><\/li>\n<li><em><span style=\"color: #993300;\">Banda de M\u00fasica Notas de Petrer<\/span><\/em><\/li>\n<li><em>Viejas Glorias<\/em><\/li>\n<li><em>Aspericas de Maqueda<\/em><\/li>\n<li><em>Ni\u00f1os Maqueda<\/em><\/li>\n<li><em>Pegotes<\/em><\/li>\n<li><em>Betr\u00e1n de Vilanova<\/em><\/li>\n<li><em><span style=\"color: #993300;\">Banda de M\u00fasica Virgen de las Nieves<\/span><\/em><\/li>\n<li><em>Apa\u00f1\u00e1s<\/em><\/li>\n<li><em>Carroza Capitan\u00eda<\/em><\/li>\n<\/ul>\n<p>&nbsp;<\/p>\n<h1>Bando Moro.<\/h1>\n<p><img loading=\"lazy\" decoding=\"async\" class=\"aligncenter wp-image-159 size-full\" src=\"https:\/\/web.morosycristianosdeaspe.es\/wp-content\/uploads\/2013\/05\/Alcana_w.png\" alt=\"Moros Alcan\u00e1\" width=\"64\" height=\"100\" \/><\/p>\n<h2>Comparsa Moros Alcan\u00e1.<\/h2>\n<ul>\n<li><em>Capitan\u00eda<\/em><\/li>\n<li><em>Infantil<\/em><\/li>\n<li><em>Al-icante (cabo: Antonio Jos\u00e9 Cant\u00f3 Tortosa)<br \/>\n<\/em><\/li>\n<li><em>Al-ikataos (cabo: Antonio R\u00f3denas S\u00e1nchez)<br \/>\n<\/em><\/li>\n<li><em><span style=\"color: #993300;\">Agrupaci\u00f3n Musical Aitana<\/span><\/em><\/li>\n<li><em>Al-Palique (cabo: Juan Jos\u00e9 Garc\u00eda Mira)<br \/>\n<\/em><\/li>\n<\/ul>\n<p><img loading=\"lazy\" decoding=\"async\" class=\"aligncenter wp-image-160 size-full\" src=\"https:\/\/web.morosycristianosdeaspe.es\/wp-content\/uploads\/2013\/05\/Aljau_w.png\" alt=\"Moros Aljau\" width=\"105\" height=\"100\" \/><\/p>\n<h2>Comparsa Moros Aljau.<\/h2>\n<ul>\n<li><em>Ayshide (cabo: M\u00aa Dolores Candela Alenda)<br \/>\n<\/em><\/li>\n<li><em>Al-Sahira (cabo: Sheila Molina Candela)<br \/>\n<\/em><\/li>\n<li><em><span style=\"color: #993300;\">Banda de M\u00fasica Amigos de Albatera<\/span><\/em><\/li>\n<li><em>Abencerrajes (cabo: Francisco I. Vives Tenza)<br \/>\n<\/em><\/li>\n<li><em>Bassim (fil\u00e1 infantil. cabo: Alba Hern\u00e1ndez Sevilla)<br \/>\n<\/em><\/li>\n<li><em>Carroza Infantil<\/em><\/li>\n<li><em>Tuareg (cabo: Nicanor Cano Rodr\u00edguez)<br \/>\n<\/em><\/li>\n<li><em>Saharis Musulmanas (cabo: Victoria Cort\u00e9s Escolano)<br \/>\n<\/em><\/li>\n<li><em><span style=\"color: #993300;\">Banda de M\u00fasica Los Trotam\u00fasicos<br \/>\n<\/span><\/em><\/li>\n<li><em>Mujahid (cabo: Francisco J. Pujalte)<br \/>\n<\/em><\/li>\n<li><em>Carroza Capitan\u00eda<\/em><\/li>\n<\/ul>\n<p><img loading=\"lazy\" decoding=\"async\" class=\"aligncenter wp-image-161 size-full\" src=\"https:\/\/web.morosycristianosdeaspe.es\/wp-content\/uploads\/2013\/05\/Fauquies_w.png\" alt=\"Moros Fauqu\u00edes\" width=\"99\" height=\"100\" \/><\/p>\n<h2>Comparsa Moros Fauqu\u00edes.<\/h2>\n<ul>\n<li><em>Capitan\u00eda<\/em><\/li>\n<li><em>Samburu (fil\u00e1 infantil)<br \/>\n<\/em><\/li>\n<li><em>La Pepa (cabo: Sergio Puerto)<br \/>\n<\/em><\/li>\n<li><em>Morancas (cabo: Roc\u00edo Albeza)<br \/>\n<\/em><\/li>\n<li><em>Guerreras (cabo: Mar\u00eda Guisot)<br \/>\n<\/em><\/li>\n<li><em><span style=\"color: #993300;\">Banda de M\u00fasica Ateneo Musical \u201cMaestro Gilabert\u201d de Aspe<\/span><\/em><\/li>\n<li><em>Emblem\u00e1ticos (cabo: Pepe Albeza)<br \/>\n<\/em><\/li>\n<li><em>Luis Canales (cabo: Rafael And\u00fajar)<br \/>\n<\/em><\/li>\n<\/ul>\n<p><img loading=\"lazy\" decoding=\"async\" class=\"aligncenter wp-image-162 size-full\" src=\"https:\/\/web.morosycristianosdeaspe.es\/wp-content\/uploads\/2013\/05\/Sulayman_w.png\" alt=\"Moros Sulaym\u00e1n\" width=\"89\" height=\"100\" \/><\/p>\n<h2>Comparsa Moros Sulaym\u00e1n (Sultanato).<\/h2>\n<ul>\n<li><em>Apertura<\/em><\/li>\n<li><em>Fil\u00e1 infantil<\/em><\/li>\n<li><em>Plataforma Ni\u00f1os<\/em><\/li>\n<li><em>Reinas Moras Shiuranas<\/em><\/li>\n<li><em><span style=\"color: #993300;\">Banda de M\u00fasica Planeta Azul 1 de Aspe<br \/>\n<\/span><\/em><\/li>\n<li><em><span style=\"color: #339966;\">Fil\u00e1 invitada<\/span><\/em><\/li>\n<li><em><span style=\"color: #339966;\">Boato Capit\u00e1n y Abanderada<\/span><\/em><\/li>\n<li><em>Carroza Capitan\u00eda<\/em><\/li>\n<li><em>Malika&#8217;s<\/em><\/li>\n<li><em><span style=\"color: #993300;\">Banda de M\u00fasica Planeta Azul 2 de Aspe<br \/>\n<\/span><\/em><\/li>\n<li><em>Viejos de la Almoaha<\/em><\/li>\n<li><em><span style=\"color: #339966;\">Boato Sultanato<\/span><\/em><\/li>\n<li><em>Carroza Sultanes<\/em><\/li>\n<\/ul>\n","protected":false},"excerpt":{"rendered":"<p>Bando Cristiano Comparsa Cristianos Estudiantes (Reinado). Capitan\u00eda Catedr\u00e1ticos (cabo: Esperanza Cerd\u00e1n) Carioca (cabo: Nieves Ferr\u00e1ndez) Banda de M\u00fasica Alicantina Al Comp\u00e1s (cabo: Nieves Esquembre) Chiribamba (cabo: Jos\u00e9 Manuel Mateo) Chiripa (cabo: Pepe Poveda) El Tintero (cabo: Antonio Pastor) Banda de M\u00fasica La Romana El Pincel (fil\u00e1 infantil) Carroza Infantil Colifata (cabo: \u00c1ngel Ant\u00f3n) Tinta China [&hellip;]<\/p>\n","protected":false},"author":1,"featured_media":0,"parent":1244,"menu_order":0,"comment_status":"closed","ping_status":"closed","template":"onecolumn-page.php","meta":{"footnotes":""},"class_list":["post-1252","page","type-page","status-publish","hentry"],"_links":{"self":[{"href":"https:\/\/web.morosycristianosdeaspe.es\/index.php?rest_route=\/wp\/v2\/pages\/1252","targetHints":{"allow":["GET"]}}],"collection":[{"href":"https:\/\/web.morosycristianosdeaspe.es\/index.php?rest_route=\/wp\/v2\/pages"}],"about":[{"href":"https:\/\/web.morosycristianosdeaspe.es\/index.php?rest_route=\/wp\/v2\/types\/page"}],"author":[{"embeddable":true,"href":"https:\/\/web.morosycristianosdeaspe.es\/index.php?rest_route=\/wp\/v2\/users\/1"}],"replies":[{"embeddable":true,"href":"https:\/\/web.morosycristianosdeaspe.es\/index.php?rest_route=%2Fwp%2Fv2%2Fcomments&post=1252"}],"version-history":[{"count":4,"href":"https:\/\/web.morosycristianosdeaspe.es\/index.php?rest_route=\/wp\/v2\/pages\/1252\/revisions"}],"predecessor-version":[{"id":1279,"href":"https:\/\/web.morosycristianosdeaspe.es\/index.php?rest_route=\/wp\/v2\/pages\/1252\/revisions\/1279"}],"up":[{"embeddable":true,"href":"https:\/\/web.morosycristianosdeaspe.es\/index.php?rest_route=\/wp\/v2\/pages\/1244"}],"wp:attachment":[{"href":"https:\/\/web.morosycristianosdeaspe.es\/index.php?rest_route=%2Fwp%2Fv2%2Fmedia&parent=1252"}],"curies":[{"name":"wp","href":"https:\/\/api.w.org\/{rel}","templated":true}]}}