{"id":1319,"date":"2016-01-31T20:22:52","date_gmt":"2016-01-31T19:22:52","guid":{"rendered":"http:\/\/web.morosycristianosdeaspe.es\/?page_id=1319"},"modified":"2021-11-14T23:33:54","modified_gmt":"2021-11-14T22:33:54","slug":"documentacion-general","status":"publish","type":"page","link":"https:\/\/web.morosycristianosdeaspe.es\/?page_id=1319","title":{"rendered":"Documentaci\u00f3n General"},"content":{"rendered":"<h1>Normas Internas:<\/h1>\n<p><a href=\"http:\/\/www.morosycristianosdeaspe.es\/DocGral\/Estatutos_2010.pdf\" target=\"_blank\" rel=\"noopener\">Estatutos de la Uni\u00f3n<\/a><\/p>\n<p><a href=\"https:\/\/web.morosycristianosdeaspe.es\/wp-content\/uploads\/2021\/11\/REGLAMENTO_INTERNO_2010-1.pdf\" target=\"_blank\" rel=\"noopener\">Reglamento de R\u00e9gimen Interno de la Uni\u00f3n<\/a><\/p>\n<h1>Documentaci\u00f3n Cultural<\/h1>\n<p><a href=\"http:\/\/www.morosycristianosdeaspe.es\/DocGral\/HIMNO_UNION_INSTRUMENTAL_Y_LETRA.zip\">Partituras del Himno (M\u00fasica: Daniel Abad; Letra: Juan Su\u00e1rez) [archivo ZIP]<\/a><\/p>\n<p><a href=\"https:\/\/web.morosycristianosdeaspe.es\/wp-content\/uploads\/2016\/01\/himno.pdf\">Texto Himno de Fiestas de Moros y Cristianos de Aspe<\/a><\/p>\n<p><a title=\"Embajada Moros y Cristianos de Aspe. Autor: David Garrido Valls (2011)\" href=\"http:\/\/www.morosycristianosdeaspe.es\/DocGral\/embajada2011UMyCVNAspe.pdf\" target=\"_blank\" rel=\"noopener\">Texto Embajada 2011 (David Garrido)<\/a><\/p>\n<h1>Formularios organizativos:<\/h1>\n<p>Formulario de repertorio de piezas musicales interpretadas por las Bandas de M\u00fasica para ser declaradas a la S.G.A.E. (Deben de ser rellenadas por las bandas de m\u00fasica y remitidas a la Uni\u00f3n por parte de cada comparsa): <a href=\"https:\/\/web.morosycristianosdeaspe.es\/wp-content\/uploads\/2014\/02\/Hojas_Repertorio_SGAE.pdf\" target=\"_blank\" rel=\"noopener\">Hojas_Repertorio_SGAE<\/a><\/p>\n<p>Calendario de eventos y fechas de inter\u00e9s: <a href=\"https:\/\/web.morosycristianosdeaspe.es\/wp-content\/uploads\/2013\/05\/calendario-2014-UMyCVNAspe.pdf\" target=\"_blank\" rel=\"noopener\">calendario 2014 UMyCVNAspe<\/a><\/p>\n<p>Formulario de delegaci\u00f3n para recogida de p\u00f3lvora:\u00a0<a href=\"https:\/\/web.morosycristianosdeaspe.es\/wp-content\/uploads\/2014\/07\/autorizaci\u00f3n-p\u00f3lvora.pdf\" target=\"_blank\" rel=\"noopener\">autorizaci\u00f3n p\u00f3lvora<\/a><\/p>\n","protected":false},"excerpt":{"rendered":"<p>Normas Internas: Estatutos de la Uni\u00f3n Reglamento de R\u00e9gimen Interno de la Uni\u00f3n Documentaci\u00f3n Cultural Partituras del Himno (M\u00fasica: Daniel Abad; Letra: Juan Su\u00e1rez) [archivo ZIP] Texto Himno de Fiestas de Moros y Cristianos de Aspe Texto Embajada 2011 (David Garrido) Formularios organizativos: Formulario de repertorio de piezas musicales interpretadas por las Bandas de M\u00fasica [&hellip;]<\/p>\n","protected":false},"author":1,"featured_media":0,"parent":95,"menu_order":5,"comment_status":"closed","ping_status":"closed","template":"onecolumn-page.php","meta":{"footnotes":""},"class_list":["post-1319","page","type-page","status-publish","hentry"],"_links":{"self":[{"href":"https:\/\/web.morosycristianosdeaspe.es\/index.php?rest_route=\/wp\/v2\/pages\/1319","targetHints":{"allow":["GET"]}}],"collection":[{"href":"https:\/\/web.morosycristianosdeaspe.es\/index.php?rest_route=\/wp\/v2\/pages"}],"about":[{"href":"https:\/\/web.morosycristianosdeaspe.es\/index.php?rest_route=\/wp\/v2\/types\/page"}],"author":[{"embeddable":true,"href":"https:\/\/web.morosycristianosdeaspe.es\/index.php?rest_route=\/wp\/v2\/users\/1"}],"replies":[{"embeddable":true,"href":"https:\/\/web.morosycristianosdeaspe.es\/index.php?rest_route=%2Fwp%2Fv2%2Fcomments&post=1319"}],"version-history":[{"count":11,"href":"https:\/\/web.morosycristianosdeaspe.es\/index.php?rest_route=\/wp\/v2\/pages\/1319\/revisions"}],"predecessor-version":[{"id":2102,"href":"https:\/\/web.morosycristianosdeaspe.es\/index.php?rest_route=\/wp\/v2\/pages\/1319\/revisions\/2102"}],"up":[{"embeddable":true,"href":"https:\/\/web.morosycristianosdeaspe.es\/index.php?rest_route=\/wp\/v2\/pages\/95"}],"wp:attachment":[{"href":"https:\/\/web.morosycristianosdeaspe.es\/index.php?rest_route=%2Fwp%2Fv2%2Fmedia&parent=1319"}],"curies":[{"name":"wp","href":"https:\/\/api.w.org\/{rel}","templated":true}]}}