{"id":1463,"date":"2016-05-29T20:45:34","date_gmt":"2016-05-29T19:45:34","guid":{"rendered":"http:\/\/web.morosycristianosdeaspe.es\/?page_id=1463"},"modified":"2016-05-29T21:39:02","modified_gmt":"2016-05-29T20:39:02","slug":"cargos-festeros-2016","status":"publish","type":"page","link":"https:\/\/web.morosycristianosdeaspe.es\/?page_id=1463","title":{"rendered":"Cargos Festeros 2016"},"content":{"rendered":"<h1>Cargos Junta Central<\/h1>\n<h2>Sultanato (Moros Fauqu\u00edes)<\/h2>\n<p><img loading=\"lazy\" decoding=\"async\" class=\"aligncenter size-full wp-image-1477\" src=\"https:\/\/web.morosycristianosdeaspe.es\/wp-content\/uploads\/2016\/05\/Sultanato.jpg\" alt=\"Sultanato\" width=\"533\" height=\"800\" srcset=\"https:\/\/web.morosycristianosdeaspe.es\/wp-content\/uploads\/2016\/05\/Sultanato.jpg 533w, https:\/\/web.morosycristianosdeaspe.es\/wp-content\/uploads\/2016\/05\/Sultanato-200x300.jpg 200w\" sizes=\"auto, (max-width: 533px) 100vw, 533px\" \/><\/p>\n<p style=\"text-align: center;\">Sultana infantil: Laura S\u00e1nchez Alenda<\/p>\n<p style=\"text-align: center;\">Sultanes: Ernesto C\u00f3rcoles Escobar y Mar\u00eda C\u00f3rcoles Bernab\u00e9u<\/p>\n<h2>Reinado (Cristianos Contrabandistas de la Sierra Negra)<\/h2>\n<p><img loading=\"lazy\" decoding=\"async\" class=\"aligncenter size-large wp-image-1485\" src=\"https:\/\/web.morosycristianosdeaspe.es\/wp-content\/uploads\/2016\/05\/reinado.jpg\" alt=\"reinado\" width=\"533\" height=\"800\" srcset=\"https:\/\/web.morosycristianosdeaspe.es\/wp-content\/uploads\/2016\/05\/reinado.jpg 533w, https:\/\/web.morosycristianosdeaspe.es\/wp-content\/uploads\/2016\/05\/reinado-200x300.jpg 200w\" sizes=\"auto, (max-width: 533px) 100vw, 533px\" \/><\/p>\n<p style=\"text-align: center;\">Reyes infantiles: Pablo Mira Mira y Marta Botella S\u00e1nchez<\/p>\n<p style=\"text-align: center;\">Reyes: Antonio Vicente Botella \u00c1lvarez y Natalia Molina \u00c1lvarez<\/p>\n<h1>Bando Moro<\/h1>\n<figure id=\"attachment_161\" aria-describedby=\"caption-attachment-161\" style=\"width: 99px\" class=\"wp-caption aligncenter\"><img loading=\"lazy\" decoding=\"async\" class=\"size-full wp-image-161\" src=\"https:\/\/web.morosycristianosdeaspe.es\/wp-content\/uploads\/2013\/05\/Fauquies_w.png\" alt=\"Moros Fauqu\u00edes\" width=\"99\" height=\"100\" \/><figcaption id=\"caption-attachment-161\" class=\"wp-caption-text\">Moros Fauqu\u00edes<\/figcaption><\/figure>\n<p><img loading=\"lazy\" decoding=\"async\" class=\"aligncenter size-large wp-image-1482\" src=\"https:\/\/web.morosycristianosdeaspe.es\/wp-content\/uploads\/2016\/05\/fauquies.jpg\" alt=\"fauquies\" width=\"533\" height=\"800\" srcset=\"https:\/\/web.morosycristianosdeaspe.es\/wp-content\/uploads\/2016\/05\/fauquies.jpg 533w, https:\/\/web.morosycristianosdeaspe.es\/wp-content\/uploads\/2016\/05\/fauquies-200x300.jpg 200w\" sizes=\"auto, (max-width: 533px) 100vw, 533px\" \/><\/p>\n<p style=\"text-align: center;\">Capit\u00e1n y abanderada:\u00a0Salvador Prieto Cremades y\u00a0Nuria Aznar Llopis<\/p>\n<figure id=\"attachment_160\" aria-describedby=\"caption-attachment-160\" style=\"width: 105px\" class=\"wp-caption aligncenter\"><img loading=\"lazy\" decoding=\"async\" class=\"size-full wp-image-160\" src=\"https:\/\/web.morosycristianosdeaspe.es\/wp-content\/uploads\/2013\/05\/Aljau_w.png\" alt=\"Moros Aljau\" width=\"105\" height=\"100\" \/><figcaption id=\"caption-attachment-160\" class=\"wp-caption-text\">Moros Aljau<\/figcaption><\/figure>\n<p><img loading=\"lazy\" decoding=\"async\" class=\"aligncenter size-large wp-image-1479\" src=\"https:\/\/web.morosycristianosdeaspe.es\/wp-content\/uploads\/2016\/05\/aljau.jpg\" alt=\"aljau\" width=\"533\" height=\"800\" srcset=\"https:\/\/web.morosycristianosdeaspe.es\/wp-content\/uploads\/2016\/05\/aljau.jpg 533w, https:\/\/web.morosycristianosdeaspe.es\/wp-content\/uploads\/2016\/05\/aljau-200x300.jpg 200w\" sizes=\"auto, (max-width: 533px) 100vw, 533px\" \/><\/p>\n<p style=\"text-align: center;\">Abanderada y capit\u00e1n infantiles:\u00a0Ana Lop\u00e9z Busquiel y Erik Corrales Arroyo<\/p>\n<p style=\"text-align: center;\">Abanderada y Capit\u00e1n: Elena Arroyo Mart\u00ednez y Tom\u00e1s Corrales Mart\u00ednez<\/p>\n<figure id=\"attachment_159\" aria-describedby=\"caption-attachment-159\" style=\"width: 64px\" class=\"wp-caption aligncenter\"><img loading=\"lazy\" decoding=\"async\" class=\"size-full wp-image-159\" src=\"https:\/\/web.morosycristianosdeaspe.es\/wp-content\/uploads\/2013\/05\/Alcana_w.png\" alt=\"Moros Alcan\u00e1\" width=\"64\" height=\"100\" \/><figcaption id=\"caption-attachment-159\" class=\"wp-caption-text\">Moros Alcan\u00e1<\/figcaption><\/figure>\n<p><img loading=\"lazy\" decoding=\"async\" class=\"aligncenter size-large wp-image-1478\" src=\"https:\/\/web.morosycristianosdeaspe.es\/wp-content\/uploads\/2016\/05\/alcana.jpg\" alt=\"alcana\" width=\"533\" height=\"800\" srcset=\"https:\/\/web.morosycristianosdeaspe.es\/wp-content\/uploads\/2016\/05\/alcana.jpg 533w, https:\/\/web.morosycristianosdeaspe.es\/wp-content\/uploads\/2016\/05\/alcana-200x300.jpg 200w\" sizes=\"auto, (max-width: 533px) 100vw, 533px\" \/><\/p>\n<p style=\"text-align: center;\">Abanderadas infantiles: Alba Botella Garc\u00eda y Lola Torregrosa P\u00e9rez<\/p>\n<p style=\"text-align: center;\">Abanderada y capit\u00e1n: Alba Guisot P\u00e9rez e Iv\u00e1n D\u00edez Mira<\/p>\n<figure id=\"attachment_162\" aria-describedby=\"caption-attachment-162\" style=\"width: 89px\" class=\"wp-caption aligncenter\"><img loading=\"lazy\" decoding=\"async\" class=\"size-full wp-image-162\" src=\"https:\/\/web.morosycristianosdeaspe.es\/wp-content\/uploads\/2013\/05\/Sulayman_w.png\" alt=\"Moros Sulaym\u00e1n\" width=\"89\" height=\"100\" \/><figcaption id=\"caption-attachment-162\" class=\"wp-caption-text\">Moros Sulaym\u00e1n<\/figcaption><\/figure>\n<p><img loading=\"lazy\" decoding=\"async\" class=\"aligncenter size-full wp-image-1486\" src=\"https:\/\/web.morosycristianosdeaspe.es\/wp-content\/uploads\/2016\/05\/sulayman.jpg\" alt=\"sulayman\" width=\"533\" height=\"800\" srcset=\"https:\/\/web.morosycristianosdeaspe.es\/wp-content\/uploads\/2016\/05\/sulayman.jpg 533w, https:\/\/web.morosycristianosdeaspe.es\/wp-content\/uploads\/2016\/05\/sulayman-200x300.jpg 200w\" sizes=\"auto, (max-width: 533px) 100vw, 533px\" \/><\/p>\n<p style=\"text-align: center;\">Abanderada y Capit\u00e1n: Roc\u00edo Tenza Igual y Jos\u00e9 Ram\u00f3n Rocamora Rocamora<\/p>\n<h1>Bando Cristiano<\/h1>\n<figure id=\"attachment_164\" aria-describedby=\"caption-attachment-164\" style=\"width: 72px\" class=\"wp-caption aligncenter\"><img loading=\"lazy\" decoding=\"async\" class=\"size-full wp-image-164\" src=\"https:\/\/web.morosycristianosdeaspe.es\/wp-content\/uploads\/2013\/05\/contrabandistas_w-e1369983513546.png\" alt=\"Cristianos Contrabandistas de la Sierra Negra\" width=\"72\" height=\"100\" \/><figcaption id=\"caption-attachment-164\" class=\"wp-caption-text\">Cristianos Contrabandistas<br \/>de la Sierra Negra<\/figcaption><\/figure>\n<h1><img loading=\"lazy\" decoding=\"async\" class=\"aligncenter size-large wp-image-1480\" src=\"https:\/\/web.morosycristianosdeaspe.es\/wp-content\/uploads\/2016\/05\/contrabandistas.jpg\" alt=\"contrabandistas\" width=\"533\" height=\"800\" srcset=\"https:\/\/web.morosycristianosdeaspe.es\/wp-content\/uploads\/2016\/05\/contrabandistas.jpg 533w, https:\/\/web.morosycristianosdeaspe.es\/wp-content\/uploads\/2016\/05\/contrabandistas-200x300.jpg 200w\" sizes=\"auto, (max-width: 533px) 100vw, 533px\" \/><\/h1>\n<p style=\"text-align: center;\">Abanderada y Capit\u00e1n infantiles:\u00a0Natalia Hern\u00e1ndez Botella y Hugo Zafrilla Mart\u00ednez<\/p>\n<p style=\"text-align: center;\">Abanderada y Capit\u00e1n: Nieves Mar\u00eda Botella \u00c1lvarez y Jos\u00e9 Santonja Berenguer<\/p>\n<figure id=\"attachment_166\" aria-describedby=\"caption-attachment-166\" style=\"width: 84px\" class=\"wp-caption aligncenter\"><img loading=\"lazy\" decoding=\"async\" class=\"size-full wp-image-166\" src=\"https:\/\/web.morosycristianosdeaspe.es\/wp-content\/uploads\/2013\/05\/Lanceros_w.png\" alt=\"Lanceros de Uchel\" width=\"84\" height=\"100\" \/><figcaption id=\"caption-attachment-166\" class=\"wp-caption-text\">Lanceros de Uchel<\/figcaption><\/figure>\n<p><img loading=\"lazy\" decoding=\"async\" class=\"aligncenter size-full wp-image-1483\" src=\"https:\/\/web.morosycristianosdeaspe.es\/wp-content\/uploads\/2016\/05\/Lanceros.jpg\" alt=\"Lanceros\" width=\"533\" height=\"800\" srcset=\"https:\/\/web.morosycristianosdeaspe.es\/wp-content\/uploads\/2016\/05\/Lanceros.jpg 533w, https:\/\/web.morosycristianosdeaspe.es\/wp-content\/uploads\/2016\/05\/Lanceros-200x300.jpg 200w\" sizes=\"auto, (max-width: 533px) 100vw, 533px\" \/><\/p>\n<p style=\"text-align: center;\">Abanderadas infantiles:\u00a0Carla Calero P\u00e9rez y Claudia P\u00e9rez Almod\u00f3var<\/p>\n<p style=\"text-align: center;\">Abanderada y Capit\u00e1n: Ana Gras L\u00f3pez y Isaac Chavaloy Alcolea<\/p>\n<figure id=\"attachment_167\" aria-describedby=\"caption-attachment-167\" style=\"width: 71px\" class=\"wp-caption aligncenter\"><img loading=\"lazy\" decoding=\"async\" class=\"size-full wp-image-167\" src=\"https:\/\/web.morosycristianosdeaspe.es\/wp-content\/uploads\/2013\/05\/Maqueda_w.png\" alt=\"Cristianos Duque de Maqueda\" width=\"71\" height=\"100\" \/><figcaption id=\"caption-attachment-167\" class=\"wp-caption-text\">Cristianos Duque de Maqueda<\/figcaption><\/figure>\n<p style=\"text-align: center;\"><img loading=\"lazy\" decoding=\"async\" class=\"aligncenter size-large wp-image-1484\" src=\"https:\/\/web.morosycristianosdeaspe.es\/wp-content\/uploads\/2016\/05\/Maqueda.jpg\" alt=\"Maqueda\" width=\"533\" height=\"800\" srcset=\"https:\/\/web.morosycristianosdeaspe.es\/wp-content\/uploads\/2016\/05\/Maqueda.jpg 533w, https:\/\/web.morosycristianosdeaspe.es\/wp-content\/uploads\/2016\/05\/Maqueda-200x300.jpg 200w\" sizes=\"auto, (max-width: 533px) 100vw, 533px\" \/> Abanderadas y Capit\u00e1n infantiles:\u00a0Andrea Cremades Guerrero, Marta D\u00edez Soria y Luis Miguel Hern\u00e1ndez Garc\u00eda<\/p>\n<p style=\"text-align: center;\">Abanderada y Capit\u00e1n: Gloria Garc\u00eda Mira y Sergio D\u00edez Prieto<\/p>\n<figure id=\"attachment_165\" aria-describedby=\"caption-attachment-165\" style=\"width: 105px\" class=\"wp-caption aligncenter\"><img loading=\"lazy\" decoding=\"async\" class=\"size-full wp-image-165\" src=\"https:\/\/web.morosycristianosdeaspe.es\/wp-content\/uploads\/2013\/05\/estudiantes_w.png\" alt=\"Cristianos Estudiantes\" width=\"105\" height=\"100\" \/><figcaption id=\"caption-attachment-165\" class=\"wp-caption-text\">Cristianos Estudiantes<\/figcaption><\/figure>\n<p><img loading=\"lazy\" decoding=\"async\" class=\"aligncenter size-full wp-image-1481\" src=\"https:\/\/web.morosycristianosdeaspe.es\/wp-content\/uploads\/2016\/05\/estudiantes.jpg\" alt=\"estudiantes\" width=\"700\" height=\"467\" srcset=\"https:\/\/web.morosycristianosdeaspe.es\/wp-content\/uploads\/2016\/05\/estudiantes.jpg 700w, https:\/\/web.morosycristianosdeaspe.es\/wp-content\/uploads\/2016\/05\/estudiantes-300x200.jpg 300w\" sizes=\"auto, (max-width: 700px) 100vw, 700px\" \/><\/p>\n<p style=\"text-align: center;\">Abanderada y Capit\u00e1n infantiles:\u00a0Carlota Bandera Vicedo y Aitor de la Fuente L\u00f3pez<\/p>\n<p style=\"text-align: center;\">Abanderada y Capit\u00e1n: Roc\u00edo Panea Pastor y Ernesto Pujalte Cervera<\/p>\n","protected":false},"excerpt":{"rendered":"<p>Cargos Junta Central Sultanato (Moros Fauqu\u00edes) Sultana infantil: Laura S\u00e1nchez Alenda Sultanes: Ernesto C\u00f3rcoles Escobar y Mar\u00eda C\u00f3rcoles Bernab\u00e9u Reinado (Cristianos Contrabandistas de la Sierra Negra) Reyes infantiles: Pablo Mira Mira y Marta Botella S\u00e1nchez Reyes: Antonio Vicente Botella \u00c1lvarez y Natalia Molina \u00c1lvarez Bando Moro Capit\u00e1n y abanderada:\u00a0Salvador Prieto Cremades y\u00a0Nuria Aznar Llopis Abanderada [&hellip;]<\/p>\n","protected":false},"author":1,"featured_media":0,"parent":817,"menu_order":20,"comment_status":"closed","ping_status":"closed","template":"onecolumn-page.php","meta":{"footnotes":""},"class_list":["post-1463","page","type-page","status-publish","hentry"],"_links":{"self":[{"href":"https:\/\/web.morosycristianosdeaspe.es\/index.php?rest_route=\/wp\/v2\/pages\/1463","targetHints":{"allow":["GET"]}}],"collection":[{"href":"https:\/\/web.morosycristianosdeaspe.es\/index.php?rest_route=\/wp\/v2\/pages"}],"about":[{"href":"https:\/\/web.morosycristianosdeaspe.es\/index.php?rest_route=\/wp\/v2\/types\/page"}],"author":[{"embeddable":true,"href":"https:\/\/web.morosycristianosdeaspe.es\/index.php?rest_route=\/wp\/v2\/users\/1"}],"replies":[{"embeddable":true,"href":"https:\/\/web.morosycristianosdeaspe.es\/index.php?rest_route=%2Fwp%2Fv2%2Fcomments&post=1463"}],"version-history":[{"count":7,"href":"https:\/\/web.morosycristianosdeaspe.es\/index.php?rest_route=\/wp\/v2\/pages\/1463\/revisions"}],"predecessor-version":[{"id":1465,"href":"https:\/\/web.morosycristianosdeaspe.es\/index.php?rest_route=\/wp\/v2\/pages\/1463\/revisions\/1465"}],"up":[{"embeddable":true,"href":"https:\/\/web.morosycristianosdeaspe.es\/index.php?rest_route=\/wp\/v2\/pages\/817"}],"wp:attachment":[{"href":"https:\/\/web.morosycristianosdeaspe.es\/index.php?rest_route=%2Fwp%2Fv2%2Fmedia&parent=1463"}],"curies":[{"name":"wp","href":"https:\/\/api.w.org\/{rel}","templated":true}]}}