{"id":1496,"date":"2016-07-15T21:07:26","date_gmt":"2016-07-15T20:07:26","guid":{"rendered":"http:\/\/web.morosycristianosdeaspe.es\/?page_id=1496"},"modified":"2017-02-16T10:30:26","modified_gmt":"2017-02-16T09:30:26","slug":"cronica-2016","status":"publish","type":"page","link":"https:\/\/web.morosycristianosdeaspe.es\/?page_id=1496","title":{"rendered":"Cr\u00f3nica 2016"},"content":{"rendered":"<p style=\"text-align: right;\"><span style=\"color: #800000;\"><strong>Carlos Aznar Pav\u00eda<\/strong><\/span><\/p>\n<p style=\"text-align: right;\"><em><span style=\"font-weight: 400;\">Cronista Oficial de Fiestas<\/span><\/em><\/p>\n<h2 style=\"text-align: center;\"><span style=\"color: #800000;\"><strong>&#x1f538;CR\u00d3NICA DE FIESTAS DE MOROS Y CRISTIANOS QUE ASPE CELEBRA EN HONOR A LA VIRGEN DE LAS NIEVES &#8211; A\u00d1O 2016&nbsp;&#x1f538;<\/strong><\/span><\/h2>\n<p style=\"text-align: left;\">Hay a\u00f1os que las fiestas de Moros y Cristianos de identifican por alg\u00fan hecho importante ocurrido en ellas, por ejemplo: 1980 estreno de la primera embajada, 2011 a\u00f1o de la nueva embajada, 2013 las fiestas son declaradas de Inter\u00e9s Tur\u00edstico Provincial. El a\u00f1o <span style=\"color: #000000;\"><strong>2016 siempre se recordar\u00e1 como en el que la Uni\u00f3n se tom\u00f3 en serio la Embajada infantil<\/strong><\/span> y aunque ya hubo otra en el a\u00f1o 2006 no tuvo continuidad, \u00e9sta esperemos que s\u00ed la tenga, pues se ha demostrado que los ni\u00f1os y los j\u00f3venes entran fuertes y con ganas en nuestras Fiestas de Moros y Cristianos.&nbsp;<\/p>\n<h3 style=\"text-align: center;\"><span style=\"color: #800000;\"><strong>&#x1f539;&nbsp;<span style=\"color: #ff6600;\">S\u00c1BADO 28 DE MAYO DE 2016<\/span>&nbsp;&#x1f539;<\/strong><\/span><\/h3>\n<hr>\n<p><span style=\"font-weight: 400;\">Como ya viene siendo tradici\u00f3n el Teatro Wagner abri\u00f3 sus puertas, para acoger lo actos que la Uni\u00f3n de Moros y Cristianos celebra en primavera, adelant\u00e1ndose as\u00ed a las comparsas que abren sus puertas &nbsp;a primeros del mes de junio, para celebrar sus fiestas de presentaci\u00f3n. El acto se tuvo que adelantar a las 19: h. por el encuentro de f\u00fatbol, Final de la Copa de Europa entre dos equipos espa\u00f1oles, Real Madrid y Atl\u00e9tico de Madrid.<\/span><\/p>\n<p><span style=\"font-weight: 400;\">El <strong>acto dividido en tres bloques<\/strong> comenz\u00f3 con el <strong>concurso de carteles<\/strong>, \u00e9stos fueron 12 los presentados &nbsp;y estaban expuestos en el hall del teatro desde el d\u00eda anterior. El jurado estuvo compuesto por: \u00c1lvaro Calero, Jos\u00e9 Coves, Juan Carlos Ruiz y La Concejala de Cultura Miriam Molina. Una voz en off present\u00f3 y dirigi\u00f3 el acto y en una gran pantalla colocada en el centro del escenario, se proyectaron im\u00e1genes alusivas al desarrollo del mismo, la concejala de cultura y el secretario de la Uni\u00f3n Fran Cremades, fueron presentando las 12 obras que iban apareciendo en la pantalla, resultando las ganadoras (Miradas Opuestas) de Nieves Aranda Br\u00fa y Moncho Sampascual, como Acc\u00e9sit y el Primer Premio fue para el cartel con el titulo (Son Festa) de Juan Diego Ingelmo Benavente. <\/span><\/p>\n<p><span style=\"font-weight: 400;\">El alcalde de Aspe, <strong>Antonio Puerto Garc\u00eda<\/strong> y el presidente de la Uni\u00f3n de Moros y Cristianos <strong>Francisco Isidoro Vives Tenz<\/strong>a fueron reclamados en el escenario para proceder <img loading=\"lazy\" decoding=\"async\" class=\"alignleft wp-image-1517 size-medium\" src=\"https:\/\/web.morosycristianosdeaspe.es\/wp-content\/uploads\/2016\/07\/wIMG_0037-300x200.jpg\" alt=\"Director Himno 1\" width=\"300\" height=\"200\" srcset=\"https:\/\/web.morosycristianosdeaspe.es\/wp-content\/uploads\/2016\/07\/wIMG_0037-300x200.jpg 300w, https:\/\/web.morosycristianosdeaspe.es\/wp-content\/uploads\/2016\/07\/wIMG_0037-768x512.jpg 768w, https:\/\/web.morosycristianosdeaspe.es\/wp-content\/uploads\/2016\/07\/wIMG_0037.jpg 1024w\" sizes=\"auto, (max-width: 300px) 100vw, 300px\" \/>al relevo&nbsp;de los directores del himno de la Fiestas de Moros y Cristianos, y en primer lugar lo hizo el Maestro <strong>Idelfonso San Crist\u00f3bal Ferriz<\/strong>, Director en 2015, y antes de llamar al Director del Himno 2016 <strong>Jos\u00e9 Geric\u00f3 Ll\u00e1cer<\/strong>, &nbsp;escuchamos su extenso curr\u00edculo. Este gran m\u00fasico se hab\u00eda desplazado desde la ciudad hermana de Torrijos, donde entre sus muchas facetas dentro de la m\u00fasica, dirige la Asociaci\u00f3n Musical del Sant\u00edsimo Cristo de la Sangre. <\/span><\/p>\n<p><span style=\"font-weight: 400;\">Se le invit\u00f3 a que firmase en el Libro de Oro de la Uni\u00f3n, hubieron saludos entre Directores, Alcalde y Presidente de la Uni\u00f3n, para acabar con la simb\u00f3lica entrega de la batuta de un director a otro.<\/span><\/p>\n<p><img loading=\"lazy\" decoding=\"async\" class=\"aligncenter size-large wp-image-1518\" src=\"https:\/\/web.morosycristianosdeaspe.es\/wp-content\/uploads\/2016\/07\/wIMG_0045-1024x683.jpg\" alt=\"wIMG_0045\" width=\"640\" height=\"427\" srcset=\"https:\/\/web.morosycristianosdeaspe.es\/wp-content\/uploads\/2016\/07\/wIMG_0045.jpg 1024w, https:\/\/web.morosycristianosdeaspe.es\/wp-content\/uploads\/2016\/07\/wIMG_0045-300x200.jpg 300w, https:\/\/web.morosycristianosdeaspe.es\/wp-content\/uploads\/2016\/07\/wIMG_0045-768x512.jpg 768w\" sizes=\"auto, (max-width: 640px) 100vw, 640px\" \/><\/p>\n<p><span style=\"font-weight: 400;\">El <strong>segundo bloque<\/strong> continu\u00f3 con el Alcalde y el Presidente en el escenario, que fueron los encargados de ir entregando los Premios Miguel Iborra en su XI edici\u00f3n 2015, a los <img loading=\"lazy\" decoding=\"async\" class=\"alignright wp-image-1529 size-medium\" src=\"https:\/\/web.morosycristianosdeaspe.es\/wp-content\/uploads\/2016\/07\/wIMG_0154-300x200.jpg\" alt=\"wIMG_0154\" width=\"300\" height=\"200\" srcset=\"https:\/\/web.morosycristianosdeaspe.es\/wp-content\/uploads\/2016\/07\/wIMG_0154-300x200.jpg 300w, https:\/\/web.morosycristianosdeaspe.es\/wp-content\/uploads\/2016\/07\/wIMG_0154-768x512.jpg 768w, https:\/\/web.morosycristianosdeaspe.es\/wp-content\/uploads\/2016\/07\/wIMG_0154.jpg 1024w\" sizes=\"auto, (max-width: 300px) 100vw, 300px\" \/>distintos cabos y filas de ambos bandos. (Estos premios vienen reflejados en la cr\u00f3nica del a\u00f1o 2015). Tambi\u00e9n hubo un reconocimiento y la insignia de la Uni\u00f3n en forma de trofeo para la Polic\u00eda Local, Asamblea Local de Cruz Roja y Servicio de Protecci\u00f3n Civil de Aspe, y el donativo que ya se ha hecho habitual para &nbsp;la Plataforma Contra el hambre lo recogi\u00f3 su Presidenta M\u00aa Teresa Manch\u00f3n.<br \/>\n<img loading=\"lazy\" decoding=\"async\" class=\"aligncenter size-large wp-image-1530\" src=\"https:\/\/web.morosycristianosdeaspe.es\/wp-content\/uploads\/2016\/07\/wIMG_0169-1024x683.jpg\" alt=\"wIMG_0169\" width=\"640\" height=\"427\" srcset=\"https:\/\/web.morosycristianosdeaspe.es\/wp-content\/uploads\/2016\/07\/wIMG_0169.jpg 1024w, https:\/\/web.morosycristianosdeaspe.es\/wp-content\/uploads\/2016\/07\/wIMG_0169-300x200.jpg 300w, https:\/\/web.morosycristianosdeaspe.es\/wp-content\/uploads\/2016\/07\/wIMG_0169-768x512.jpg 768w\" sizes=\"auto, (max-width: 640px) 100vw, 640px\" \/><\/span><\/p>\n<p><span style=\"font-weight: 400;\">La Uni\u00f3n de Moros Y Cristianos sigue apostando por <strong>fomentar la cultura festera entre los m\u00e1s j\u00f3venes<\/strong>. Por ello este a\u00f1o, el Presidente de la Uni\u00f3n encarg\u00f3 a David Garrido, autor de nuestra embajada, la redacci\u00f3n de una adaptaci\u00f3n de dicha embajada para que 16 ni\u00f1os y ni\u00f1as de entre 9 y 13 a\u00f1os la representasen en nuestras fiestas de agosto de este a\u00f1o. A continuaci\u00f3n se le invit\u00f3 al equipo de la embajada infantil a recoger un pergamino en compensaci\u00f3n por su entrega y esfuerzo en los ensayos.<\/span><\/p>\n<p><img loading=\"lazy\" decoding=\"async\" class=\"aligncenter size-large wp-image-1550\" src=\"https:\/\/web.morosycristianosdeaspe.es\/wp-content\/uploads\/2016\/07\/wIMG_0192-1-1024x683.jpg\" alt=\"wIMG_0192\" width=\"640\" height=\"427\" srcset=\"https:\/\/web.morosycristianosdeaspe.es\/wp-content\/uploads\/2016\/07\/wIMG_0192-1.jpg 1024w, https:\/\/web.morosycristianosdeaspe.es\/wp-content\/uploads\/2016\/07\/wIMG_0192-1-300x200.jpg 300w, https:\/\/web.morosycristianosdeaspe.es\/wp-content\/uploads\/2016\/07\/wIMG_0192-1-768x512.jpg 768w\" sizes=\"auto, (max-width: 640px) 100vw, 640px\" \/><\/p>\n<p><span style=\"font-weight: 400;\">Lleg\u00f3 el <strong>\u00faltimo y m\u00e1s esperado bloque<\/strong>, la <strong>proclamaci\u00f3n de los nuevos Cargos Festeros<\/strong> y para ello se reclam\u00f3 la presencia en el escenario de los Reyes mayores e infantiles 2015, ellos fueron los encargados de presentarnos a los Cargos 2016 al mismo tiempo que eran relevados y dejaban su firma en el Libro de Oro de la Uni\u00f3n.<\/span><\/p>\n<p><img loading=\"lazy\" decoding=\"async\" class=\"aligncenter wp-image-1551 size-large\" src=\"https:\/\/web.morosycristianosdeaspe.es\/wp-content\/uploads\/2016\/07\/wIMG_0224-1-1024x683.jpg\" alt=\"wIMG_0224\" width=\"640\" height=\"427\" srcset=\"https:\/\/web.morosycristianosdeaspe.es\/wp-content\/uploads\/2016\/07\/wIMG_0224-1.jpg 1024w, https:\/\/web.morosycristianosdeaspe.es\/wp-content\/uploads\/2016\/07\/wIMG_0224-1-300x200.jpg 300w, https:\/\/web.morosycristianosdeaspe.es\/wp-content\/uploads\/2016\/07\/wIMG_0224-1-768x512.jpg 768w\" sizes=\"auto, (max-width: 640px) 100vw, 640px\" \/><\/p>\n<p><span style=\"font-weight: 400;\">Con este orden se procedi\u00f3 a la presentaci\u00f3n del<strong> Bando Cristiano<\/strong>: <\/span><\/p>\n<ul>\n<li><span style=\"color: #800000;\"><strong>Cristianos Contrabandistas de la Sierra Negra<\/strong><\/span>\n<ul>\n<li><span style=\"font-weight: 400;\">Abanderada y Capit\u00e1n Infantiles:&nbsp;<\/span><strong>Natalia Hern\u00e1ndez Botella y Hugo Zafrilla Mart\u00ednez<\/strong><\/li>\n<li><span style=\"font-weight: 400;\">Abanderada y Capit\u00e1n: <strong>Nieves Mar\u00eda Botella \u00c1lvarez y Jos\u00e9 Santonja Berenguer<\/strong><\/span><\/li>\n<\/ul>\n<\/li>\n<li><strong><span style=\"color: #800000;\">Cristianos Lanceros de Uchel<\/span><\/strong>\n<ul>\n<li><span style=\"font-weight: 400;\">Abanderadas Infantiles: <strong>Carla Calero P\u00e9rez y Claudia P\u00e9rez Almod\u00f3var<\/strong><\/span><\/li>\n<li><span style=\"font-weight: 400;\">Abanderada y Capit\u00e1n: A<strong>na Gras L\u00f3pez y Isaac Chavaloy<\/strong><\/span><\/li>\n<\/ul>\n<\/li>\n<li><strong><span style=\"color: #800000;\">Cristianos Duque de Maqueda<\/span><\/strong>\n<ul>\n<li><span style=\"font-weight: 400;\">Abanderada y Capit\u00e1n Infantiles: <strong>Andrea Cremades Guerrero, Marta D\u00edez Soria y Luis Miguel Hern\u00e1ndez Garc\u00eda<\/strong><\/span><\/li>\n<li><span style=\"font-weight: 400;\">Abanderada y Capit\u00e1n: <strong>Gloria Garc\u00eda Mira y Sergio D\u00edez Prieto<\/strong><\/span><\/li>\n<\/ul>\n<\/li>\n<li><strong><span style=\"color: #800000;\">Cristianos Estudiantes &nbsp;<\/span><\/strong>\n<ul>\n<li><span style=\"font-weight: 400;\">Abanderada y Capit\u00e1n Infantiles: <strong>Carlota Bandera Vicedo y Aitor De la Fuente L\u00f3pez<\/strong><\/span><\/li>\n<li><span style=\"font-weight: 400;\">Abanderada y Capit\u00e1n: <strong>Roc\u00edo Panea Pastor y Ernesto Pujalte Cervera<\/strong><\/span><\/li>\n<\/ul>\n<\/li>\n<\/ul>\n<p><span style=\"font-weight: 400;\">De la misma forma se procedi\u00f3 a la presentaci\u00f3n del <strong>Bando Moro<\/strong>. Invitando a los Sultanes 2015, a que fuesen ellos, Mayores e Infantiles los que realizaran el cometido despu\u00e9s, de Firmar en el libro de Oro de la Uni\u00f3n.<\/span><\/p>\n<p><img loading=\"lazy\" decoding=\"async\" class=\"aligncenter wp-image-1552 size-large\" src=\"https:\/\/web.morosycristianosdeaspe.es\/wp-content\/uploads\/2016\/07\/wIMG_0283-1-1024x683.jpg\" alt=\"wIMG_0283\" width=\"640\" height=\"427\" srcset=\"https:\/\/web.morosycristianosdeaspe.es\/wp-content\/uploads\/2016\/07\/wIMG_0283-1.jpg 1024w, https:\/\/web.morosycristianosdeaspe.es\/wp-content\/uploads\/2016\/07\/wIMG_0283-1-300x200.jpg 300w, https:\/\/web.morosycristianosdeaspe.es\/wp-content\/uploads\/2016\/07\/wIMG_0283-1-768x512.jpg 768w\" sizes=\"auto, (max-width: 640px) 100vw, 640px\" \/><\/p>\n<ul>\n<li><span style=\"color: #800000;\"><strong>Moros Fauquies<\/strong><\/span>\n<ul>\n<li><span style=\"font-weight: 400;\">Abanderada y &nbsp;Capit\u00e1n: N<strong>uria Aznar Llopis y Salvador Prieto Cremades<\/strong>.<\/span><\/li>\n<\/ul>\n<\/li>\n<li><strong><span style=\"color: #800000;\">Moros Aljau<\/span><\/strong>\n<ul>\n<li><span style=\"font-weight: 400;\">Abanderada y Capit\u00e1n Infantil: <strong>Ana L\u00f3pez Busquiel y Erik Corrales Arroyo<\/strong><\/span><\/li>\n<li><span style=\"font-weight: 400;\">Abanderada y Capit\u00e1n: <strong>Elena Arroyo Mart\u00ednez y Tomas Corrales Mart\u00ednez<\/strong><\/span><\/li>\n<\/ul>\n<\/li>\n<li><span style=\"color: #800000;\"><strong>Moros Alcana<\/strong><\/span>\n<ul>\n<li><span style=\"font-weight: 400;\">Abanderadas infantiles: <strong>Alba Botella Garc\u00eda y Lola Torregrosa P\u00e9rez<\/strong><\/span><\/li>\n<li><span style=\"font-weight: 400;\">Abanderada y Capit\u00e1n: <strong>Alba Guisot P\u00e9rez e Iv\u00e1n D\u00edez Mira<\/strong><\/span><\/li>\n<\/ul>\n<\/li>\n<li><span style=\"color: #800000;\"><strong>Moros Sulayman<\/strong><\/span>\n<ul>\n<li><span style=\"font-weight: 400;\">Abanderada y Capit\u00e1n: <strong>Roc\u00edo Tenza Igual y Jos\u00e9 Ram\u00f3n Rocamora Rocamora.<\/strong><\/span><\/li>\n<\/ul>\n<\/li>\n<\/ul>\n<p><span style=\"font-weight: 400;\">Lleg\u00f3 el momento de conocer a los m\u00e1ximos cargos de la fiesta y para eso fueron presentados en primer lugar a los <strong>Reyes Infantiles y Mayores<\/strong>, cargos que recayeron en la comparsa <\/span><span style=\"font-weight: 400;\"><strong><span style=\"color: #800000;\">Cristianos Contrabandistas de la Sierra Negra<\/span><\/strong>:<\/span><\/p>\n<ul>\n<li><span style=\"font-weight: 400;\">Rey y Reina Infantiles: <strong>Pablo Mira Mira y Marta Botella S\u00e1nchez <\/strong><\/span><\/li>\n<li><span style=\"font-weight: 400;\">Rey y reina: <strong>Antonio&nbsp;Vicente Botella \u00c1lvarez y Natalia Molina \u00c1lvarez<\/strong><\/span><\/li>\n<\/ul>\n<p><span style=\"font-weight: 400;\">En el Bando Moro, los <strong>Sultanes Mayores e Infantiles<\/strong>, recayeron en la <\/span><span style=\"font-weight: 400;\">Comparsa <strong>Fauqu\u00edes.<\/strong><\/span><\/p>\n<ul>\n<li><span style=\"font-weight: 400;\">Sultana Infantil: <strong>Laura S\u00e1nchez Alenda<\/strong><\/span><\/li>\n<li><span style=\"font-weight: 400;\">Sult\u00e1n y Sultana: <strong>Ernesto C\u00f3rcoles Escobar y Mar\u00eda C\u00f3rcoles Bernab\u00e9u.<\/strong><\/span><\/li>\n<\/ul>\n<p><img loading=\"lazy\" decoding=\"async\" class=\"aligncenter wp-image-1553 size-large\" src=\"https:\/\/web.morosycristianosdeaspe.es\/wp-content\/uploads\/2016\/07\/wIMG_0398-1-1024x683.jpg\" alt=\"wIMG_0398\" width=\"640\" height=\"427\" srcset=\"https:\/\/web.morosycristianosdeaspe.es\/wp-content\/uploads\/2016\/07\/wIMG_0398-1.jpg 1024w, https:\/\/web.morosycristianosdeaspe.es\/wp-content\/uploads\/2016\/07\/wIMG_0398-1-300x200.jpg 300w, https:\/\/web.morosycristianosdeaspe.es\/wp-content\/uploads\/2016\/07\/wIMG_0398-1-768x512.jpg 768w\" sizes=\"auto, (max-width: 640px) 100vw, 640px\" \/><\/p>\n<p><span style=\"font-weight: 400;\">El Presidente de la Uni\u00f3n de Moros y Cristianos y el Alcalde de Aspe como Presidente de Honor, rodeados de todos los Cargos Festeros 2016, <strong>despidieron y cerraron este bonito acto<\/strong> preludio de fiestas y presentaciones hasta llegar a los d\u00edas grandes de nuestras fiestas. Palabras de agradecimiento por parte del presidente hacia David Garrido, por su nuevo trabajo la (Embajada infantil) y <strong>anuncio del pregonero de nuestras fiestas<\/strong> (Antonio Miralles Boix). El Alcalde en su intervenci\u00f3n resalt\u00f3 todos los actos festeros y nos anim\u00f3 a seguir en la misma l\u00ednea.<\/span><\/p>\n<p><img loading=\"lazy\" decoding=\"async\" class=\"aligncenter wp-image-1554 size-large\" src=\"https:\/\/web.morosycristianosdeaspe.es\/wp-content\/uploads\/2016\/07\/wIMG_0417-1-1024x683.jpg\" alt=\"wIMG_0417\" width=\"640\" height=\"427\" srcset=\"https:\/\/web.morosycristianosdeaspe.es\/wp-content\/uploads\/2016\/07\/wIMG_0417-1.jpg 1024w, https:\/\/web.morosycristianosdeaspe.es\/wp-content\/uploads\/2016\/07\/wIMG_0417-1-300x200.jpg 300w, https:\/\/web.morosycristianosdeaspe.es\/wp-content\/uploads\/2016\/07\/wIMG_0417-1-768x512.jpg 768w\" sizes=\"auto, (max-width: 640px) 100vw, 640px\" \/><\/p>\n<p>&nbsp;<\/p>\n<h3 style=\"text-align: center;\"><span style=\"color: #800000;\"><strong>&#x1f539;&nbsp;<span style=\"color: #ff6600;\">S\u00c1BADO 30 DE JULIO&nbsp;DE 2016<\/span>&nbsp;&#x1f539;<\/strong><\/span><\/h3>\n<hr>\n<p>Una tarde esperada y deseada por todos los festeros. Desde primeras horas de la ma\u00f1ana un grupo de miembros de la junta directiva y colaboradores de la misma, con un sol que no nos daba tregua y que los arboles de la plaza poco pod\u00edan hacer por ocultarlo, estuvimos <strong>montando y decorando el escenario<\/strong>. Quedamos muy satisfechos pues el resultado fue espectacular, un marco para este gran evento donde 60 macetas de albahaca esparc\u00edan su agradable olor.<\/p>\n<p>La Uni\u00f3n de Moros y Cristianos se concentr\u00f3 con todos sus Cargos Festeros&nbsp; en las puertas de su sede,&nbsp; desde all\u00ed acompa\u00f1ados por la Banda de m\u00fasica Ateneo maestro Gilabert, iniciaron el tradicional recorrido hasta desembocar en la Plaza Mayor. El Alcalde de Aspe con parte de la Corporaci\u00f3n Municipal, Presidente de la Uni\u00f3n y presidente de la UDEF Francisco L\u00f3pez P\u00e9rez les recibi\u00f3.<strong> Los presidentes de las distintas comparsas le fueron presentando sus cargos entre aplausos y m\u00fasica festera a cargo de la mencionada banda.<\/strong><\/p>\n<p>Despu\u00e9s de tradicional brindis para el buen desarrollo de la fiesta fuimos ocupando nuestro asientos.<\/p>\n<p>El acto como en los dos \u00faltimos a\u00f1os, en la <strong>primera parte<\/strong> dedicada a los <strong>ni\u00f1os que son el futuro de la fiesta<\/strong>, estuvo presentado por dos avispadas y simp\u00e1tica ni\u00f1as <strong>Julia Mart\u00ednez<\/strong> y <strong>Mar\u00eda Pujalte<\/strong>. Ellas con mucha gracia fueron present\u00e1ndonos a los cargos infantiles, el alcalde de Fiestas Jos\u00e9 Antonio Pastor, les entreg\u00f3 al Rey y al Sult\u00e1n la simb\u00f3lica espada para recibir a sus vasallos, como despu\u00e9s tambi\u00e9n har\u00eda con los mayores. Una vez colocados todos en el escenario Julia y Mar\u00eda nos presentaron a la Pregonera Infantil 2016 <strong>Julia P\u00e9rez Almod\u00f3var<\/strong>, una jovenc\u00edsima festera hija de festeros que con mucho aplomo y facilidad de palabra, nos fue desgranando sus vivencias dentro de las fiestas de Moros y Cristianos y entre otras cosas dijo: <span style=\"color: #000000;\"><em>\u00abA la junta Central se le ocurri\u00f3 la maravillosa idea de que los ni\u00f1os particip\u00e1ramos a\u00fan m\u00e1s en la fiestas. Ni\u00f1os de diferentes comparsas hemos preparado con mucha ilusi\u00f3n una adaptaci\u00f3n de la embajada de los mayores, para represent\u00e1osla aqu\u00ed, en la Plaza Mayor. Yo si fuera vosotros no me la perder\u00eda\u00bb. <\/em>Julia dirigi\u00e9ndose al Presidente de la Junta tambi\u00e9n dijo:<em> &nbsp;\u00abPaco siempre dices que somos el futuro de la fiesta, pero no te equivocas, porque este a\u00f1o&#8230;<strong> <span style=\"color: #000000;\">YA SOMOS EL PRESENT<\/span>E<\/strong>\u00ab.<\/em><\/span><\/p>\n<p>El Presidente de la Uni\u00f3n&nbsp; coloc\u00f3 nuestra insignia a&nbsp; Julia y le hizo entrega de un detalle en forma de nuestro escudo y a continuaci\u00f3n fue despedida con fuertes aplausos, estos continuaron para despedir a los Cargos Infantiles.<\/p>\n<p>El Acto continu\u00f3 y una voz en off anunci\u00f3 y reclam\u00f3 a <strong>Paola C\u00f3rcoles Bernab\u00e9u y Antonio R\u00f3denas S\u00e1nchez<\/strong>, dos presentadores de lujo como a lo largo del acto demostrar\u00edan, ya de entrada ella apareci\u00f3 en el escenario y cuando lo reclam\u00f3, &nbsp;\u00e9l apareci\u00f3 entre el p\u00fablico con una chilaba mora. Paola, mientras Antonio se cambiaba de ropa en una gran pantalla nos invit\u00f3 a ver un <strong>resumen en im\u00e1genes de lo que fueron las fiestas 2015.<\/strong><\/p>\n<p>Despu\u00e9s de los saludos de rigor los presentadores llamaron a los <strong>Alcaldes de Fiestas<\/strong>, el antes mencionado y <strong>Rafael Mart\u00ednez,<\/strong> portadores de la bandera de la Uni\u00f3n para a continuaci\u00f3n iniciar la presentaci\u00f3n de los Cargos Festeros, a esto&nbsp; les acompa\u00f1aban los presidentes de sus comparsas, que portando sus insignias y escoltados cruzaron la plaza para irrumpir en el escenario y volvi\u00f3 a repetirse todo el ceremonial de los infantiles, hasta el momento que fue reclamada la presencia de la Pregonera 2015, <strong>Paquita Calatayud Cutillas<\/strong> que nos present\u00f3 al <strong>Pregonero de las Fiestas de Moros y Cristianos 2016 Antonio Miralles Boix.<\/strong><\/p>\n<p>Paqui nos hizo una acertada y cari\u00f1osa descripci\u00f3n&nbsp;de este gran festero, para finalizar invit\u00e1ndole a que nos pregonase las fiestas y Boix las pregon\u00f3, y nos aclar\u00f3 varios puntos referentes a la fiesta, alguno desconocidos para m\u00e1s de un festero.<\/p>\n<p>El Alcalde de Aspe y el Presidente de la Uni\u00f3n fueron invitados a cerrar el acto y a entregarle al pregonero la insignia y un pergamino enmarcado y tambi\u00e9n se le invit\u00f3 junto con la Pregonera Infantil a firmar en el libro de Oro de la Uni\u00f3n.<\/p>\n<p>Presidente y Alcalde se dirigieron al p\u00fablico con un bonito mensaje y alentando a los festeros a seguir en la misma l\u00ednea de superaci\u00f3n.<\/p>\n<p>La Banda de M\u00fasica antes menciona, dirigida por <strong>Alfredo Cerd\u00e1n Castell\u00f3<\/strong> antes de despedir a los cargos interpret\u00f3, las marchas Mora y Cristiana <em>\u00abMoros Fauquies\u00bb<\/em> de <strong>Luis Molina<\/strong> y <strong>\u00ab<\/strong><em>Contrabandistas\u00bb<\/em> de <strong>Antonio Esp\u00edn<\/strong>, pero la gran sorpresa de la noche nos la dio un gran m\u00fasico aspense, <strong>Enrique Clavel Ruiz<\/strong>, que hab\u00eda compuesto para estrenar en este acto una marcha mora, dedicada a <strong>Rafael And\u00fajar Huertas<\/strong> (Tito). Alfredo le cedi\u00f3 la batuta y verle dirigir fue todo un espect\u00e1culo, la marcha gusto y su actuaci\u00f3n como director puso al p\u00fablico en pie. Fue un bonito broche para aquella gran noche. <strong>Tito, le hizo entrega de un bonito regalo en forma de batuta. &nbsp;&nbsp;&nbsp;&nbsp;&nbsp;<\/strong><\/p>\n<p>La noche acab\u00f3 en el cuartelillo de la comparsa <strong>Duque de Maqueda<\/strong> donde tuvo lugar una cena de gala, que se alarg\u00f3 hasta altas horas de la madrugada del domingo.<\/p>\n<h3 style=\"text-align: center;\"><span style=\"color: #800000;\"><strong>&#x1f539;&nbsp;<span style=\"color: #ff6600;\">DOMINGO 7 DE AGOSTO&nbsp;DE 2016<\/span>&nbsp;&#x1f539;<\/strong><\/span><\/h3>\n<hr>\n<h3 style=\"text-align: center;\"><span style=\"color: #800000;\"><em>Dieron comienzo las Fiestas de Moros y cristianos<\/em><\/span><\/h3>\n<p>Se notaba que las diferentes comparsas a primera hora de la ma\u00f1ana ya ten\u00edan tomadas las calles de Aspe, pues la recorr\u00edan con sus charangas anunciando que ya est\u00e1bamos de fiesta, despu\u00e9s vendr\u00edan las paellas y las refrescantes palomas, pero puntual fue la concentraci\u00f3n en el <strong>ensanche de la Cruz de Orihuela<\/strong>. La c<strong>omitiva oficial<\/strong> que estaba compuesta por <strong>Alcaldes de fiestas<\/strong> portando la bandera de la Uni\u00f3n, <strong>Alcalde de Aspe, Acalde de Torrijos Anastasio Arebaliyo, &nbsp;Presidente de la Uni\u00f3n, Director del Himno, Embajadores, Rey y Reina y Sult\u00e1n y Sultana<\/strong> que partieron desde la sede de la Uni\u00f3n al encuentro de las comparsas en el mencionado ensanche, desde donde arranc\u00f3 la entrada oficial de bandas de m\u00fasica, que ordenada discurri\u00f3 hasta llegar al Parque Doctor Calatayud, donde estaba instalado el castillo de la embajadas, que fue t<br \/>\nmado por la mencionada comitiva.<\/p>\n<p class=\"alignnone\" style=\"text-align: left;\">Entre v\u00edtores y aplausos el director torrije\u00f1o <strong>Jos\u00e9 Geric\u00f3 Ll\u00e1cer<\/strong>, alz\u00f3 la batuta y todas las bandas de m\u00fasica a si como los&nbsp;festeros como una sola voz interpretamos el himno de las fiestas de Moros y Cristianos, mientras todos lo cant\u00e1bamos y los capitanes bailaban sus banderas, la bandera del bando moro era izada por su Embajador. Palabras del presidente de la Uni\u00f3n y palabras del&nbsp; Alcalde, este una vez m\u00e1s simb\u00f3licamente entreg\u00f3 el bast\u00f3n de mando al Alcalde de Fiestas.<\/p>\n<p class=\"alignnone\" style=\"text-align: left;\"><a href=\"https:\/\/web.morosycristianosdeaspe.es\/wp-content\/uploads\/2016\/07\/IMG_7584.jpg\"><img loading=\"lazy\" decoding=\"async\" class=\"wp-image-1754 aligncenter\" src=\"https:\/\/web.morosycristianosdeaspe.es\/wp-content\/uploads\/2016\/07\/IMG_7584-300x200.jpg\" alt=\"\" width=\"297\" height=\"198\" srcset=\"https:\/\/web.morosycristianosdeaspe.es\/wp-content\/uploads\/2016\/07\/IMG_7584-300x200.jpg 300w, https:\/\/web.morosycristianosdeaspe.es\/wp-content\/uploads\/2016\/07\/IMG_7584-768x512.jpg 768w, https:\/\/web.morosycristianosdeaspe.es\/wp-content\/uploads\/2016\/07\/IMG_7584-1024x683.jpg 1024w, https:\/\/web.morosycristianosdeaspe.es\/wp-content\/uploads\/2016\/07\/IMG_7584-690x460.jpg 690w, https:\/\/web.morosycristianosdeaspe.es\/wp-content\/uploads\/2016\/07\/IMG_7584-980x653.jpg 980w\" sizes=\"auto, (max-width: 297px) 100vw, 297px\" \/><\/a> <a href=\"https:\/\/web.morosycristianosdeaspe.es\/wp-content\/uploads\/2016\/07\/IMG_7565.jpg\"><img loading=\"lazy\" decoding=\"async\" class=\"wp-image-1753 aligncenter\" src=\"https:\/\/web.morosycristianosdeaspe.es\/wp-content\/uploads\/2016\/07\/IMG_7565-300x200.jpg\" alt=\"\" width=\"299\" height=\"199\" srcset=\"https:\/\/web.morosycristianosdeaspe.es\/wp-content\/uploads\/2016\/07\/IMG_7565-300x200.jpg 300w, https:\/\/web.morosycristianosdeaspe.es\/wp-content\/uploads\/2016\/07\/IMG_7565-768x512.jpg 768w, https:\/\/web.morosycristianosdeaspe.es\/wp-content\/uploads\/2016\/07\/IMG_7565-1024x683.jpg 1024w, https:\/\/web.morosycristianosdeaspe.es\/wp-content\/uploads\/2016\/07\/IMG_7565-690x460.jpg 690w, https:\/\/web.morosycristianosdeaspe.es\/wp-content\/uploads\/2016\/07\/IMG_7565-980x653.jpg 980w\" sizes=\"auto, (max-width: 299px) 100vw, 299px\" \/><\/a> <a href=\"https:\/\/web.morosycristianosdeaspe.es\/wp-content\/uploads\/2016\/07\/IMG_7594.jpg\"><img loading=\"lazy\" decoding=\"async\" class=\"wp-image-1752 aligncenter\" src=\"https:\/\/web.morosycristianosdeaspe.es\/wp-content\/uploads\/2016\/07\/IMG_7594-300x200.jpg\" alt=\"\" width=\"302\" height=\"201\" srcset=\"https:\/\/web.morosycristianosdeaspe.es\/wp-content\/uploads\/2016\/07\/IMG_7594-300x200.jpg 300w, https:\/\/web.morosycristianosdeaspe.es\/wp-content\/uploads\/2016\/07\/IMG_7594-768x512.jpg 768w, https:\/\/web.morosycristianosdeaspe.es\/wp-content\/uploads\/2016\/07\/IMG_7594-1024x683.jpg 1024w, https:\/\/web.morosycristianosdeaspe.es\/wp-content\/uploads\/2016\/07\/IMG_7594-690x460.jpg 690w, https:\/\/web.morosycristianosdeaspe.es\/wp-content\/uploads\/2016\/07\/IMG_7594-980x653.jpg 980w\" sizes=\"auto, (max-width: 302px) 100vw, 302px\" \/><\/a><\/p>\n<p class=\"alignnone\" style=\"text-align: left;\">El ensanche de la Calle Col\u00f3n a las <strong>24:00 h<\/strong>. result\u00f3 insuficiente para todos los que en esa m\u00e1gica noche optamos por el disfraz. Despu\u00e9s de unos a\u00f1os mis amigos me animaron y all\u00ed me encontraba yo, disfrazado de tal forma que me cost\u00f3 reconocerme en el espejo, ese momento lo disfrut\u00e9 como todo el recorrido de la <strong>Gran Retreta<\/strong>, pero poco puedo contar porque como en las entradas Mora y Cristiana yo estoy dentro y por supuesto algunas cosas se me escapan, siempre son la menos importantes, porque procuro estar siempre en el centro de la fiesta y en primera fila.<\/p>\n<p class=\"alignnone\" style=\"text-align: left;\">&nbsp;<\/p>\n<h3 style=\"text-align: center;\"><span style=\"color: #800000;\"><strong>&#x1f539;&nbsp;<\/strong><\/span><span style=\"color: #800000;\"><strong><span style=\"color: #ff6600;\">LUNES 8&nbsp;DE AGOSTO&nbsp;DE 2016<\/span>&nbsp;&#x1f539;<\/strong><\/span><\/h3>\n<hr>\n<p>Ma\u00f1ana de nervios para todos los que est\u00e1bamos implicados en lo programado por primera vez para esa ma\u00f1ana, pero en particular para el<strong> Embajador Moro Jos\u00e9 Berenguer Pastor.<\/strong> Tres meses llevaba el Embajador batallando en interminables ensayos con <strong>16 ni\u00f1os y ni\u00f1as<\/strong>&nbsp;de edades similares para representar en la Plaza Mayor <strong>la Embajada Infantil<\/strong>. En el a\u00f1o 2006 ya se realiz\u00f3 una primera embajada infantil adaptaci\u00f3n de la anterior, pero por diferentes contratiempos no hubo una continuidad y era algo que la Uni\u00f3n ten\u00eda pendiente.<\/p>\n<p>Los ni\u00f1os que se hab\u00edan presentado a esta convocatoria, todos se hab\u00edan integrado a la representaci\u00f3n, estos fueron, <strong>Carla Calero, I\u00f1aqui Hern\u00e1ndez, Blanca Alcolea, Julia Mart\u00ednez, Alba L. Connelly, Irene P\u00e9rez, Laura Cremades, Natalia Cremades, Julia P\u00e9rez, \u00c1ngela Espinosa, Mar\u00eda Pujalte, Emma G\u00f3mez, David Mira Carlos G\u00f3mez Claudia P\u00e9rez y Fran Rodr\u00edguez.<\/strong><\/p>\n<p><a href=\"https:\/\/web.morosycristianosdeaspe.es\/wp-content\/uploads\/2016\/07\/IMG_8708.jpg\"><img loading=\"lazy\" decoding=\"async\" class=\"alignright wp-image-1755\" src=\"https:\/\/web.morosycristianosdeaspe.es\/wp-content\/uploads\/2016\/07\/IMG_8708-300x200.jpg\" alt=\"\" width=\"260\" height=\"173\" srcset=\"https:\/\/web.morosycristianosdeaspe.es\/wp-content\/uploads\/2016\/07\/IMG_8708-300x200.jpg 300w, https:\/\/web.morosycristianosdeaspe.es\/wp-content\/uploads\/2016\/07\/IMG_8708-768x512.jpg 768w, https:\/\/web.morosycristianosdeaspe.es\/wp-content\/uploads\/2016\/07\/IMG_8708-1024x683.jpg 1024w, https:\/\/web.morosycristianosdeaspe.es\/wp-content\/uploads\/2016\/07\/IMG_8708-690x460.jpg 690w, https:\/\/web.morosycristianosdeaspe.es\/wp-content\/uploads\/2016\/07\/IMG_8708-980x653.jpg 980w\" sizes=\"auto, (max-width: 260px) 100vw, 260px\" \/><\/a> <a href=\"https:\/\/web.morosycristianosdeaspe.es\/wp-content\/uploads\/2016\/07\/IMG_8713.jpg\"><img loading=\"lazy\" decoding=\"async\" class=\"alignright wp-image-1756\" src=\"https:\/\/web.morosycristianosdeaspe.es\/wp-content\/uploads\/2016\/07\/IMG_8713-300x200.jpg\" alt=\"\" width=\"257\" height=\"171\" srcset=\"https:\/\/web.morosycristianosdeaspe.es\/wp-content\/uploads\/2016\/07\/IMG_8713-300x200.jpg 300w, https:\/\/web.morosycristianosdeaspe.es\/wp-content\/uploads\/2016\/07\/IMG_8713-768x512.jpg 768w, https:\/\/web.morosycristianosdeaspe.es\/wp-content\/uploads\/2016\/07\/IMG_8713-1024x683.jpg 1024w, https:\/\/web.morosycristianosdeaspe.es\/wp-content\/uploads\/2016\/07\/IMG_8713-690x460.jpg 690w, https:\/\/web.morosycristianosdeaspe.es\/wp-content\/uploads\/2016\/07\/IMG_8713-980x653.jpg 980w\" sizes=\"auto, (max-width: 257px) 100vw, 257px\" \/><\/a><\/p>\n<p>Con un poco de retraso de la hora fijada las <strong>11:00 h<\/strong>. parti\u00f3 el desfile infantil desde el ensanche de la Calle Gregorio Rizo, en \u00e9l marchaban los protagonistas de la embajada, en la Plaza Mayor tambi\u00e9n tuvo que retrasarse el acto, para no coincidir con la salida de la misa de 12, pero con un sol de justicia que daba de pleno en el escenario donde se hab\u00eda simulado un peque\u00f1o castillo, los ni\u00f1os nos dejaron a todos pasmados. La embajada, una adaptaci\u00f3n de la actual escrita por David Garrido Valls y estrenada el a\u00f1o 2011, gust\u00f3 mucho pero sobre todo la gracia y desenvoltura de los ni\u00f1os a los que festeros y p\u00fablico premiaron con un largo y caluroso aplauso.<\/p>\n<p><a href=\"https:\/\/web.morosycristianosdeaspe.es\/wp-content\/uploads\/2016\/07\/IMG_8836.jpg\"><img loading=\"lazy\" decoding=\"async\" class=\" wp-image-1758 alignnone\" src=\"https:\/\/web.morosycristianosdeaspe.es\/wp-content\/uploads\/2016\/07\/IMG_8836-300x200.jpg\" alt=\"\" width=\"215\" height=\"143\" srcset=\"https:\/\/web.morosycristianosdeaspe.es\/wp-content\/uploads\/2016\/07\/IMG_8836-300x200.jpg 300w, https:\/\/web.morosycristianosdeaspe.es\/wp-content\/uploads\/2016\/07\/IMG_8836-768x512.jpg 768w, https:\/\/web.morosycristianosdeaspe.es\/wp-content\/uploads\/2016\/07\/IMG_8836-1024x683.jpg 1024w, https:\/\/web.morosycristianosdeaspe.es\/wp-content\/uploads\/2016\/07\/IMG_8836-690x460.jpg 690w, https:\/\/web.morosycristianosdeaspe.es\/wp-content\/uploads\/2016\/07\/IMG_8836-980x653.jpg 980w\" sizes=\"auto, (max-width: 215px) 100vw, 215px\" \/><\/a> <a href=\"https:\/\/web.morosycristianosdeaspe.es\/wp-content\/uploads\/2016\/07\/IMG_8894.jpg\"><img loading=\"lazy\" decoding=\"async\" class=\" wp-image-1759 alignnone\" src=\"https:\/\/web.morosycristianosdeaspe.es\/wp-content\/uploads\/2016\/07\/IMG_8894-300x200.jpg\" alt=\"\" width=\"209\" height=\"139\" srcset=\"https:\/\/web.morosycristianosdeaspe.es\/wp-content\/uploads\/2016\/07\/IMG_8894-300x200.jpg 300w, https:\/\/web.morosycristianosdeaspe.es\/wp-content\/uploads\/2016\/07\/IMG_8894-768x512.jpg 768w, https:\/\/web.morosycristianosdeaspe.es\/wp-content\/uploads\/2016\/07\/IMG_8894-1024x683.jpg 1024w, https:\/\/web.morosycristianosdeaspe.es\/wp-content\/uploads\/2016\/07\/IMG_8894-690x460.jpg 690w, https:\/\/web.morosycristianosdeaspe.es\/wp-content\/uploads\/2016\/07\/IMG_8894-980x653.jpg 980w\" sizes=\"auto, (max-width: 209px) 100vw, 209px\" \/><\/a> <a href=\"https:\/\/web.morosycristianosdeaspe.es\/wp-content\/uploads\/2016\/07\/IMG_8931.jpg\"><img loading=\"lazy\" decoding=\"async\" class=\"wp-image-1760 alignnone\" src=\"https:\/\/web.morosycristianosdeaspe.es\/wp-content\/uploads\/2016\/07\/IMG_8931-300x200.jpg\" alt=\"\" width=\"210\" height=\"140\" srcset=\"https:\/\/web.morosycristianosdeaspe.es\/wp-content\/uploads\/2016\/07\/IMG_8931-300x200.jpg 300w, https:\/\/web.morosycristianosdeaspe.es\/wp-content\/uploads\/2016\/07\/IMG_8931-768x512.jpg 768w, https:\/\/web.morosycristianosdeaspe.es\/wp-content\/uploads\/2016\/07\/IMG_8931-1024x683.jpg 1024w, https:\/\/web.morosycristianosdeaspe.es\/wp-content\/uploads\/2016\/07\/IMG_8931-690x460.jpg 690w, https:\/\/web.morosycristianosdeaspe.es\/wp-content\/uploads\/2016\/07\/IMG_8931-980x653.jpg 980w\" sizes=\"auto, (max-width: 210px) 100vw, 210px\" \/><\/a><\/p>\n<p><a href=\"https:\/\/web.morosycristianosdeaspe.es\/wp-content\/uploads\/2016\/07\/IMG_8951.jpg\"><img loading=\"lazy\" decoding=\"async\" class=\" wp-image-1761 alignnone\" src=\"https:\/\/web.morosycristianosdeaspe.es\/wp-content\/uploads\/2016\/07\/IMG_8951-300x200.jpg\" alt=\"\" width=\"212\" height=\"141\" srcset=\"https:\/\/web.morosycristianosdeaspe.es\/wp-content\/uploads\/2016\/07\/IMG_8951-300x200.jpg 300w, https:\/\/web.morosycristianosdeaspe.es\/wp-content\/uploads\/2016\/07\/IMG_8951-768x512.jpg 768w, https:\/\/web.morosycristianosdeaspe.es\/wp-content\/uploads\/2016\/07\/IMG_8951-1024x683.jpg 1024w, https:\/\/web.morosycristianosdeaspe.es\/wp-content\/uploads\/2016\/07\/IMG_8951-690x460.jpg 690w, https:\/\/web.morosycristianosdeaspe.es\/wp-content\/uploads\/2016\/07\/IMG_8951-980x653.jpg 980w\" sizes=\"auto, (max-width: 212px) 100vw, 212px\" \/><\/a> <a href=\"https:\/\/web.morosycristianosdeaspe.es\/wp-content\/uploads\/2016\/07\/IMG_8965.jpg\"><img loading=\"lazy\" decoding=\"async\" class=\" wp-image-1762 alignnone\" src=\"https:\/\/web.morosycristianosdeaspe.es\/wp-content\/uploads\/2016\/07\/IMG_8965-300x200.jpg\" alt=\"\" width=\"212\" height=\"141\" srcset=\"https:\/\/web.morosycristianosdeaspe.es\/wp-content\/uploads\/2016\/07\/IMG_8965-300x200.jpg 300w, https:\/\/web.morosycristianosdeaspe.es\/wp-content\/uploads\/2016\/07\/IMG_8965-768x512.jpg 768w, https:\/\/web.morosycristianosdeaspe.es\/wp-content\/uploads\/2016\/07\/IMG_8965-1024x683.jpg 1024w, https:\/\/web.morosycristianosdeaspe.es\/wp-content\/uploads\/2016\/07\/IMG_8965-690x460.jpg 690w, https:\/\/web.morosycristianosdeaspe.es\/wp-content\/uploads\/2016\/07\/IMG_8965-980x653.jpg 980w\" sizes=\"auto, (max-width: 212px) 100vw, 212px\" \/><\/a> <a href=\"https:\/\/web.morosycristianosdeaspe.es\/wp-content\/uploads\/2016\/07\/IMG_8992.jpg\"><img loading=\"lazy\" decoding=\"async\" class=\" wp-image-1763 alignnone\" src=\"https:\/\/web.morosycristianosdeaspe.es\/wp-content\/uploads\/2016\/07\/IMG_8992-300x200.jpg\" alt=\"\" width=\"213\" height=\"142\" srcset=\"https:\/\/web.morosycristianosdeaspe.es\/wp-content\/uploads\/2016\/07\/IMG_8992-300x200.jpg 300w, https:\/\/web.morosycristianosdeaspe.es\/wp-content\/uploads\/2016\/07\/IMG_8992-768x512.jpg 768w, https:\/\/web.morosycristianosdeaspe.es\/wp-content\/uploads\/2016\/07\/IMG_8992-1024x683.jpg 1024w, https:\/\/web.morosycristianosdeaspe.es\/wp-content\/uploads\/2016\/07\/IMG_8992-690x460.jpg 690w, https:\/\/web.morosycristianosdeaspe.es\/wp-content\/uploads\/2016\/07\/IMG_8992-980x653.jpg 980w\" sizes=\"auto, (max-width: 213px) 100vw, 213px\" \/><\/a><\/p>\n<p><a href=\"https:\/\/web.morosycristianosdeaspe.es\/wp-content\/uploads\/2016\/07\/IMG_9018.jpg\"><img loading=\"lazy\" decoding=\"async\" class=\"aligncenter wp-image-1765\" src=\"https:\/\/web.morosycristianosdeaspe.es\/wp-content\/uploads\/2016\/07\/IMG_9018-300x200.jpg\" width=\"332\" height=\"221\" srcset=\"https:\/\/web.morosycristianosdeaspe.es\/wp-content\/uploads\/2016\/07\/IMG_9018-300x200.jpg 300w, https:\/\/web.morosycristianosdeaspe.es\/wp-content\/uploads\/2016\/07\/IMG_9018-768x512.jpg 768w, https:\/\/web.morosycristianosdeaspe.es\/wp-content\/uploads\/2016\/07\/IMG_9018-1024x683.jpg 1024w, https:\/\/web.morosycristianosdeaspe.es\/wp-content\/uploads\/2016\/07\/IMG_9018-690x460.jpg 690w, https:\/\/web.morosycristianosdeaspe.es\/wp-content\/uploads\/2016\/07\/IMG_9018-980x653.jpg 980w\" sizes=\"auto, (max-width: 332px) 100vw, 332px\" \/><\/a><\/p>\n<p>A las<strong> 20:45<\/strong> como en a\u00f1os anteriores <strong>Enrique Alenda<\/strong>, por megafon\u00eda daba el pistoletazo de salida a la <strong>gran Entrada Mora<\/strong>. Todo se puso en marcha, la <strong>bandera de la Uni\u00f3<\/strong>n abr\u00eda este gran desfile y lo hac\u00eda port\u00e1ndola <strong>Samuel Pastor P\u00e9rez<\/strong>, miembro de la <span style=\"color: #800000;\"><strong><em>Comparsa Cristianos Contrabandistas de la Sierra Negra<\/em><\/strong><\/span> a lomos de un hermoso caballo, esta comparsa ostentaba la Capitan\u00eda del Bando Cristiano, les segu\u00edan, <strong>Lanceros de Uchel<\/strong>, con su capit\u00e1n y abanderada a caballo, cerraba esta comparsa con los cargos infantiles en carroza, <strong>Duque de Maqueda<\/strong> cerraba con una espectacular carroza con todos sus cargos y <strong>Estudiantes<\/strong>, capit\u00e1n y abanderada en caballos marr\u00f3n y blanco, infantiles cerraba en una gran carroza.<\/p>\n<h6 style=\"text-align: center;\"><a href=\"https:\/\/web.morosycristianosdeaspe.es\/wp-content\/uploads\/2016\/07\/IMG_9815.jpg\"><img loading=\"lazy\" decoding=\"async\" class=\"wp-image-1766 aligncenter\" src=\"https:\/\/web.morosycristianosdeaspe.es\/wp-content\/uploads\/2016\/07\/IMG_9815-300x200.jpg\" width=\"326\" height=\"217\" srcset=\"https:\/\/web.morosycristianosdeaspe.es\/wp-content\/uploads\/2016\/07\/IMG_9815-300x200.jpg 300w, https:\/\/web.morosycristianosdeaspe.es\/wp-content\/uploads\/2016\/07\/IMG_9815-768x512.jpg 768w, https:\/\/web.morosycristianosdeaspe.es\/wp-content\/uploads\/2016\/07\/IMG_9815-1024x683.jpg 1024w, https:\/\/web.morosycristianosdeaspe.es\/wp-content\/uploads\/2016\/07\/IMG_9815-690x460.jpg 690w, https:\/\/web.morosycristianosdeaspe.es\/wp-content\/uploads\/2016\/07\/IMG_9815-980x653.jpg 980w\" sizes=\"auto, (max-width: 326px) 100vw, 326px\" \/><\/a><em>Fila femenina del bando Cristiano<\/em><\/h6>\n<p><span style=\"color: #800000;\"><strong>Bando Moro.<\/strong><\/span><\/p>\n<p>Comparsa <strong>Sulayman<\/strong>, todos sus cargos en una carroza que era un enorme drag\u00f3n, que adem\u00e1s tiraba fuego por sus fauces. <strong>Alcan\u00e1<\/strong>, todos sus cargos en una espectacular carroza donde destacaban unos gigantescos cuernos. <strong>Aljau<\/strong>, una carroza con muchos ni\u00f1os decorada con armas y una gran cabeza mora, todos sus cargos en una mezquita que es lo que la carroza figuraba. La comparsa <strong>Fauquies<\/strong>, ostentaba la Capitan\u00eda del Bando Moro y lo hac\u00eda a lo grande y con buen gusto, abr\u00eda con su Capit\u00e1n y Abanderada en hermosos caballos de colores marr\u00f3n y blanco, les acompa\u00f1aba adem\u00e1s una fila invitada <strong><em>\u00abNegres de Betania\u00bb<\/em><\/strong> de la localidad vecina <strong>Novelda<\/strong>, la Sultana Infantil en una carroza con muchos ni\u00f1os, ella en lo&nbsp; m\u00e1s alto de pie y con un espectacular traje, recib\u00eda los aplausos del p\u00fablico, un gran boato le preced\u00eda, bailarinas \u00e1rabes con una cuidada coreograf\u00eda.<\/p>\n<figure id=\"attachment_1772\" aria-describedby=\"caption-attachment-1772\" style=\"width: 200px\" class=\"wp-caption aligncenter\"><a href=\"https:\/\/web.morosycristianosdeaspe.es\/wp-content\/uploads\/2016\/07\/IMG_0263-1.jpg\"><img loading=\"lazy\" decoding=\"async\" class=\"wp-image-1772 size-medium\" src=\"https:\/\/web.morosycristianosdeaspe.es\/wp-content\/uploads\/2016\/07\/IMG_0263-1-200x300.jpg\" width=\"200\" height=\"300\" srcset=\"https:\/\/web.morosycristianosdeaspe.es\/wp-content\/uploads\/2016\/07\/IMG_0263-1-200x300.jpg 200w, https:\/\/web.morosycristianosdeaspe.es\/wp-content\/uploads\/2016\/07\/IMG_0263-1-768x1152.jpg 768w, https:\/\/web.morosycristianosdeaspe.es\/wp-content\/uploads\/2016\/07\/IMG_0263-1-683x1024.jpg 683w, https:\/\/web.morosycristianosdeaspe.es\/wp-content\/uploads\/2016\/07\/IMG_0263-1-690x1035.jpg 690w, https:\/\/web.morosycristianosdeaspe.es\/wp-content\/uploads\/2016\/07\/IMG_0263-1-980x1470.jpg 980w\" sizes=\"auto, (max-width: 200px) 100vw, 200px\" \/><\/a><figcaption id=\"caption-attachment-1772\" class=\"wp-caption-text\"><em>Cabo femenno del bando moro con su fila<\/em><\/figcaption><\/figure>\n<figure id=\"attachment_1769\" aria-describedby=\"caption-attachment-1769\" style=\"width: 368px\" class=\"wp-caption aligncenter\"><a href=\"https:\/\/web.morosycristianosdeaspe.es\/wp-content\/uploads\/2016\/07\/IMG_0378.jpg\"><img loading=\"lazy\" decoding=\"async\" class=\"wp-image-1769\" src=\"https:\/\/web.morosycristianosdeaspe.es\/wp-content\/uploads\/2016\/07\/IMG_0378-300x200.jpg\" width=\"368\" height=\"245\" srcset=\"https:\/\/web.morosycristianosdeaspe.es\/wp-content\/uploads\/2016\/07\/IMG_0378-300x200.jpg 300w, https:\/\/web.morosycristianosdeaspe.es\/wp-content\/uploads\/2016\/07\/IMG_0378-768x512.jpg 768w, https:\/\/web.morosycristianosdeaspe.es\/wp-content\/uploads\/2016\/07\/IMG_0378-1024x683.jpg 1024w, https:\/\/web.morosycristianosdeaspe.es\/wp-content\/uploads\/2016\/07\/IMG_0378-690x460.jpg 690w, https:\/\/web.morosycristianosdeaspe.es\/wp-content\/uploads\/2016\/07\/IMG_0378-980x653.jpg 980w\" sizes=\"auto, (max-width: 368px) 100vw, 368px\" \/><\/a><figcaption id=\"caption-attachment-1769\" class=\"wp-caption-text\"><em>Sultanes 2016<\/em><\/figcaption><\/figure>\n<p>Un grupo de percusi\u00f3n y tragafuegos haciendo espectaculares y arriesgados n\u00fameros daban paso a la gran carroza del Sult\u00e1n y la Sultana. Un final de desfile que dejaba al numeroso p\u00fablico pegado en sus asientos y sin ganas de marcharse, esperando por si era el final o se trataba de un corte, porque en las tres horas de duraci\u00f3n de esta Entrada Mora no hubo ninguno.<\/p>\n<figure id=\"attachment_1768\" aria-describedby=\"caption-attachment-1768\" style=\"width: 362px\" class=\"wp-caption aligncenter\"><a href=\"https:\/\/web.morosycristianosdeaspe.es\/wp-content\/uploads\/2016\/07\/IMG_0345.jpg\"><img loading=\"lazy\" decoding=\"async\" class=\"wp-image-1768\" src=\"https:\/\/web.morosycristianosdeaspe.es\/wp-content\/uploads\/2016\/07\/IMG_0345-300x200.jpg\" width=\"362\" height=\"241\" srcset=\"https:\/\/web.morosycristianosdeaspe.es\/wp-content\/uploads\/2016\/07\/IMG_0345-300x200.jpg 300w, https:\/\/web.morosycristianosdeaspe.es\/wp-content\/uploads\/2016\/07\/IMG_0345-768x512.jpg 768w, https:\/\/web.morosycristianosdeaspe.es\/wp-content\/uploads\/2016\/07\/IMG_0345-1024x683.jpg 1024w, https:\/\/web.morosycristianosdeaspe.es\/wp-content\/uploads\/2016\/07\/IMG_0345-690x460.jpg 690w, https:\/\/web.morosycristianosdeaspe.es\/wp-content\/uploads\/2016\/07\/IMG_0345-980x653.jpg 980w\" sizes=\"auto, (max-width: 362px) 100vw, 362px\" \/><\/a><figcaption id=\"caption-attachment-1768\" class=\"wp-caption-text\"><em>Boato moro 2016<\/em><\/figcaption><\/figure>\n<h3 style=\"text-align: center;\"><span style=\"color: #800000;\"><strong>&#x1f539;&nbsp;<span style=\"color: #ff6600;\">MARTES 9&nbsp;<\/span><\/strong><\/span><span style=\"color: #800000;\"><strong><span style=\"color: #ff6600;\">DE AGOSTO&nbsp;DE 2016<\/span>&nbsp;&#x1f539;<\/strong><\/span><\/h3>\n<hr>\n<p>Desde el <strong>1978<\/strong>, a\u00f1o en el que se instituyeron la Fiestas de Moros y Cristianos, nunca hemos faltado a la cita que tenemos con la <strong>Residencia de Ancianos Virgen de las Nieves<\/strong>, este a\u00f1o esta instituci\u00f3n cumpl\u00eda <strong>100 a\u00f1os de servicio del pueblo de Aspe<\/strong> y como siempre acudimos a llevarles nuestra alegr\u00eda, donativos y nuestra fiesta a los residentes y trabajadores de esta emblem\u00e1tica casa, esto fue a las 12:00 h.<\/p>\n<p><a href=\"https:\/\/web.morosycristianosdeaspe.es\/wp-content\/uploads\/2016\/07\/IMG_0748.jpg\"><img loading=\"lazy\" decoding=\"async\" class=\"size-medium wp-image-1776 alignnone\" src=\"https:\/\/web.morosycristianosdeaspe.es\/wp-content\/uploads\/2016\/07\/IMG_0748-300x200.jpg\" alt=\"\" width=\"300\" height=\"200\" srcset=\"https:\/\/web.morosycristianosdeaspe.es\/wp-content\/uploads\/2016\/07\/IMG_0748-300x200.jpg 300w, https:\/\/web.morosycristianosdeaspe.es\/wp-content\/uploads\/2016\/07\/IMG_0748-768x512.jpg 768w, https:\/\/web.morosycristianosdeaspe.es\/wp-content\/uploads\/2016\/07\/IMG_0748-1024x683.jpg 1024w, https:\/\/web.morosycristianosdeaspe.es\/wp-content\/uploads\/2016\/07\/IMG_0748-690x460.jpg 690w, https:\/\/web.morosycristianosdeaspe.es\/wp-content\/uploads\/2016\/07\/IMG_0748-980x653.jpg 980w\" sizes=\"auto, (max-width: 300px) 100vw, 300px\" \/><\/a>&nbsp;<img loading=\"lazy\" decoding=\"async\" class=\"size-medium wp-image-1777 alignnone\" src=\"https:\/\/web.morosycristianosdeaspe.es\/wp-content\/uploads\/2016\/07\/IMG_0856-300x200.jpg\" alt=\"\" width=\"300\" height=\"200\" srcset=\"https:\/\/web.morosycristianosdeaspe.es\/wp-content\/uploads\/2016\/07\/IMG_0856-300x200.jpg 300w, https:\/\/web.morosycristianosdeaspe.es\/wp-content\/uploads\/2016\/07\/IMG_0856-768x512.jpg 768w, https:\/\/web.morosycristianosdeaspe.es\/wp-content\/uploads\/2016\/07\/IMG_0856-1024x683.jpg 1024w, https:\/\/web.morosycristianosdeaspe.es\/wp-content\/uploads\/2016\/07\/IMG_0856-690x460.jpg 690w, https:\/\/web.morosycristianosdeaspe.es\/wp-content\/uploads\/2016\/07\/IMG_0856-980x653.jpg 980w\" sizes=\"auto, (max-width: 300px) 100vw, 300px\" \/><\/p>\n<p>La<strong> misa Festera<\/strong> hab\u00eda cambiado de horario a las <strong>20:00 h<\/strong>. a esa hora la Bas\u00edlica acogi\u00f3 a los Moros Y Cristianos con sus capitanes y abanderadas reyes y sultanes. Se hab\u00eda adelantado una hora despu\u00e9s de muchos a\u00f1os, y fue un acierto, esa tarde siempre resultaba un poco complicada y al trasladar el desfile infantil al d\u00eda anterior &nbsp;todo fue m\u00e1s f\u00e1cil. La eucarist\u00eda fue celebrada por el sacerdote aspense <strong>Juan Antonio C\u00f3rdoba I\u00f1iesta<\/strong>, con \u00e9l concelebraron los sacerdotes <strong>Antonio Joaqu\u00edn Ant\u00f3n y Francisco Javier Colomina.<\/strong> El celebrante nos dio un mensaje contundente y esclarecedor de lo que significan los patronos en las Fiestas de Moros y Cristianos y la forma de honrarlos, una homil\u00eda que a nadie dej\u00f3 indiferente.<\/p>\n<p><a href=\"https:\/\/web.morosycristianosdeaspe.es\/wp-content\/uploads\/2016\/07\/IMG_1373.jpg\"><img loading=\"lazy\" decoding=\"async\" class=\"size-medium wp-image-1778 aligncenter\" src=\"https:\/\/web.morosycristianosdeaspe.es\/wp-content\/uploads\/2016\/07\/IMG_1373-300x200.jpg\" alt=\"\" width=\"300\" height=\"200\" srcset=\"https:\/\/web.morosycristianosdeaspe.es\/wp-content\/uploads\/2016\/07\/IMG_1373-300x200.jpg 300w, https:\/\/web.morosycristianosdeaspe.es\/wp-content\/uploads\/2016\/07\/IMG_1373-768x512.jpg 768w, https:\/\/web.morosycristianosdeaspe.es\/wp-content\/uploads\/2016\/07\/IMG_1373-1024x683.jpg 1024w, https:\/\/web.morosycristianosdeaspe.es\/wp-content\/uploads\/2016\/07\/IMG_1373-690x460.jpg 690w, https:\/\/web.morosycristianosdeaspe.es\/wp-content\/uploads\/2016\/07\/IMG_1373-980x653.jpg 980w\" sizes=\"auto, (max-width: 300px) 100vw, 300px\" \/><\/a><\/p>\n<p>La <strong>Virgen de las Nieves<\/strong>, fue la gran e indiscutible protagonista, en esta Misa Festera, cantada por el <strong>Coro Parroquial<\/strong> al que acompa\u00f1\u00f3 un instrumento llamado <strong>dulzaina<\/strong>, que le dio un toque especial, aunque el toque no especial se lo dio el estruendo que produc\u00eda la guerrilla, que coincidi\u00f3 con la hora de la misa y el Sacerdote en su homil\u00eda entre otras cosas nos dio un merecido tir\u00f3n de orejas.<\/p>\n<p><a href=\"https:\/\/web.morosycristianosdeaspe.es\/wp-content\/uploads\/2016\/07\/IMG_1419.jpg\"><img loading=\"lazy\" decoding=\"async\" class=\"size-medium wp-image-1779 aligncenter\" src=\"https:\/\/web.morosycristianosdeaspe.es\/wp-content\/uploads\/2016\/07\/IMG_1419-300x200.jpg\" alt=\"\" width=\"300\" height=\"200\" srcset=\"https:\/\/web.morosycristianosdeaspe.es\/wp-content\/uploads\/2016\/07\/IMG_1419-300x200.jpg 300w, https:\/\/web.morosycristianosdeaspe.es\/wp-content\/uploads\/2016\/07\/IMG_1419-768x512.jpg 768w, https:\/\/web.morosycristianosdeaspe.es\/wp-content\/uploads\/2016\/07\/IMG_1419-1024x683.jpg 1024w, https:\/\/web.morosycristianosdeaspe.es\/wp-content\/uploads\/2016\/07\/IMG_1419-690x460.jpg 690w, https:\/\/web.morosycristianosdeaspe.es\/wp-content\/uploads\/2016\/07\/IMG_1419-980x653.jpg 980w\" sizes=\"auto, (max-width: 300px) 100vw, 300px\" \/><\/a><\/p>\n<p>De la Bas\u00edlica sali\u00f3 el cortejo formado ya para dirigirse al <strong>Parque Doctor Calatayud<\/strong>, all\u00ed por segundo a\u00f1o estaba instalado el <strong>castillo de las embajadas.<\/strong><\/p>\n<p><a href=\"https:\/\/web.morosycristianosdeaspe.es\/wp-content\/uploads\/2016\/07\/IMG_1772.jpg\"><img loading=\"lazy\" decoding=\"async\" class=\"size-medium wp-image-1780 aligncenter\" src=\"https:\/\/web.morosycristianosdeaspe.es\/wp-content\/uploads\/2016\/07\/IMG_1772-300x200.jpg\" alt=\"\" width=\"300\" height=\"200\" srcset=\"https:\/\/web.morosycristianosdeaspe.es\/wp-content\/uploads\/2016\/07\/IMG_1772-300x200.jpg 300w, https:\/\/web.morosycristianosdeaspe.es\/wp-content\/uploads\/2016\/07\/IMG_1772-768x512.jpg 768w, https:\/\/web.morosycristianosdeaspe.es\/wp-content\/uploads\/2016\/07\/IMG_1772-1024x683.jpg 1024w, https:\/\/web.morosycristianosdeaspe.es\/wp-content\/uploads\/2016\/07\/IMG_1772-690x460.jpg 690w, https:\/\/web.morosycristianosdeaspe.es\/wp-content\/uploads\/2016\/07\/IMG_1772-980x653.jpg 980w\" sizes=\"auto, (max-width: 300px) 100vw, 300px\" \/><\/a><\/p>\n<p><a href=\"https:\/\/web.morosycristianosdeaspe.es\/wp-content\/uploads\/2016\/07\/IMG_2165.jpg\"><img loading=\"lazy\" decoding=\"async\" class=\"size-medium wp-image-1781 aligncenter\" src=\"https:\/\/web.morosycristianosdeaspe.es\/wp-content\/uploads\/2016\/07\/IMG_2165-300x200.jpg\" alt=\"\" width=\"300\" height=\"200\" srcset=\"https:\/\/web.morosycristianosdeaspe.es\/wp-content\/uploads\/2016\/07\/IMG_2165-300x200.jpg 300w, https:\/\/web.morosycristianosdeaspe.es\/wp-content\/uploads\/2016\/07\/IMG_2165-768x512.jpg 768w, https:\/\/web.morosycristianosdeaspe.es\/wp-content\/uploads\/2016\/07\/IMG_2165-1024x683.jpg 1024w, https:\/\/web.morosycristianosdeaspe.es\/wp-content\/uploads\/2016\/07\/IMG_2165-690x460.jpg 690w, https:\/\/web.morosycristianosdeaspe.es\/wp-content\/uploads\/2016\/07\/IMG_2165-980x653.jpg 980w\" sizes=\"auto, (max-width: 300px) 100vw, 300px\" \/><\/a><\/p>\n<p>La<strong> embajada<\/strong> una puesta en escena que se supera a\u00f1o tras a\u00f1o al igual que los embajadores <strong>Jos\u00e9 Berenguer Pastor, Embajador Moro y Jos\u00e9 Vicente Botella Tolmos, Embajador Cristiano<\/strong>. Un numeroso p\u00fablico ya ocupaba el recinto antes de diera comienzo el acto. Puede que yo sienta debilidad adem\u00e1s de estar enamorado de los textos de <strong>David Garrido,<\/strong> mi condici\u00f3n de haber sido el primer Embajador Cristiano y de serlo durante 12 a\u00f1os, me condiciona a pensar que para m\u00ed es lo m\u00e1s importante de la fiesta y esa noche se demostr\u00f3 una vez m\u00e1s. Todos se superaron, el Joven <strong>Jos\u00e9 Mateo Soler<\/strong>, en su importante papel de Juglar estuvo a la altura de los embajadores, como los directores y coordinadores de escena.<\/p>\n<p>&nbsp;<\/p>\n<h3 style=\"text-align: center;\"><span style=\"color: #800000;\"><strong>&#x1f539;&nbsp;<\/strong><\/span><span style=\"color: #800000;\"><strong><span style=\"color: #ff6600;\">MI\u00c9RCOLES 10 DE AGOSTO&nbsp;DE 2016<\/span>&nbsp;&#x1f539;<\/strong><\/span><\/h3>\n<hr>\n<p>La <strong>Entrada Cristiana<\/strong>, como la Mora arranc\u00f3 a la misma hora y tambi\u00e9n fue un gran espect\u00e1culo, el numeroso p\u00fablico que llenaba las calles del recorrido del desfile disfrut\u00f3 y aplaudi\u00f3 a las diferentes filas y cabos como a los capitanes y abanderas, pero sin duda la capitan\u00eda cristiana fue el gran espect\u00e1culo, abr\u00eda con Capit\u00e1n y Abanderada e infantiles en caballos de color marr\u00f3n y blanco, el capit\u00e1n infantil se revel\u00f3 como un consumado jinete, arrancando aplausos de un p\u00fablico m\u00e1s que sorprendido con la destreza y la seguridad del ni\u00f1o <strong>Hugo Zafrilla.<\/strong> Cuatro fueron las filas invitadas que le dieron un toque especial a esta gran comparsa, <strong>Fila Contrabandistas de Almorad\u00ed, Escuadra Contrabandistas de Elda, Escuadra Contrabandistas de Monforte con jinete y Escuadra Andaluces de Villena.<\/strong> El boato de los reyes muy acorde con lo que representa est\u00e1 comparsa, seis jinetes en hermosos caballos haciendo espectaculares n\u00fameros y arrancado aplausos en todo el recorrido, ellos daban paso a la carroza de los reyes que era un trozo de la serran\u00eda de C\u00f3rdoba, en lo m\u00e1s alto reyes mayores e infantiles a la sombra de un gran olivo, cerraban la Entrada Cristiana, recibiendo los aplausos del p\u00fablico.<\/p>\n<figure id=\"attachment_1771\" aria-describedby=\"caption-attachment-1771\" style=\"width: 314px\" class=\"wp-caption aligncenter\"><a href=\"https:\/\/web.morosycristianosdeaspe.es\/wp-content\/uploads\/2016\/07\/IMG_3928.jpg\"><img loading=\"lazy\" decoding=\"async\" class=\"wp-image-1771\" src=\"https:\/\/web.morosycristianosdeaspe.es\/wp-content\/uploads\/2016\/07\/IMG_3928-300x200.jpg\" width=\"314\" height=\"209\" srcset=\"https:\/\/web.morosycristianosdeaspe.es\/wp-content\/uploads\/2016\/07\/IMG_3928-300x200.jpg 300w, https:\/\/web.morosycristianosdeaspe.es\/wp-content\/uploads\/2016\/07\/IMG_3928-768x512.jpg 768w, https:\/\/web.morosycristianosdeaspe.es\/wp-content\/uploads\/2016\/07\/IMG_3928-1024x683.jpg 1024w, https:\/\/web.morosycristianosdeaspe.es\/wp-content\/uploads\/2016\/07\/IMG_3928-690x460.jpg 690w, https:\/\/web.morosycristianosdeaspe.es\/wp-content\/uploads\/2016\/07\/IMG_3928-980x653.jpg 980w\" sizes=\"auto, (max-width: 314px) 100vw, 314px\" \/><\/a><figcaption id=\"caption-attachment-1771\" class=\"wp-caption-text\"><em>Carroza con el Reinado 2016<\/em><\/figcaption><\/figure>\n<figure id=\"attachment_1770\" aria-describedby=\"caption-attachment-1770\" style=\"width: 324px\" class=\"wp-caption aligncenter\"><a href=\"https:\/\/web.morosycristianosdeaspe.es\/wp-content\/uploads\/2016\/07\/IMG_3873.jpg\"><img loading=\"lazy\" decoding=\"async\" class=\"wp-image-1770\" src=\"https:\/\/web.morosycristianosdeaspe.es\/wp-content\/uploads\/2016\/07\/IMG_3873-300x200.jpg\" width=\"324\" height=\"216\" srcset=\"https:\/\/web.morosycristianosdeaspe.es\/wp-content\/uploads\/2016\/07\/IMG_3873-300x200.jpg 300w, https:\/\/web.morosycristianosdeaspe.es\/wp-content\/uploads\/2016\/07\/IMG_3873-768x512.jpg 768w, https:\/\/web.morosycristianosdeaspe.es\/wp-content\/uploads\/2016\/07\/IMG_3873-1024x683.jpg 1024w, https:\/\/web.morosycristianosdeaspe.es\/wp-content\/uploads\/2016\/07\/IMG_3873-690x460.jpg 690w, https:\/\/web.morosycristianosdeaspe.es\/wp-content\/uploads\/2016\/07\/IMG_3873-980x653.jpg 980w\" sizes=\"auto, (max-width: 324px) 100vw, 324px\" \/><\/a><figcaption id=\"caption-attachment-1770\" class=\"wp-caption-text\"><em>Reinado 2016 y su boato<\/em><\/figcaption><\/figure>\n<p>Finalizado el desfile las capitan\u00edas se concentraron en la tribuna de invitados, desde all\u00ed todos juntos autoridades locales y festeras entre las que se encontraba el <strong>Presidente de la UNDEF<\/strong> y <strong>presidentes de varios pueblos festeros<\/strong>, nos dirigimos al castillo de las embajadas, donde las capitan\u00edas as\u00ed como el Alcalde de fiestas <strong>entregaron sus respectivas banderas al Alcalde de Aspe y al Presidente de la Uni\u00f3n<\/strong>, tambi\u00e9n el bast\u00f3n de mando. Para finalizar, se dio el fallo de los <strong>Premios Miguel Iborra<\/strong>, este fue el resultado de la Votaci\u00f3n del jurado:<\/p>\n<h3>&#x1f4a0;&nbsp;<strong><span style=\"color: #ff6600;\">BANDO CRISTIANO<\/span><\/strong><\/h3>\n<ul>\n<li>Mejor Fil\u00e1 Infantil: <strong>Aspericas de la Comparsa Duque de Maqueda<\/strong><\/li>\n<li>Mejor Fil\u00e1 Femenina: <strong>Damas de Aquitania de Duque de Maqueda<\/strong><\/li>\n<li>Mejor Fil\u00e1 Masculina; P<strong>egotes de Duque de Maqueda<\/strong><\/li>\n<li>Mejor Cabo Femenino: <strong>Aroa Miralles D\u00edez de Duque de Maqueda<\/strong><\/li>\n<li>Mejor Cabo Masculino: <strong>Jos\u00e9 Poveda de Cristianos Estudiantes<\/strong><\/li>\n<\/ul>\n<h3>&#x1f4a0;&nbsp;<strong><span style=\"color: #ff6600;\">BANDO MORO<\/span><\/strong><\/h3>\n<ul>\n<li>Mejor fil\u00e1 Infantil: <strong>Samburu de la Comparsa Fauquies<\/strong><\/li>\n<li>Mejor Fil\u00e1 Femenina: <strong>Morancas de Fauquies<\/strong><\/li>\n<li>Mejor Fil\u00e1 Masculina: <strong>Luis Canales de Fauquies<\/strong><\/li>\n<li>Mejor cabo Femenino: <strong>Roc\u00edo Albeza Asencio de Fauquies<\/strong><\/li>\n<li>&nbsp;Mejor cabo Masculino: <strong>Francisco Jos\u00e9 Pujalte de Aljau<\/strong><\/li>\n<\/ul>\n<p>La&nbsp; noche acab\u00f3 en los jardines del <strong>Centro Social Casa Del Cisco<\/strong> donde se sirvi\u00f3 un vino de honor.<\/p>\n","protected":false},"excerpt":{"rendered":"<p>Carlos Aznar Pav\u00eda Cronista Oficial de Fiestas &#x1f538;CR\u00d3NICA DE FIESTAS DE MOROS Y CRISTIANOS QUE ASPE CELEBRA EN HONOR A LA VIRGEN DE LAS NIEVES &#8211; A\u00d1O 2016&nbsp;&#x1f538; Hay a\u00f1os que las fiestas de Moros y Cristianos de identifican por alg\u00fan hecho importante ocurrido en ellas, por ejemplo: 1980 estreno de la primera embajada, 2011 [&hellip;]<\/p>\n","protected":false},"author":1,"featured_media":0,"parent":77,"menu_order":51,"comment_status":"closed","ping_status":"closed","template":"","meta":{"footnotes":""},"class_list":["post-1496","page","type-page","status-publish","hentry"],"_links":{"self":[{"href":"https:\/\/web.morosycristianosdeaspe.es\/index.php?rest_route=\/wp\/v2\/pages\/1496","targetHints":{"allow":["GET"]}}],"collection":[{"href":"https:\/\/web.morosycristianosdeaspe.es\/index.php?rest_route=\/wp\/v2\/pages"}],"about":[{"href":"https:\/\/web.morosycristianosdeaspe.es\/index.php?rest_route=\/wp\/v2\/types\/page"}],"author":[{"embeddable":true,"href":"https:\/\/web.morosycristianosdeaspe.es\/index.php?rest_route=\/wp\/v2\/users\/1"}],"replies":[{"embeddable":true,"href":"https:\/\/web.morosycristianosdeaspe.es\/index.php?rest_route=%2Fwp%2Fv2%2Fcomments&post=1496"}],"version-history":[{"count":7,"href":"https:\/\/web.morosycristianosdeaspe.es\/index.php?rest_route=\/wp\/v2\/pages\/1496\/revisions"}],"predecessor-version":[{"id":1783,"href":"https:\/\/web.morosycristianosdeaspe.es\/index.php?rest_route=\/wp\/v2\/pages\/1496\/revisions\/1783"}],"up":[{"embeddable":true,"href":"https:\/\/web.morosycristianosdeaspe.es\/index.php?rest_route=\/wp\/v2\/pages\/77"}],"wp:attachment":[{"href":"https:\/\/web.morosycristianosdeaspe.es\/index.php?rest_route=%2Fwp%2Fv2%2Fmedia&parent=1496"}],"curies":[{"name":"wp","href":"https:\/\/api.w.org\/{rel}","templated":true}]}}