{"id":480,"date":"2013-08-20T12:35:23","date_gmt":"2013-08-20T10:35:23","guid":{"rendered":"http:\/\/web.morosycristianosdeaspe.es\/?page_id=480"},"modified":"2013-08-20T12:38:41","modified_gmt":"2013-08-20T10:38:41","slug":"aspe-y-sus-primeras-fiestas-tras-la-declaracion-de-interes-turistico-provincial","status":"publish","type":"page","link":"https:\/\/web.morosycristianosdeaspe.es\/?page_id=480","title":{"rendered":"ASPE Y SUS PRIMERAS FIESTAS TRAS LA DECLARACI\u00d3N DE INTER\u00c9S TUR\u00cdSTICO PROVINCIAL"},"content":{"rendered":"<p style=\"text-align: right;\"><span style=\"color: #800000;\"><em>Carlos Aznar Pav\u00eda<br \/>\nCronista Oficial de Fiestas<\/em><\/span><\/p>\n<h1>S\u00e1bado 27 de julio.<\/h1>\n<p>Como en a\u00f1os anteriores y utilizando medios audiovisuales, m\u00fasica y guerreros, dentro de un gui\u00f3n muy elaborado para un espect\u00e1culo, que al p\u00fablico que llenaba la Plaza Mayor de Aspe no dejo indiferente, se presentaron los Cargos Festeros al pueblo. Dos bell\u00edsimas festeras: Roci\u00f3 Albeza y Aroa Miralles, fueron las presentadoras de este acto que se repite la \u00faltima semana de julio y con el que arrancan las Fiestas de Moros y Cristianos. Despu\u00e9s de la presentaci\u00f3n de los Cargos Festeros al pueblo y con \u00e9stos en el escenario, se entregaron los premios del Concurso del Cartel Anunciador de las Fiestas 2013. Tambi\u00e9n hubo un reconocimiento para los nominados como Socios Honor\u00edficos a t\u00edtulo personal de la UNDEF. En el presente a\u00f1o los nominados fueron: Alfredo Garc\u00eda Cerd\u00e1n e Isabel Pastor Soler, que tuvieron el privilegio de firmar en el Libro de Oro de la Uni\u00f3n de Moros y Cristianos Virgen de las Nieves.<\/p>\n<p>Sergio Puerto Manch\u00f3n, pregonero de las Fiestas de Moros y Cristianos 2012 present\u00f3 a Marisa Cerd\u00e1n Garc\u00eda, pregonera de las Fiestas del presente a\u00f1o. Marisa nos sorprendi\u00f3 a todos con un preg\u00f3n que apenas ley\u00f3, brotaba de su garganta con fluidez, porque desde que tuvo uso de raz\u00f3n ha vivido junto con toda su familia la Fiesta, y con esa armon\u00eda supo llegar al coraz\u00f3n del p\u00fablico. Sobre todo al del festero.<\/p>\n<h1>Mi\u00e9rcoles 7 de agosto.<\/h1>\n<figure id=\"attachment_484\" aria-describedby=\"caption-attachment-484\" style=\"width: 300px\" class=\"wp-caption alignleft\"><img loading=\"lazy\" decoding=\"async\" class=\"size-full wp-image-484\" alt=\"Himno 2013\" src=\"https:\/\/web.morosycristianosdeaspe.es\/wp-content\/uploads\/2013\/08\/IMG_8512.jpg\" width=\"300\" height=\"200\" \/><figcaption id=\"caption-attachment-484\" class=\"wp-caption-text\">Himno 2013<\/figcaption><\/figure>\n<p>Siempre teniendo como enemigo y compa\u00f1ero al sol, lo desafiamos para no restar participaci\u00f3n en las fiestas de los distintos cuartelillos y k\u00e1bilas ni en los actos oficiales, que dieron comienzo a las 19:45 horas, con la entrada de bandas de m\u00fasica acompa\u00f1adas por sus comparsas. Desde el ensanche de la Cruz de Orihuela y con un visitante de excepci\u00f3n, Sebasti\u00e1n Fern\u00e1ndez Miralles, Director General de Turismo, \u00a0nos dirigimos hasta el castillo de las embajadas, donde ocuparon sus almenas el Alcalde de Aspe, nuestro ilustre visitante, \u00a0el Presidente de la Uni\u00f3n, los embajadores y el Alcalde de Fiestas, al que en un simb\u00f3lico acto se le entreg\u00f3 el bast\u00f3n de mando, al tiempo que se izaba la bandera y se interpretaba el Himno de las Fiestas de Moros y Cristianos. Este a\u00f1o el honor de dirigir a las distintas bandas y festeros que colapsaban la Avda. Constituci\u00f3n, recay\u00f3 en el extraordinario m\u00fasico aspense Enrique Clavel Ruiz.<\/p>\n<p>El Director General de Turismo de la Generalidad Valenciana, as\u00ed como el Alcalde y el Presidente de la Uni\u00f3n se dirigieron a los festeros desde lo alto del castillo para anunciar que daban comienzo las Fiestas de Moros y Cristianos 2013.<\/p>\n<p>A medianoche se escucharon tres potentes morteros. Se\u00f1al de que los Moros y Cristianos volv\u00edan a tomar las calles de Aspe. Y lo hac\u00edan con un desenfadado desfile multicolor llamado \u201cRetreta\u201d, donde no se deja t\u00edtere con cabeza. Una explosi\u00f3n de sana alegr\u00eda que nada tiene que ver con la marcialidad de las entradas mora y cristiana. La participaci\u00f3n en la retreta, como la del p\u00fablico a lo largo del recorrido fue masiva.<\/p>\n<h1>Jueves 8 de agosto.<\/h1>\n<p>Durante cinco a\u00f1os el \u201cTren Festero\u201d ha ido llevando como pasajeros a los cargos festeros recorriendo los diferentes cuartelillos y k\u00e1bilas. Este a\u00f1o lo hac\u00edamos con una banda de m\u00fasica recorriendo las calles del pueblo, tratando as\u00ed de dar m\u00e1s participaci\u00f3n al pueblo y a las personas que a esa hora se encontraban en nuestros parques y plazas. Esto tuvo lugar entre las 12 y las 14 horas.<\/p>\n<figure id=\"attachment_485\" aria-describedby=\"caption-attachment-485\" style=\"width: 288px\" class=\"wp-caption alignleft\"><img loading=\"lazy\" decoding=\"async\" class=\"size-full wp-image-485\" alt=\"Boato Sultanato\" src=\"https:\/\/web.morosycristianosdeaspe.es\/wp-content\/uploads\/2013\/08\/IMG_9694.jpg\" width=\"288\" height=\"192\" \/><figcaption id=\"caption-attachment-485\" class=\"wp-caption-text\">Boato Sultanato<\/figcaption><\/figure>\n<p>A las 20:45, puntual, ordenada y majestuosa, arrancaba la Entrada Mora desde el ensanche de la Cruz de Orihuela. Cabe destacar la participaci\u00f3n de la comparsa cristiana que abr\u00eda el desfile. Lleva tres a\u00f1os integrada en la fiesta, pero lo hac\u00eda por primera vez como Contrabandistas de la Sierra Negra, con todo lo que conlleva una comparsa de esas caracter\u00edsticas. Cerraba la comparsa Moros Fauquies que ostentaba la capitan\u00eda de su bando con un espectacular y fastuoso boato.<\/p>\n<h1>Viernes 9 de agosto.<\/h1>\n<p>De los dos actos que se ven\u00edan haciendo en esa ma\u00f1ana, uno se hab\u00eda dejado para la tarde, tratando de que los ni\u00f1os no tuviesen que madrugar y hubiese m\u00e1s participaci\u00f3n.<\/p>\n<p>A las 11:30, desde la Plaza Mayor se inici\u00f3 el tradicional recorrido a ritmo de pasodoble hasta llegar a la Residencia de Ancianos Virgen de las Nieves. All\u00ed como en a\u00f1os anteriores, se realiz\u00f3 un desfile en la replaceta de acceso a la casa de esta instituci\u00f3n, el Presidente de la Uni\u00f3n y los de las distintas comparsas entregaron sus donativos al presidente de la residencia, Agust\u00edn Botella.<\/p>\n<figure id=\"attachment_486\" aria-describedby=\"caption-attachment-486\" style=\"width: 300px\" class=\"wp-caption alignleft\"><img loading=\"lazy\" decoding=\"async\" class=\"size-full wp-image-486\" alt=\"Entrada Infantil\" src=\"https:\/\/web.morosycristianosdeaspe.es\/wp-content\/uploads\/2013\/08\/IMG_0478-1.jpg\" width=\"300\" height=\"200\" \/><figcaption id=\"caption-attachment-486\" class=\"wp-caption-text\">Entrada Infantil<\/figcaption><\/figure>\n<p>La Entrada Infantil al pasarla a las 20:00 h. tuvo, como ya se hab\u00eda pronosticado, mucha m\u00e1s participaci\u00f3n. Los cargos de las distintas comparsas as\u00ed como las filas de gala que les acompa\u00f1aban en un punto determinado se unieron al desfile infantil, mientras por distinto recorrido la guerrilla disparaba sus arcabuces, creando un ambiente de fiesta por todo el pueblo.<\/p>\n<p>&nbsp;<\/p>\n<figure id=\"attachment_489\" aria-describedby=\"caption-attachment-489\" style=\"width: 300px\" class=\"wp-caption alignleft\"><img loading=\"lazy\" decoding=\"async\" class=\"size-full wp-image-489\" alt=\"Guerrilla\" src=\"https:\/\/web.morosycristianosdeaspe.es\/wp-content\/uploads\/2013\/08\/IMG_0552.jpg\" width=\"300\" height=\"200\" \/><figcaption id=\"caption-attachment-489\" class=\"wp-caption-text\">Guerrilla<\/figcaption><\/figure>\n<p>La guerrilla llego hasta el castillo de las embajadas y el desfile hasta las puertas de la Bas\u00edlica de Ntra. Sra. del Socorro, abri\u00e9ndose \u00e9stas para dar paso a la comitiva que asisti\u00f3 a la celebraci\u00f3n de la Misa Festera, en honor a nuestra patrona la Virgen de las Nieves. Su imagen presid\u00eda el altar mayor, la misa fue cantada y acompa\u00f1ada al \u00a0\u00f3rgano por un joven de una portentosa voz, Misael Pav\u00eda Mart\u00ednez.<\/p>\n<figure id=\"attachment_488\" aria-describedby=\"caption-attachment-488\" style=\"width: 199px\" class=\"wp-caption alignright\"><img loading=\"lazy\" decoding=\"async\" class=\"size-medium wp-image-488 \" alt=\"Misa Festera\" src=\"https:\/\/web.morosycristianosdeaspe.es\/wp-content\/uploads\/2013\/08\/DSC_7569-1-199x300.jpg\" width=\"199\" height=\"300\" srcset=\"https:\/\/web.morosycristianosdeaspe.es\/wp-content\/uploads\/2013\/08\/DSC_7569-1-199x300.jpg 199w, https:\/\/web.morosycristianosdeaspe.es\/wp-content\/uploads\/2013\/08\/DSC_7569-1.jpg 300w\" sizes=\"auto, (max-width: 199px) 100vw, 199px\" \/><figcaption id=\"caption-attachment-488\" class=\"wp-caption-text\">Misa Festera<\/figcaption><\/figure>\n<p>De la Bas\u00edlica y en perfecto orden, los festeros se dirigieron al castillo donde tuvo lugar \u201cLa Embajada\u201d, con un despliegue de medios que se superan todos los a\u00f1os, adem\u00e1s de una nueva puesta en escena dirigida por Francisco Bonmat\u00ed, que le dio un toque muy especial a los textos del historiador alicantino David Garrido.<\/p>\n<figure id=\"attachment_490\" aria-describedby=\"caption-attachment-490\" style=\"width: 300px\" class=\"wp-caption alignleft\"><img loading=\"lazy\" decoding=\"async\" class=\"size-full wp-image-490\" alt=\"Embajada\" src=\"https:\/\/web.morosycristianosdeaspe.es\/wp-content\/uploads\/2013\/08\/IMG_0958.jpg\" width=\"300\" height=\"200\" \/><figcaption id=\"caption-attachment-490\" class=\"wp-caption-text\">Embajada<\/figcaption><\/figure>\n<p>Tambi\u00e9n los Embajadores Jos\u00e9 Berenguer y Jos\u00e9 Vicente Botella, se han superado con el nuevo texto, en este tercer a\u00f1o de su estreno. La escenograf\u00eda del Juglar, Enrique Pastor, personaje muy importante, tambi\u00e9n se enriqueci\u00f3 y se le dio un nuevo enfoque. \u00a0\u201cLa Embajada\u201d se ha convertido en el acto tal vez m\u00e1s importante de las Fiestas de Moros y Cristianos de Aspe y esa noche los aspenses lo corroboraron con su masiva asistencia y sus prolongados aplausos. Una cascada de fuegos artificiales que apareci\u00f3 detr\u00e1s del castillo puso la guinda a una noche m\u00e1gica, la noche de la Embajada.<\/p>\n<h1>S\u00e1bado 10 de agosto.<\/h1>\n<figure id=\"attachment_491\" aria-describedby=\"caption-attachment-491\" style=\"width: 300px\" class=\"wp-caption alignleft\"><img loading=\"lazy\" decoding=\"async\" class=\"size-full wp-image-491 \" alt=\"Carroza Reinado\" src=\"https:\/\/web.morosycristianosdeaspe.es\/wp-content\/uploads\/2013\/08\/IMG_9397.jpg\" width=\"300\" height=\"200\" \/><figcaption id=\"caption-attachment-491\" class=\"wp-caption-text\">Carroza Reinado<\/figcaption><\/figure>\n<p>Desde un punto estrat\u00e9gico y con una potente megafon\u00eda, Enrique Alenda, dirig\u00eda a las huestes Moras y Cristianas, la batalla estaba ganada los Moros se bat\u00edan en retirada, y las calles de Aspe se llenaron de nuevo de m\u00fasica color y fantas\u00eda. Un regalo para la vista y los o\u00eddos del p\u00fablico que presencio la Entrada Cristiana que puntual, ordenada y sin cortes cerraba con el espectacular y original boato de la Capitan\u00eda Cristiana.<\/p>\n<p>Acabada la Entrada Cristiana, autoridades, miembros de la Uni\u00f3n, representantes de los pueblos acogidos en la UNDEF y cargos festeros, acompa\u00f1ados de las bandas de m\u00fasica nos dirigimos al castillo de las Embajada, donde se dio el fallo de los Premios Miguel Iborra 2013, y las Capitan\u00edas, as\u00ed como el Alcalde de Fiestas, entregaron sus respectivas banderas, clausur\u00e1ndose as\u00ed las Fiestas de Moros y Cristianos 2013.<\/p>\n","protected":false},"excerpt":{"rendered":"<p>Carlos Aznar Pav\u00eda Cronista Oficial de Fiestas S\u00e1bado 27 de julio. Como en a\u00f1os anteriores y utilizando medios audiovisuales, m\u00fasica y guerreros, dentro de un gui\u00f3n muy elaborado para un espect\u00e1culo, que al p\u00fablico que llenaba la Plaza Mayor de Aspe no dejo indiferente, se presentaron los Cargos Festeros al pueblo. Dos bell\u00edsimas festeras: Roci\u00f3 [&hellip;]<\/p>\n","protected":false},"author":1,"featured_media":0,"parent":77,"menu_order":40,"comment_status":"closed","ping_status":"closed","template":"onecolumn-page.php","meta":{"footnotes":""},"class_list":["post-480","page","type-page","status-publish","hentry"],"_links":{"self":[{"href":"https:\/\/web.morosycristianosdeaspe.es\/index.php?rest_route=\/wp\/v2\/pages\/480","targetHints":{"allow":["GET"]}}],"collection":[{"href":"https:\/\/web.morosycristianosdeaspe.es\/index.php?rest_route=\/wp\/v2\/pages"}],"about":[{"href":"https:\/\/web.morosycristianosdeaspe.es\/index.php?rest_route=\/wp\/v2\/types\/page"}],"author":[{"embeddable":true,"href":"https:\/\/web.morosycristianosdeaspe.es\/index.php?rest_route=\/wp\/v2\/users\/1"}],"replies":[{"embeddable":true,"href":"https:\/\/web.morosycristianosdeaspe.es\/index.php?rest_route=%2Fwp%2Fv2%2Fcomments&post=480"}],"version-history":[{"count":5,"href":"https:\/\/web.morosycristianosdeaspe.es\/index.php?rest_route=\/wp\/v2\/pages\/480\/revisions"}],"predecessor-version":[{"id":494,"href":"https:\/\/web.morosycristianosdeaspe.es\/index.php?rest_route=\/wp\/v2\/pages\/480\/revisions\/494"}],"up":[{"embeddable":true,"href":"https:\/\/web.morosycristianosdeaspe.es\/index.php?rest_route=\/wp\/v2\/pages\/77"}],"wp:attachment":[{"href":"https:\/\/web.morosycristianosdeaspe.es\/index.php?rest_route=%2Fwp%2Fv2%2Fmedia&parent=480"}],"curies":[{"name":"wp","href":"https:\/\/api.w.org\/{rel}","templated":true}]}}