{"id":623,"date":"2013-12-14T20:15:45","date_gmt":"2013-12-14T19:15:45","guid":{"rendered":"http:\/\/web.morosycristianosdeaspe.es\/?page_id=623"},"modified":"2013-12-14T20:48:36","modified_gmt":"2013-12-14T19:48:36","slug":"acto-de-la-concordia-en-aspe","status":"publish","type":"page","link":"https:\/\/web.morosycristianosdeaspe.es\/?page_id=623","title":{"rendered":"ACTO DE LA CONCORDIA EN ASPE"},"content":{"rendered":"<p style=\"text-align: right;\" align=\"center\"><span style=\"color: #993300;\"><em>Carlos Aznar Pav\u00eda<br \/>\nCronista Oficial de Fiestas<\/em><\/span><\/p>\n<p align=\"center\">ACTO DE LA CONCORDIA EN ASPE<\/p>\n<p align=\"center\">TOMA DE POSESI\u00d3N DE LA VILLA POR GUTIERRE DE CARDENAS EN EL<\/p>\n<p align=\"center\">A\u00d1O 1497<\/p>\n<p>El pasado d\u00eda 1 de diciembre hubo una gran fiesta en Aspe. Se celebr\u00f3 y represent\u00f3 por primera vez el Acto de la Concordia. La Uni\u00f3n de moros y Cristianos Virgen de las Nieves corri\u00f3 con esta hist\u00f3rica representaci\u00f3n a iniciativa de alcald\u00eda. Este fue el acto de la compraventa de la Villa de Aspe por el Comendador \u201cGutierre de Cardenas\u201d (Duque de Maqueda) a los Condes de Cocentaina. El apoderado de este Mosen D. Juan de Lujan, llega a Aspe en el a\u00f1o 1497 a sustituir la baron\u00eda que ostentaba Mosen Diego de Figueroa. Este manda al pregonero Junquet, que convoque a la poblaci\u00f3n en la Plaza Mayor del pueblo.<\/p>\n<figure id=\"attachment_631\" aria-describedby=\"caption-attachment-631\" style=\"width: 800px\" class=\"wp-caption aligncenter\"><img loading=\"lazy\" decoding=\"async\" class=\"size-full wp-image-631\" alt=\"Pregonero Junquet\" src=\"https:\/\/web.morosycristianosdeaspe.es\/wp-content\/uploads\/2013\/12\/IMG_0980w.jpg\" width=\"800\" height=\"533\" srcset=\"https:\/\/web.morosycristianosdeaspe.es\/wp-content\/uploads\/2013\/12\/IMG_0980w.jpg 800w, https:\/\/web.morosycristianosdeaspe.es\/wp-content\/uploads\/2013\/12\/IMG_0980w-300x199.jpg 300w\" sizes=\"auto, (max-width: 800px) 100vw, 800px\" \/><figcaption id=\"caption-attachment-631\" class=\"wp-caption-text\">Pregonero Junquet<\/figcaption><\/figure>\n<p>Viene a decir que la Villa ha sido vendida a un nuevo se\u00f1or y que su procurador, D. Juan de Lujan, llega a hacerse cargo. Deben conocerlo y rendirle pleites\u00eda.<\/p>\n<figure id=\"attachment_633\" aria-describedby=\"caption-attachment-633\" style=\"width: 700px\" class=\"wp-caption aligncenter\"><img loading=\"lazy\" decoding=\"async\" class=\"size-full wp-image-633\" alt=\"Escenificaci\u00f3n del Acto\" src=\"https:\/\/web.morosycristianosdeaspe.es\/wp-content\/uploads\/2013\/12\/IMG_0996w.jpg\" width=\"700\" height=\"467\" srcset=\"https:\/\/web.morosycristianosdeaspe.es\/wp-content\/uploads\/2013\/12\/IMG_0996w.jpg 700w, https:\/\/web.morosycristianosdeaspe.es\/wp-content\/uploads\/2013\/12\/IMG_0996w-300x200.jpg 300w\" sizes=\"auto, (max-width: 700px) 100vw, 700px\" \/><figcaption id=\"caption-attachment-633\" class=\"wp-caption-text\">Escenificaci\u00f3n del Acto<\/figcaption><\/figure>\n<p>El escenario, el mismo que hace m\u00e1s de 500 a\u00f1os, la Plaza Mayor de la Villa de Aspe, los personajes vestidos de \u00e9poca dieron vida y recuperaron para los aspenses un hecho muy importante de nuestra historia. El Cronista de la Villa Gonzalo Mart\u00ednez Espa\u00f1ol, lleva varios art\u00edculos publicados sobre el tema y el d\u00eda 29 de diciembre en el Teatro Wagner nos dio una conferencia amena, ilustrativa y esclarecedora sobre estos hechos, trascribo una peque\u00f1a parte de su charla que puede resultar aclaratoria para el lector:<\/p>\n<figure id=\"attachment_634\" aria-describedby=\"caption-attachment-634\" style=\"width: 700px\" class=\"wp-caption aligncenter\"><img loading=\"lazy\" decoding=\"async\" class=\" wp-image-634\" alt=\"concordia_2\" src=\"https:\/\/web.morosycristianosdeaspe.es\/wp-content\/uploads\/2013\/12\/IMG_1021w.jpg\" width=\"700\" height=\"467\" srcset=\"https:\/\/web.morosycristianosdeaspe.es\/wp-content\/uploads\/2013\/12\/IMG_1021w.jpg 700w, https:\/\/web.morosycristianosdeaspe.es\/wp-content\/uploads\/2013\/12\/IMG_1021w-300x200.jpg 300w\" sizes=\"auto, (max-width: 700px) 100vw, 700px\" \/><figcaption id=\"caption-attachment-634\" class=\"wp-caption-text\">Alcaide en el castillo<\/figcaption><\/figure>\n<p><i>\u201cDebido a la mala administraci\u00f3n y a una situaci\u00f3n econ\u00f3mica precaria, Joan Roi\u00e7 de Corella se ve obligado a desprenderse de sus posesiones en el valle del Vinalop\u00f3. En 1488 el conde de Cocentaina firm\u00f3 un preacuerdo con el Cardenal Pedro Gonz\u00e1lez de Mendoza, por el que se obligaba a venderle en exclusiva, las posesiones de Aspe, Elda, Petrer y Salinas en un plazo de doce a\u00f1os, <\/i><\/p>\n<p><i>\u00a0Antes de que expirase el plazo acordado con el Cardenal Gonz\u00e1lez, El Conde de Cocentaina vendi\u00f3 a cambio de 72,500 libras la villa de Aspe a Gutierre de C\u00e1rdenas. No sabemos si tuvo que indemnizar al Cardenal. <\/i><\/p>\n<p><i>\u00a0La adquisici\u00f3n de Aspe se formaliz\u00f3 en acta notarial el 28 de noviembre de 1497 por precio de 41.000 libras. La propiedad de la villa no pas\u00f3 de modo inmediato a Gutierre de C\u00e1rdenas, sino que se acord\u00f3 un plazo de tiempo para poder liquidar los pr\u00e9stamos y deudas que el Conde de Cocentaina ten\u00eda cargados sobre las rentas de Aspe. El Comendador Mayor pag\u00f3 la cantidad inicial de 12.000 libras, y se comprometi\u00f3 a que entregar\u00eda el dinero restante a finales de junio de 1499 como fecha l\u00edmite, una vez aclaradas todas las deudas y pagos. La villa pas\u00f3 a la propiedad transitoria de su sobrino Juan Chac\u00f3n, encargado de esclarecer todas las cuentas.<\/i><\/p>\n<p><i>Una vez abonadas las 41.000 libras, el 20 de mayo de 1498 acudieron a Aspe el apoderado de Juan Chac\u00f3n, Diego de Figueroa, y el apoderado de don Gutierre de C\u00e1rdenas, Juan de Luj\u00e1n, para efectuar los actos de traspaso y el ceremonial de posesi\u00f3n de la villa de Aspe. Requirieron la presencia de Junquet, pregonero musulm\u00e1n de la villa, para que emitiese un bando por los lugares p\u00fablicos, convocando la reuni\u00f3n de cristianos y musulmanes en sus respectivos templos. Tenemos que pensar que en esta \u00e9poca no exist\u00edan medios de comunicaci\u00f3n, salvo el pregonero, y que cuando el municipio cambiaba de propietario se\u00f1orial, hab\u00eda que manifestarlo a los vecinos, con una serie de rituales a modo de representaci\u00f3n teatral\u201d.<\/i><\/p>\n<figure id=\"attachment_635\" aria-describedby=\"caption-attachment-635\" style=\"width: 700px\" class=\"wp-caption aligncenter\"><img loading=\"lazy\" decoding=\"async\" class=\"size-full wp-image-635\" alt=\"rindiendo pleites\u00edas\" src=\"https:\/\/web.morosycristianosdeaspe.es\/wp-content\/uploads\/2013\/12\/IMG_1134w.jpg\" width=\"700\" height=\"467\" srcset=\"https:\/\/web.morosycristianosdeaspe.es\/wp-content\/uploads\/2013\/12\/IMG_1134w.jpg 700w, https:\/\/web.morosycristianosdeaspe.es\/wp-content\/uploads\/2013\/12\/IMG_1134w-300x200.jpg 300w\" sizes=\"auto, (max-width: 700px) 100vw, 700px\" \/><figcaption id=\"caption-attachment-635\" class=\"wp-caption-text\">rindiendo pleites\u00edas<\/figcaption><\/figure>\n<p>El Alcalde de Aspe Manuel D\u00edez tomo muy buena nota del hist\u00f3rico trabajo del cronista y le pidi\u00f3 a Paco Bonmati la escenificaci\u00f3n y representaci\u00f3n de estos hechos, trabajo que Paco acept\u00f3 encantado, aunque en esos momentos estaba sumergido en el montaje de la inmortal obra de Zorrilla, D. Juan Tenorio. No obstante el director del Grupo de Teatro Maqueda cumpli\u00f3 con el plazo marcado, seleccion\u00f3 a los actores y acometi\u00f3 con los ensayos y as\u00ed con una gran expectaci\u00f3n la ma\u00f1ana del domingo 1 de diciembre Aspe vivi\u00f3 su hist\u00f3rica compraventa.<\/p>\n<p>El acto se inici\u00f3 con un desfile desde la Cruz de Orihuela a la Plaza Mayor, en est\u00e1 a pesar de que el d\u00eda fue muy fr\u00edo, hab\u00eda muchos espectadores a los que se sumaron los festeros acompa\u00f1ados de dos bandas de m\u00fasica. Espectacular, amena y colorida, fue esta puesta en escena donde los actores se mezclaban con el p\u00fablico, como lo que era, Teatro de Calle, as\u00ed la hab\u00eda pensado y escrito su director.<\/p>\n<p>Al d\u00eda siguiente el Diario Informaci\u00f3n de Alicante, se hac\u00eda eco del acto con un art\u00edculo a toda p\u00e1gina de Mariv\u00ed Pardo, <i>\u201cAspe evoca la venta de la villa a la familia Maqueda<\/i>\u201d<i> <\/i>y entre otras cosas dec\u00eda: \u201c<i>La venta de Aspe, que signific\u00f3 el paso de la localidad del reino de Valencia al de Castilla, se cerr\u00f3 por 43.500 libras. En la conferencia que sobre la transacci\u00f3n se ofreci\u00f3 el teatro Wagner se indic\u00f3 que Aspe tuvo en aquella \u00e9poca m\u00e1s valor mercantil que Elda, Petrer y Salinas juntas\u201d.<\/i><\/p>\n<p>Todos los actores fueron festeros muy implicados en todos los actos programados por la Uni\u00f3n. Los personajes hist\u00f3ricos del acto de la Concordia fueron representados por \u00a0Jos\u00e9 Berenguer (Junquet) y Enrique Pastor (D. Juan de Lujan) Antonio Calero (D. Diego de Figueroa) Carlos Aznar (Alcaide) Antonio Miralles (Baile) Eduardo S\u00e1nchez (Alcad\u00ed) Roc\u00edo Albeza (Narradora), todos bajo la direcci\u00f3n de Francisco Bonmat\u00ed Erades.<\/p>\n","protected":false},"excerpt":{"rendered":"<p>Carlos Aznar Pav\u00eda Cronista Oficial de Fiestas ACTO DE LA CONCORDIA EN ASPE TOMA DE POSESI\u00d3N DE LA VILLA POR GUTIERRE DE CARDENAS EN EL A\u00d1O 1497 El pasado d\u00eda 1 de diciembre hubo una gran fiesta en Aspe. Se celebr\u00f3 y represent\u00f3 por primera vez el Acto de la Concordia. La Uni\u00f3n de moros [&hellip;]<\/p>\n","protected":false},"author":1,"featured_media":0,"parent":77,"menu_order":45,"comment_status":"closed","ping_status":"closed","template":"onecolumn-page.php","meta":{"footnotes":""},"class_list":["post-623","page","type-page","status-publish","hentry"],"_links":{"self":[{"href":"https:\/\/web.morosycristianosdeaspe.es\/index.php?rest_route=\/wp\/v2\/pages\/623","targetHints":{"allow":["GET"]}}],"collection":[{"href":"https:\/\/web.morosycristianosdeaspe.es\/index.php?rest_route=\/wp\/v2\/pages"}],"about":[{"href":"https:\/\/web.morosycristianosdeaspe.es\/index.php?rest_route=\/wp\/v2\/types\/page"}],"author":[{"embeddable":true,"href":"https:\/\/web.morosycristianosdeaspe.es\/index.php?rest_route=\/wp\/v2\/users\/1"}],"replies":[{"embeddable":true,"href":"https:\/\/web.morosycristianosdeaspe.es\/index.php?rest_route=%2Fwp%2Fv2%2Fcomments&post=623"}],"version-history":[{"count":5,"href":"https:\/\/web.morosycristianosdeaspe.es\/index.php?rest_route=\/wp\/v2\/pages\/623\/revisions"}],"predecessor-version":[{"id":637,"href":"https:\/\/web.morosycristianosdeaspe.es\/index.php?rest_route=\/wp\/v2\/pages\/623\/revisions\/637"}],"up":[{"embeddable":true,"href":"https:\/\/web.morosycristianosdeaspe.es\/index.php?rest_route=\/wp\/v2\/pages\/77"}],"wp:attachment":[{"href":"https:\/\/web.morosycristianosdeaspe.es\/index.php?rest_route=%2Fwp%2Fv2%2Fmedia&parent=623"}],"curies":[{"name":"wp","href":"https:\/\/api.w.org\/{rel}","templated":true}]}}