{"id":72,"date":"2013-05-29T12:41:05","date_gmt":"2013-05-29T10:41:05","guid":{"rendered":"http:\/\/noticias.morosycristianosdeaspe.es\/?page_id=72"},"modified":"2025-05-27T19:22:01","modified_gmt":"2025-05-27T18:22:01","slug":"la-union-de-comprasas","status":"publish","type":"page","link":"https:\/\/web.morosycristianosdeaspe.es\/?page_id=72","title":{"rendered":"La Uni\u00f3n de Comparsas"},"content":{"rendered":"\n<p><\/p>\n\n\n\n<p><\/p>\n\n\n<p>La <strong>Uni\u00f3n de Moros y Cristianos \u00abVirgen de las Nieves\u00bb de Aspe<\/strong> la forman ocho comparsas.<\/p>\n<p><b>Por el Bando Moro: <\/b>Moros Alcan\u00e1, Moros Aljau, Moros Fauqu\u00edes y Moros Sulaym\u00e1n.<\/p>\n<div id='gallery-1' class='gallery galleryid-72 gallery-columns-4 gallery-size-thumbnail'><figure class='gallery-item'>\n\t\t\t<div class='gallery-icon portrait'>\n\t\t\t\t<a href='https:\/\/web.morosycristianosdeaspe.es\/?attachment_id=161'><img loading=\"lazy\" decoding=\"async\" width=\"99\" height=\"100\" src=\"https:\/\/web.morosycristianosdeaspe.es\/wp-content\/uploads\/2013\/05\/Fauquies_w.png\" class=\"attachment-thumbnail size-thumbnail\" alt=\"\" aria-describedby=\"gallery-1-161\" \/><\/a>\n\t\t\t<\/div>\n\t\t\t\t<figcaption class='wp-caption-text gallery-caption' id='gallery-1-161'>\n\t\t\t\tMoros Fauqu\u00edes\n\t\t\t\t<\/figcaption><\/figure><figure class='gallery-item'>\n\t\t\t<div class='gallery-icon portrait'>\n\t\t\t\t<a href='https:\/\/web.morosycristianosdeaspe.es\/?attachment_id=159'><img loading=\"lazy\" decoding=\"async\" width=\"64\" height=\"100\" src=\"https:\/\/web.morosycristianosdeaspe.es\/wp-content\/uploads\/2013\/05\/Alcana_w.png\" class=\"attachment-thumbnail size-thumbnail\" alt=\"\" aria-describedby=\"gallery-1-159\" \/><\/a>\n\t\t\t<\/div>\n\t\t\t\t<figcaption class='wp-caption-text gallery-caption' id='gallery-1-159'>\n\t\t\t\tMoros Alcan\u00e1\n\t\t\t\t<\/figcaption><\/figure><figure class='gallery-item'>\n\t\t\t<div class='gallery-icon portrait'>\n\t\t\t\t<a href='https:\/\/web.morosycristianosdeaspe.es\/?attachment_id=162'><img loading=\"lazy\" decoding=\"async\" width=\"89\" height=\"100\" src=\"https:\/\/web.morosycristianosdeaspe.es\/wp-content\/uploads\/2013\/05\/Sulayman_w.png\" class=\"attachment-thumbnail size-thumbnail\" alt=\"\" aria-describedby=\"gallery-1-162\" \/><\/a>\n\t\t\t<\/div>\n\t\t\t\t<figcaption class='wp-caption-text gallery-caption' id='gallery-1-162'>\n\t\t\t\tMoros Sulaym\u00e1n\n\t\t\t\t<\/figcaption><\/figure><figure class='gallery-item'>\n\t\t\t<div class='gallery-icon landscape'>\n\t\t\t\t<a href='https:\/\/web.morosycristianosdeaspe.es\/?attachment_id=160'><img loading=\"lazy\" decoding=\"async\" width=\"105\" height=\"100\" src=\"https:\/\/web.morosycristianosdeaspe.es\/wp-content\/uploads\/2013\/05\/Aljau_w.png\" class=\"attachment-thumbnail size-thumbnail\" alt=\"\" aria-describedby=\"gallery-1-160\" \/><\/a>\n\t\t\t<\/div>\n\t\t\t\t<figcaption class='wp-caption-text gallery-caption' id='gallery-1-160'>\n\t\t\t\tMoros Aljau\n\t\t\t\t<\/figcaption><\/figure>\n\t\t<\/div>\n\n<p><b>Por el Bando Cristiano: <\/b>Cristianos Contrabandistas de la Sierra Negra, Cristianos Duque de Maqueda, Cristianos Estudiantes, Cristianos Lanceros de Uchel.<\/p>\n<div id='gallery-2' class='gallery galleryid-72 gallery-columns-4 gallery-size-thumbnail'><figure class='gallery-item'>\n\t\t\t<div class='gallery-icon landscape'>\n\t\t\t\t<a href='https:\/\/web.morosycristianosdeaspe.es\/?attachment_id=165'><img loading=\"lazy\" decoding=\"async\" width=\"105\" height=\"100\" src=\"https:\/\/web.morosycristianosdeaspe.es\/wp-content\/uploads\/2013\/05\/estudiantes_w.png\" class=\"attachment-thumbnail size-thumbnail\" alt=\"\" aria-describedby=\"gallery-2-165\" \/><\/a>\n\t\t\t<\/div>\n\t\t\t\t<figcaption class='wp-caption-text gallery-caption' id='gallery-2-165'>\n\t\t\t\tCristianos Estudiantes\n\t\t\t\t<\/figcaption><\/figure><figure class='gallery-item'>\n\t\t\t<div class='gallery-icon portrait'>\n\t\t\t\t<a href='https:\/\/web.morosycristianosdeaspe.es\/?attachment_id=167'><img loading=\"lazy\" decoding=\"async\" width=\"71\" height=\"100\" src=\"https:\/\/web.morosycristianosdeaspe.es\/wp-content\/uploads\/2013\/05\/Maqueda_w.png\" class=\"attachment-thumbnail size-thumbnail\" alt=\"\" aria-describedby=\"gallery-2-167\" \/><\/a>\n\t\t\t<\/div>\n\t\t\t\t<figcaption class='wp-caption-text gallery-caption' id='gallery-2-167'>\n\t\t\t\tCristianos Duque de Maqueda\n\t\t\t\t<\/figcaption><\/figure><figure class='gallery-item'>\n\t\t\t<div class='gallery-icon portrait'>\n\t\t\t\t<a href='https:\/\/web.morosycristianosdeaspe.es\/?attachment_id=166'><img loading=\"lazy\" decoding=\"async\" width=\"84\" height=\"100\" src=\"https:\/\/web.morosycristianosdeaspe.es\/wp-content\/uploads\/2013\/05\/Lanceros_w.png\" class=\"attachment-thumbnail size-thumbnail\" alt=\"\" aria-describedby=\"gallery-2-166\" \/><\/a>\n\t\t\t<\/div>\n\t\t\t\t<figcaption class='wp-caption-text gallery-caption' id='gallery-2-166'>\n\t\t\t\tLanceros de Uchel\n\t\t\t\t<\/figcaption><\/figure><figure class='gallery-item'>\n\t\t\t<div class='gallery-icon portrait'>\n\t\t\t\t<a href='https:\/\/web.morosycristianosdeaspe.es\/?attachment_id=164'><img loading=\"lazy\" decoding=\"async\" width=\"72\" height=\"100\" src=\"https:\/\/web.morosycristianosdeaspe.es\/wp-content\/uploads\/2013\/05\/contrabandistas_w-e1369983513546.png\" class=\"attachment-thumbnail size-thumbnail\" alt=\"\" aria-describedby=\"gallery-2-164\" \/><\/a>\n\t\t\t<\/div>\n\t\t\t\t<figcaption class='wp-caption-text gallery-caption' id='gallery-2-164'>\n\t\t\t\tCristianos Contrabandistas\nde la Sierra Negra\n\t\t\t\t<\/figcaption><\/figure>\n\t\t<\/div>\n\n<p>La organizaci\u00f3n de la Uni\u00f3n es realizada por la Junta Directiva, elegida democr\u00e1ticamente en Asamblea y compuesta actualmente por los siguientes festeros de todas las comparsas:<\/p>\n<table style=\"height: 935px;\" width=\"532\">\n<tbody>\n<tr>\n<td width=\"152\">\n<p style=\"text-align: center;\">Enrique Alenda Galva\u00f1<\/p>\n<\/td>\n<td style=\"text-align: center;\" width=\"307\">PRESIDENTE<\/td>\n<\/tr>\n<tr>\n<td width=\"152\">\n<p style=\"text-align: center;\">Carlos Vicedo Gonz\u00e1lez<\/p>\n<\/td>\n<td width=\"307\">\n<p style=\"text-align: center;\">VICEPRESIDENTE 1\u00ba \/ TESORERO<\/p>\n<\/td>\n<\/tr>\n<tr>\n<td width=\"152\">\n<p style=\"text-align: center;\">Jos\u00e9 Man. Mateo Soler<\/p>\n<\/td>\n<td width=\"307\">\n<p style=\"text-align: center;\">VICEPRESIDENTE 2\u00ba\/ EMBAJADOR CRISTIANO<\/p>\n<\/td>\n<\/tr>\n<tr>\n<td width=\"152\">\n<p style=\"text-align: center;\">Ana Cerd\u00e1n Hern\u00e1ndez<\/p>\n<\/td>\n<td style=\"text-align: center;\" width=\"307\">SECRETARIA<\/td>\n<\/tr>\n<tr>\n<td width=\"152\">\n<p style=\"text-align: center;\">Loreto P\u00e9rez Pujalte<\/p>\n<p style=\"text-align: center;\">\u00a0 \u00a0Rosa Pujalte Alcolea<\/p>\n<p>\u00a0 \u00a0 \u00a0 Mar\u00eda Conesa\u00a0 \u00a0 \u00a0 \u00a0 \u00a0 \u00a0 \u00a0 \u00a0 \u00a0Cervera<\/p>\n<\/td>\n<td style=\"text-align: center;\" width=\"307\">VICESECRETARIAS<\/td>\n<\/tr>\n<tr>\n<td style=\"text-align: center;\" width=\"152\">Francisco Calatayud P\u00e9rez<\/td>\n<td width=\"307\">\n<p style=\"text-align: center;\">ADJUNTO A PRESIDENCIA<\/p>\n<\/td>\n<\/tr>\n<tr>\n<td style=\"text-align: center;\" width=\"152\">Jos\u00e9 Antonio Pastor Cremades<\/td>\n<td width=\"307\">\n<p style=\"text-align: center;\">ALCALDE DE FIESTAS-ARCABUCER\u00cdA<\/p>\n<\/td>\n<\/tr>\n<tr>\n<td width=\"152\">\n<p style=\"text-align: center;\">Jos\u00e9 Luis Alcantud Garc\u00eda<\/p>\n<\/td>\n<td style=\"text-align: center;\" width=\"307\">DISE\u00d1OS-MATERIAL-ATENCI\u00d3N AL FESTERO<\/td>\n<\/tr>\n<tr>\n<td width=\"152\">\n<p style=\"text-align: center;\">\u00c1frica Alenda Mart\u00ednez\u00a0 \u00a0 \u00a0 \u00a0 \u00a0<\/p>\n<p style=\"text-align: center;\">Lorena Miralles<\/p>\n<p style=\"text-align: center;\">\u00a0<\/p>\n<\/td>\n<td width=\"307\">\n<p style=\"text-align: center;\">MATERIAL, PREMIOS Y CONCURSOS<\/p>\n<\/td>\n<\/tr>\n<tr>\n<td style=\"text-align: center;\" width=\"152\">Mary Nieves Botella Cutillas<\/td>\n<td width=\"307\">\n<p style=\"text-align: center;\">ADJUNTA A SECRETAR\u00cdA<\/p>\n<\/td>\n<\/tr>\n<tr>\n<td width=\"152\">\n<p style=\"text-align: center;\">Miguel \u00c1ngel Barber\u00e1 Hern\u00e1ndez<\/p>\n<\/td>\n<td style=\"text-align: center;\" width=\"307\">PRESENTACIONES-EMBAJADOR MORO<\/td>\n<\/tr>\n<tr>\n<td width=\"152\">Jos\u00e9 Antonio Gil S\u00e1nchez<\/td>\n<td style=\"text-align: center;\" width=\"307\">\n<p style=\"text-align: center;\">PRESENTACIONES-ALOCUCIONES<\/p>\n<\/td>\n<\/tr>\n<tr>\n<td style=\"text-align: center;\" width=\"152\">\n<p>\u00a0Francisco Ayala Hern\u00e1ndez<\/p>\n<\/td>\n<td width=\"307\">\n<p style=\"text-align: center;\">\u00a0LOG\u00cdSTICA<\/p>\n<\/td>\n<\/tr>\n<tr>\n<td style=\"text-align: center;\" width=\"152\">\n<p style=\"text-align: center;\">Daniel Cano<\/p>\n<\/td>\n<td width=\"307\">\u00a0 \u00a0 \u00a0 \u00a0 \u00a0 \u00a0 \u00a0 \u00a0 \u00a0 \u00a0 \u00a0 \u00a0 \u00a0 JUVENTUD<\/td>\n<\/tr>\n<\/tbody>\n<\/table>","protected":false},"excerpt":{"rendered":"<p>La Uni\u00f3n de Moros y Cristianos \u00abVirgen de las Nieves\u00bb de Aspe la forman ocho comparsas. Por el Bando Moro: Moros Alcan\u00e1, Moros Aljau, Moros Fauqu\u00edes y Moros Sulaym\u00e1n. Por el Bando Cristiano: Cristianos Contrabandistas de la Sierra Negra, Cristianos Duque de Maqueda, Cristianos Estudiantes, Cristianos Lanceros de Uchel. La organizaci\u00f3n de la Uni\u00f3n es [&hellip;]<\/p>\n","protected":false},"author":1,"featured_media":0,"parent":0,"menu_order":10,"comment_status":"closed","ping_status":"open","template":"","meta":{"footnotes":""},"class_list":["post-72","page","type-page","status-publish","hentry"],"_links":{"self":[{"href":"https:\/\/web.morosycristianosdeaspe.es\/index.php?rest_route=\/wp\/v2\/pages\/72","targetHints":{"allow":["GET"]}}],"collection":[{"href":"https:\/\/web.morosycristianosdeaspe.es\/index.php?rest_route=\/wp\/v2\/pages"}],"about":[{"href":"https:\/\/web.morosycristianosdeaspe.es\/index.php?rest_route=\/wp\/v2\/types\/page"}],"author":[{"embeddable":true,"href":"https:\/\/web.morosycristianosdeaspe.es\/index.php?rest_route=\/wp\/v2\/users\/1"}],"replies":[{"embeddable":true,"href":"https:\/\/web.morosycristianosdeaspe.es\/index.php?rest_route=%2Fwp%2Fv2%2Fcomments&post=72"}],"version-history":[{"count":35,"href":"https:\/\/web.morosycristianosdeaspe.es\/index.php?rest_route=\/wp\/v2\/pages\/72\/revisions"}],"predecessor-version":[{"id":2241,"href":"https:\/\/web.morosycristianosdeaspe.es\/index.php?rest_route=\/wp\/v2\/pages\/72\/revisions\/2241"}],"wp:attachment":[{"href":"https:\/\/web.morosycristianosdeaspe.es\/index.php?rest_route=%2Fwp%2Fv2%2Fmedia&parent=72"}],"curies":[{"name":"wp","href":"https:\/\/api.w.org\/{rel}","templated":true}]}}