{"id":823,"date":"2014-05-25T11:04:39","date_gmt":"2014-05-25T10:04:39","guid":{"rendered":"http:\/\/web.morosycristianosdeaspe.es\/?page_id=823"},"modified":"2014-05-25T11:04:39","modified_gmt":"2014-05-25T10:04:39","slug":"cargos-festeros-bando-cristiano","status":"publish","type":"page","link":"https:\/\/web.morosycristianosdeaspe.es\/?page_id=823","title":{"rendered":"Cargos Festeros Bando Cristiano"},"content":{"rendered":"<figure id=\"attachment_167\" aria-describedby=\"caption-attachment-167\" style=\"width: 71px\" class=\"wp-caption aligncenter\"><img loading=\"lazy\" decoding=\"async\" class=\"size-full wp-image-167\" src=\"https:\/\/web.morosycristianosdeaspe.es\/wp-content\/uploads\/2013\/05\/Maqueda_w.png\" alt=\"Cristianos Duque de Maqueda\" width=\"71\" height=\"100\" \/><figcaption id=\"caption-attachment-167\" class=\"wp-caption-text\">Cristianos Duque de Maqueda<\/figcaption><\/figure>\n<figure id=\"attachment_824\" aria-describedby=\"caption-attachment-824\" style=\"width: 600px\" class=\"wp-caption aligncenter\"><img loading=\"lazy\" decoding=\"async\" class=\"size-full wp-image-824\" src=\"https:\/\/web.morosycristianosdeaspe.es\/wp-content\/uploads\/2014\/05\/Maqueda-Infantiles.jpg\" alt=\"Capit\u00e1n Infantil: Manuel Mart\u00ednez S\u00e1nchez Abanderada Infantil:  In\u00e9s Cerd\u00e1n Cerd\u00e1n\" width=\"600\" height=\"450\" srcset=\"https:\/\/web.morosycristianosdeaspe.es\/wp-content\/uploads\/2014\/05\/Maqueda-Infantiles.jpg 600w, https:\/\/web.morosycristianosdeaspe.es\/wp-content\/uploads\/2014\/05\/Maqueda-Infantiles-300x225.jpg 300w\" sizes=\"auto, (max-width: 600px) 100vw, 600px\" \/><figcaption id=\"caption-attachment-824\" class=\"wp-caption-text\">Capit\u00e1n Infantil: Manuel Mart\u00ednez S\u00e1nchez<br \/>Abanderada Infantil: In\u00e9s Cerd\u00e1n Cerd\u00e1n<\/figcaption><\/figure>\n<figure id=\"attachment_825\" aria-describedby=\"caption-attachment-825\" style=\"width: 600px\" class=\"wp-caption aligncenter\"><img loading=\"lazy\" decoding=\"async\" class=\"size-full wp-image-825\" src=\"https:\/\/web.morosycristianosdeaspe.es\/wp-content\/uploads\/2014\/05\/Maqueda-Adultos.jpg\" alt=\"Capit\u00e1n: Francisco Isidoro Vives tenza Abanderada: Arantxa Vives Castellano\" width=\"600\" height=\"450\" srcset=\"https:\/\/web.morosycristianosdeaspe.es\/wp-content\/uploads\/2014\/05\/Maqueda-Adultos.jpg 600w, https:\/\/web.morosycristianosdeaspe.es\/wp-content\/uploads\/2014\/05\/Maqueda-Adultos-300x225.jpg 300w\" sizes=\"auto, (max-width: 600px) 100vw, 600px\" \/><figcaption id=\"caption-attachment-825\" class=\"wp-caption-text\">Capit\u00e1n: Francisco Isidoro Vives tenza<br \/>Abanderada: Arantxa Vives Castellano<\/figcaption><\/figure>\n<figure id=\"attachment_165\" aria-describedby=\"caption-attachment-165\" style=\"width: 105px\" class=\"wp-caption aligncenter\"><img loading=\"lazy\" decoding=\"async\" class=\"size-full wp-image-165\" src=\"https:\/\/web.morosycristianosdeaspe.es\/wp-content\/uploads\/2013\/05\/estudiantes_w.png\" alt=\"Cristianos Estudiantes\" width=\"105\" height=\"100\" \/><figcaption id=\"caption-attachment-165\" class=\"wp-caption-text\">Cristianos Estudiantes<\/figcaption><\/figure>\n<figure id=\"attachment_826\" aria-describedby=\"caption-attachment-826\" style=\"width: 600px\" class=\"wp-caption aligncenter\"><img loading=\"lazy\" decoding=\"async\" class=\"size-full wp-image-826\" src=\"https:\/\/web.morosycristianosdeaspe.es\/wp-content\/uploads\/2014\/05\/Estudiantes-infantiles.jpg\" alt=\"Capit\u00e1n Infantil: Chechu Guill\u00e9n C\u00e1novas Abanderada Infantil: Mar\u00eda Vicedo Carbonell \" width=\"600\" height=\"450\" srcset=\"https:\/\/web.morosycristianosdeaspe.es\/wp-content\/uploads\/2014\/05\/Estudiantes-infantiles.jpg 600w, https:\/\/web.morosycristianosdeaspe.es\/wp-content\/uploads\/2014\/05\/Estudiantes-infantiles-300x225.jpg 300w\" sizes=\"auto, (max-width: 600px) 100vw, 600px\" \/><figcaption id=\"caption-attachment-826\" class=\"wp-caption-text\">Capit\u00e1n Infantil: Chechu Guill\u00e9n C\u00e1novas<br \/>Abanderada Infantil: Mar\u00eda Vicedo Carbonell<\/figcaption><\/figure>\n<figure id=\"attachment_827\" aria-describedby=\"caption-attachment-827\" style=\"width: 600px\" class=\"wp-caption aligncenter\"><img loading=\"lazy\" decoding=\"async\" class=\"size-full wp-image-827\" src=\"https:\/\/web.morosycristianosdeaspe.es\/wp-content\/uploads\/2014\/05\/Estudiantes-Adultos.jpg\" alt=\"Capit\u00e1n: Jorge Prieto Cerd\u00e1n Abanderada: Julia Vicedo Carbonell\" width=\"600\" height=\"450\" srcset=\"https:\/\/web.morosycristianosdeaspe.es\/wp-content\/uploads\/2014\/05\/Estudiantes-Adultos.jpg 600w, https:\/\/web.morosycristianosdeaspe.es\/wp-content\/uploads\/2014\/05\/Estudiantes-Adultos-300x225.jpg 300w\" sizes=\"auto, (max-width: 600px) 100vw, 600px\" \/><figcaption id=\"caption-attachment-827\" class=\"wp-caption-text\">Capit\u00e1n: Jorge Prieto Cerd\u00e1n<br \/>Abanderada: Julia Vicedo Carbonell<\/figcaption><\/figure>\n<figure id=\"attachment_164\" aria-describedby=\"caption-attachment-164\" style=\"width: 72px\" class=\"wp-caption aligncenter\"><img loading=\"lazy\" decoding=\"async\" class=\"size-full wp-image-164\" src=\"https:\/\/web.morosycristianosdeaspe.es\/wp-content\/uploads\/2013\/05\/contrabandistas_w-e1369983513546.png\" alt=\"Cristianos Contrabandistas de la Sierra Negra\" width=\"72\" height=\"100\" \/><figcaption id=\"caption-attachment-164\" class=\"wp-caption-text\">Cristianos Contrabandistas<br \/>de la Sierra Negra<\/figcaption><\/figure>\n<figure id=\"attachment_828\" aria-describedby=\"caption-attachment-828\" style=\"width: 600px\" class=\"wp-caption aligncenter\"><img loading=\"lazy\" decoding=\"async\" class=\"size-full wp-image-828\" src=\"https:\/\/web.morosycristianosdeaspe.es\/wp-content\/uploads\/2014\/05\/contabandistas-infantiles.jpg\" alt=\"Capit\u00e1n Infantil: David Ibarra Cabezuelo Abanderada Infantil: Victoria Cabezuelo G\u00e1lvez\" width=\"600\" height=\"450\" srcset=\"https:\/\/web.morosycristianosdeaspe.es\/wp-content\/uploads\/2014\/05\/contabandistas-infantiles.jpg 600w, https:\/\/web.morosycristianosdeaspe.es\/wp-content\/uploads\/2014\/05\/contabandistas-infantiles-300x225.jpg 300w\" sizes=\"auto, (max-width: 600px) 100vw, 600px\" \/><figcaption id=\"caption-attachment-828\" class=\"wp-caption-text\">Capit\u00e1n Infantil: David Ibarra Cabezuelo<br \/>Abanderada Infantil: Victoria Cabezuelo G\u00e1lvez<\/figcaption><\/figure>\n<figure id=\"attachment_829\" aria-describedby=\"caption-attachment-829\" style=\"width: 600px\" class=\"wp-caption aligncenter\"><img loading=\"lazy\" decoding=\"async\" class=\"wp-image-829 size-full\" src=\"https:\/\/web.morosycristianosdeaspe.es\/wp-content\/uploads\/2014\/05\/contrabandistas-adultos.jpg\" alt=\"Capit\u00e1n: Santiago Ortiz Cabezuelo Abanderada: Raquel Garc\u00eda Cabezuelo\" width=\"600\" height=\"450\" srcset=\"https:\/\/web.morosycristianosdeaspe.es\/wp-content\/uploads\/2014\/05\/contrabandistas-adultos.jpg 600w, https:\/\/web.morosycristianosdeaspe.es\/wp-content\/uploads\/2014\/05\/contrabandistas-adultos-300x225.jpg 300w\" sizes=\"auto, (max-width: 600px) 100vw, 600px\" \/><figcaption id=\"caption-attachment-829\" class=\"wp-caption-text\">Capit\u00e1n: Santiago Ortiz Cabezuelo<br \/> Abanderada: Raquel Garc\u00eda Cabezuelo<\/figcaption><\/figure>\n<figure id=\"attachment_166\" aria-describedby=\"caption-attachment-166\" style=\"width: 84px\" class=\"wp-caption aligncenter\"><img loading=\"lazy\" decoding=\"async\" class=\"wp-image-166 size-full\" src=\"https:\/\/web.morosycristianosdeaspe.es\/wp-content\/uploads\/2013\/05\/Lanceros_w.png\" alt=\"Lanceros de Uchel\" width=\"84\" height=\"100\" \/><figcaption id=\"caption-attachment-166\" class=\"wp-caption-text\">Cristianos Lanceros de Uchel<\/figcaption><\/figure>\n<figure id=\"attachment_830\" aria-describedby=\"caption-attachment-830\" style=\"width: 600px\" class=\"wp-caption aligncenter\"><img loading=\"lazy\" decoding=\"async\" class=\"size-full wp-image-830\" src=\"https:\/\/web.morosycristianosdeaspe.es\/wp-content\/uploads\/2014\/05\/Lanceros-Infantil.jpg\" alt=\"Abanderada Infantil: \u00c1ngela Espinosa Murcia\" width=\"600\" height=\"450\" srcset=\"https:\/\/web.morosycristianosdeaspe.es\/wp-content\/uploads\/2014\/05\/Lanceros-Infantil.jpg 600w, https:\/\/web.morosycristianosdeaspe.es\/wp-content\/uploads\/2014\/05\/Lanceros-Infantil-300x225.jpg 300w\" sizes=\"auto, (max-width: 600px) 100vw, 600px\" \/><figcaption id=\"caption-attachment-830\" class=\"wp-caption-text\">Abanderada Infantil: \u00c1ngela Espinosa Murcia<\/figcaption><\/figure>\n<figure id=\"attachment_831\" aria-describedby=\"caption-attachment-831\" style=\"width: 600px\" class=\"wp-caption aligncenter\"><img loading=\"lazy\" decoding=\"async\" class=\"size-full wp-image-831\" src=\"https:\/\/web.morosycristianosdeaspe.es\/wp-content\/uploads\/2014\/05\/Lanceros-Adultos.jpg\" alt=\"Capit\u00e1n: Juan Carlos Mart\u00ednez Garc\u00eda Abanderada: Rosario Murcia Aguilar\" width=\"600\" height=\"450\" srcset=\"https:\/\/web.morosycristianosdeaspe.es\/wp-content\/uploads\/2014\/05\/Lanceros-Adultos.jpg 600w, https:\/\/web.morosycristianosdeaspe.es\/wp-content\/uploads\/2014\/05\/Lanceros-Adultos-300x225.jpg 300w\" sizes=\"auto, (max-width: 600px) 100vw, 600px\" \/><figcaption id=\"caption-attachment-831\" class=\"wp-caption-text\">Capit\u00e1n: Juan Carlos Mart\u00ednez Garc\u00eda<br \/>Abanderada: Rosario Murcia Aguilar<\/figcaption><\/figure>\n","protected":false},"excerpt":{"rendered":"","protected":false},"author":1,"featured_media":0,"parent":820,"menu_order":3,"comment_status":"closed","ping_status":"closed","template":"onecolumn-page.php","meta":{"footnotes":""},"class_list":["post-823","page","type-page","status-publish","hentry"],"_links":{"self":[{"href":"https:\/\/web.morosycristianosdeaspe.es\/index.php?rest_route=\/wp\/v2\/pages\/823","targetHints":{"allow":["GET"]}}],"collection":[{"href":"https:\/\/web.morosycristianosdeaspe.es\/index.php?rest_route=\/wp\/v2\/pages"}],"about":[{"href":"https:\/\/web.morosycristianosdeaspe.es\/index.php?rest_route=\/wp\/v2\/types\/page"}],"author":[{"embeddable":true,"href":"https:\/\/web.morosycristianosdeaspe.es\/index.php?rest_route=\/wp\/v2\/users\/1"}],"replies":[{"embeddable":true,"href":"https:\/\/web.morosycristianosdeaspe.es\/index.php?rest_route=%2Fwp%2Fv2%2Fcomments&post=823"}],"version-history":[{"count":1,"href":"https:\/\/web.morosycristianosdeaspe.es\/index.php?rest_route=\/wp\/v2\/pages\/823\/revisions"}],"predecessor-version":[{"id":832,"href":"https:\/\/web.morosycristianosdeaspe.es\/index.php?rest_route=\/wp\/v2\/pages\/823\/revisions\/832"}],"up":[{"embeddable":true,"href":"https:\/\/web.morosycristianosdeaspe.es\/index.php?rest_route=\/wp\/v2\/pages\/820"}],"wp:attachment":[{"href":"https:\/\/web.morosycristianosdeaspe.es\/index.php?rest_route=%2Fwp%2Fv2%2Fmedia&parent=823"}],"curies":[{"name":"wp","href":"https:\/\/api.w.org\/{rel}","templated":true}]}}