{"id":833,"date":"2014-05-25T11:13:51","date_gmt":"2014-05-25T10:13:51","guid":{"rendered":"http:\/\/web.morosycristianosdeaspe.es\/?page_id=833"},"modified":"2014-05-25T11:13:51","modified_gmt":"2014-05-25T10:13:51","slug":"cargos-junta-central","status":"publish","type":"page","link":"https:\/\/web.morosycristianosdeaspe.es\/?page_id=833","title":{"rendered":"Cargos Junta Central"},"content":{"rendered":"<h1 style=\"text-align: center;\"><span style=\"color: #993300;\">Sultanato (Moros Alcan\u00e1)<\/span><\/h1>\n<figure id=\"attachment_834\" aria-describedby=\"caption-attachment-834\" style=\"width: 600px\" class=\"wp-caption aligncenter\"><img loading=\"lazy\" decoding=\"async\" class=\"size-full wp-image-834\" src=\"https:\/\/web.morosycristianosdeaspe.es\/wp-content\/uploads\/2014\/05\/Sultanes-infantiles.jpg\" alt=\"Sultanes Infantiles: Daniel Botella Navarro e Ilai Galiana Ortega\" width=\"600\" height=\"450\" srcset=\"https:\/\/web.morosycristianosdeaspe.es\/wp-content\/uploads\/2014\/05\/Sultanes-infantiles.jpg 600w, https:\/\/web.morosycristianosdeaspe.es\/wp-content\/uploads\/2014\/05\/Sultanes-infantiles-300x225.jpg 300w\" sizes=\"auto, (max-width: 600px) 100vw, 600px\" \/><figcaption id=\"caption-attachment-834\" class=\"wp-caption-text\">Sultanes Infantiles: Daniel Botella Navarro e Ilai Galiana Ortega<\/figcaption><\/figure>\n<figure id=\"attachment_835\" aria-describedby=\"caption-attachment-835\" style=\"width: 600px\" class=\"wp-caption aligncenter\"><img loading=\"lazy\" decoding=\"async\" class=\"size-full wp-image-835\" src=\"https:\/\/web.morosycristianosdeaspe.es\/wp-content\/uploads\/2014\/05\/Sultanes.jpg\" alt=\"Sult\u00e1n: Santiago Galiana Llinares Sultana: Maria Jos\u00e9 Silvestre Sol\u00e9\" width=\"600\" height=\"450\" srcset=\"https:\/\/web.morosycristianosdeaspe.es\/wp-content\/uploads\/2014\/05\/Sultanes.jpg 600w, https:\/\/web.morosycristianosdeaspe.es\/wp-content\/uploads\/2014\/05\/Sultanes-300x225.jpg 300w\" sizes=\"auto, (max-width: 600px) 100vw, 600px\" \/><figcaption id=\"caption-attachment-835\" class=\"wp-caption-text\">Sult\u00e1n: Santiago Galiana Llinares<br \/>Sultana: Maria Jos\u00e9 Silvestre Sol\u00e9<\/figcaption><\/figure>\n<p>&nbsp;<\/p>\n<h1 style=\"text-align: center;\"><span style=\"color: #993300;\">Reinado (Cristianos Duque de Maqueda)<\/span><\/h1>\n<figure id=\"attachment_836\" aria-describedby=\"caption-attachment-836\" style=\"width: 600px\" class=\"wp-caption aligncenter\"><img loading=\"lazy\" decoding=\"async\" class=\"size-full wp-image-836\" src=\"https:\/\/web.morosycristianosdeaspe.es\/wp-content\/uploads\/2014\/05\/Reyes-Infantiles.jpg\" alt=\"Rey Infantil: Alvaro Mart\u00ednez S\u00e1nchez Reina Infantil: Mar\u00eda Pujalte Erades\" width=\"600\" height=\"450\" srcset=\"https:\/\/web.morosycristianosdeaspe.es\/wp-content\/uploads\/2014\/05\/Reyes-Infantiles.jpg 600w, https:\/\/web.morosycristianosdeaspe.es\/wp-content\/uploads\/2014\/05\/Reyes-Infantiles-300x225.jpg 300w\" sizes=\"auto, (max-width: 600px) 100vw, 600px\" \/><figcaption id=\"caption-attachment-836\" class=\"wp-caption-text\">Rey Infantil: Alvaro Mart\u00ednez S\u00e1nchez<br \/>Reina Infantil: Mar\u00eda Pujalte Erades<\/figcaption><\/figure>\n<figure id=\"attachment_837\" aria-describedby=\"caption-attachment-837\" style=\"width: 600px\" class=\"wp-caption aligncenter\"><img loading=\"lazy\" decoding=\"async\" class=\"size-full wp-image-837\" src=\"https:\/\/web.morosycristianosdeaspe.es\/wp-content\/uploads\/2014\/05\/reyes.jpg\" alt=\"Rey: Enrique Alenda Galva\u00f1 Reina: Amparo Cerd\u00e1n Mateo\" width=\"600\" height=\"450\" srcset=\"https:\/\/web.morosycristianosdeaspe.es\/wp-content\/uploads\/2014\/05\/reyes.jpg 600w, https:\/\/web.morosycristianosdeaspe.es\/wp-content\/uploads\/2014\/05\/reyes-300x225.jpg 300w\" sizes=\"auto, (max-width: 600px) 100vw, 600px\" \/><figcaption id=\"caption-attachment-837\" class=\"wp-caption-text\">Rey: Enrique Alenda Galva\u00f1<br \/>Reina: Amparo Cerd\u00e1n Mateo<\/figcaption><\/figure>\n<p>&nbsp;<\/p>\n","protected":false},"excerpt":{"rendered":"<p>Sultanato (Moros Alcan\u00e1) &nbsp; Reinado (Cristianos Duque de Maqueda) &nbsp;<\/p>\n","protected":false},"author":1,"featured_media":0,"parent":820,"menu_order":1,"comment_status":"closed","ping_status":"closed","template":"onecolumn-page.php","meta":{"footnotes":""},"class_list":["post-833","page","type-page","status-publish","hentry"],"_links":{"self":[{"href":"https:\/\/web.morosycristianosdeaspe.es\/index.php?rest_route=\/wp\/v2\/pages\/833","targetHints":{"allow":["GET"]}}],"collection":[{"href":"https:\/\/web.morosycristianosdeaspe.es\/index.php?rest_route=\/wp\/v2\/pages"}],"about":[{"href":"https:\/\/web.morosycristianosdeaspe.es\/index.php?rest_route=\/wp\/v2\/types\/page"}],"author":[{"embeddable":true,"href":"https:\/\/web.morosycristianosdeaspe.es\/index.php?rest_route=\/wp\/v2\/users\/1"}],"replies":[{"embeddable":true,"href":"https:\/\/web.morosycristianosdeaspe.es\/index.php?rest_route=%2Fwp%2Fv2%2Fcomments&post=833"}],"version-history":[{"count":1,"href":"https:\/\/web.morosycristianosdeaspe.es\/index.php?rest_route=\/wp\/v2\/pages\/833\/revisions"}],"predecessor-version":[{"id":838,"href":"https:\/\/web.morosycristianosdeaspe.es\/index.php?rest_route=\/wp\/v2\/pages\/833\/revisions\/838"}],"up":[{"embeddable":true,"href":"https:\/\/web.morosycristianosdeaspe.es\/index.php?rest_route=\/wp\/v2\/pages\/820"}],"wp:attachment":[{"href":"https:\/\/web.morosycristianosdeaspe.es\/index.php?rest_route=%2Fwp%2Fv2%2Fmedia&parent=833"}],"curies":[{"name":"wp","href":"https:\/\/api.w.org\/{rel}","templated":true}]}}