{"id":856,"date":"2014-07-04T09:49:24","date_gmt":"2014-07-04T08:49:24","guid":{"rendered":"http:\/\/web.morosycristianosdeaspe.es\/?page_id=856"},"modified":"2015-07-16T16:23:04","modified_gmt":"2015-07-16T15:23:04","slug":"programa-de-fiestas-2014","status":"publish","type":"page","link":"https:\/\/web.morosycristianosdeaspe.es\/?page_id=856","title":{"rendered":"Programa Fiestas 2014"},"content":{"rendered":"<ul>\n<li><span style=\"color: #800000;\"><strong><a title=\"S\u00e1bado 26 de Julio. Preg\u00f3n y Presentaci\u00f3n al Pueblo.\" href=\"https:\/\/web.morosycristianosdeaspe.es\/?page_id=861\"><span style=\"color: #800000;\">S\u00e1bado 26 de Julio.<\/span><\/a><\/strong><\/span>\n<ul>\n<li><a title=\"S\u00e1bado 26 de Julio. Preg\u00f3n y Presentaci\u00f3n al Pueblo.\" href=\"https:\/\/web.morosycristianosdeaspe.es\/?page_id=861\">Preg\u00f3n y Presentaci\u00f3n al Pueblo.<\/a><\/li>\n<\/ul>\n<\/li>\n<li><span style=\"color: #800000;\"><strong><a title=\"Martes 5 de Agosto. Procesi\u00f3n de la Virgen de las Nieves\" href=\"https:\/\/web.morosycristianosdeaspe.es\/?page_id=867\"><span style=\"color: #800000;\">Martes 5 de Agosto.<\/span><\/a><\/strong><\/span>\n<ul>\n<li><a title=\"Martes 5 de Agosto. Procesi\u00f3n de la Virgen de las Nieves\" href=\"https:\/\/web.morosycristianosdeaspe.es\/?page_id=867\">Procesi\u00f3n en honor a la Virgen de las Nieves.<\/a><\/li>\n<\/ul>\n<\/li>\n<li><span style=\"color: #800000;\"><strong><a title=\"Mi\u00e9rcoles 6 de Agosto. D\u00eda del Festero Infantil\" href=\"https:\/\/web.morosycristianosdeaspe.es\/?page_id=869\"><span style=\"color: #800000;\">Mi\u00e9rcoles 6 de Agosto.<\/span><\/a><\/strong><\/span>\n<ul>\n<li><a title=\"Mi\u00e9rcoles 6 de Agosto. D\u00eda del Festero Infantil\" href=\"https:\/\/web.morosycristianosdeaspe.es\/?page_id=869\">D\u00eda del Festero Infantil.<\/a><\/li>\n<\/ul>\n<\/li>\n<li><span style=\"color: #800000;\"><strong><a title=\"Jueves 7 de Agosto. Entrada de Bandas y Retreta\" href=\"https:\/\/web.morosycristianosdeaspe.es\/?page_id=872\"><span style=\"color: #800000;\">Jueves 7 de Agosto.<\/span><\/a><\/strong><\/span>\n<ul>\n<li><a title=\"Jueves 7 de Agosto. Entrada de Bandas y Retreta\" href=\"https:\/\/web.morosycristianosdeaspe.es\/?page_id=872\">Entrada de Bandas y Retreta.<\/a><\/li>\n<\/ul>\n<\/li>\n<li><span style=\"color: #800000;\"><strong><a title=\"Viernes 8 de Agosto. Pasacalle Festero y Entrada Mora\" href=\"https:\/\/web.morosycristianosdeaspe.es\/?page_id=874\"><span style=\"color: #800000;\">Viernes 8 de Agosto.<\/span><\/a><\/strong><\/span>\n<ul>\n<li><a title=\"Viernes 8 de Agosto. Pasacalle Festero y Entrada Mora\" href=\"https:\/\/web.morosycristianosdeaspe.es\/?page_id=874\">Pasacalles Festero y Entrada Mora.<\/a><br \/>\n<span style=\"color: #ff6600;\"><em><a title=\"Orden de desfile \u2013 Entrada Mora \u2013 D\u00eda 8 de Agosto\" href=\"https:\/\/web.morosycristianosdeaspe.es\/?page_id=884\"><span style=\"color: #ff6600;\">Orden de desfile Entrada Mora.<\/span><\/a><\/em><\/span><\/li>\n<\/ul>\n<\/li>\n<li><strong><span style=\"color: #800000;\"><a title=\"S\u00e1bado 9 de Agosto. Pasacalles a Residencia de Ancianos, Entrada Infantil, Guerrilla, Misa Festera y Embajada.\" href=\"https:\/\/web.morosycristianosdeaspe.es\/?page_id=876\"><span style=\"color: #800000;\">S\u00e1bado 9 de Agosto. <\/span><\/a><\/span><\/strong>\n<ul>\n<li><a title=\"S\u00e1bado 9 de Agosto. Pasacalles a Residencia de Ancianos, Entrada Infantil, Guerrilla, Misa Festera y Embajada.\" href=\"https:\/\/web.morosycristianosdeaspe.es\/?page_id=876\">Pasacalles a Residencia de Ancianos, Entrada Infantil, Guerrilla, Misa Festera y Embajada.<\/a><\/li>\n<\/ul>\n<\/li>\n<li><span style=\"color: #800000;\"><strong><a title=\"Domingo 10 de Agosto. Entrada Cristiana y Entrega de Banderas.\" href=\"https:\/\/web.morosycristianosdeaspe.es\/?page_id=878\"><span style=\"color: #800000;\">Domingo 10 de Agosto.<\/span><\/a><\/strong><\/span>\n<ul>\n<li><a title=\"Domingo 10 de Agosto. Entrada Cristiana y Entrega de Banderas.\" href=\"https:\/\/web.morosycristianosdeaspe.es\/?page_id=878\">Entrada Cristiana y Entrega de Banderas.<\/a><br \/>\n<span style=\"color: #ff6600;\"><em><a title=\"Orden de desfile \u2013 Entrada Cristiana \u2013 D\u00eda 10 de Agosto\" href=\"https:\/\/web.morosycristianosdeaspe.es\/?page_id=888\"><span style=\"color: #ff6600;\">Orden de desfile Entrada Cristiana.<\/span><\/a><\/em><\/span><\/li>\n<\/ul>\n<\/li>\n<li><span style=\"color: #800000;\"><strong><a title=\"Viernes 15 de Agosto. Ofrenda a la Virgen de las Nieves.\" href=\"https:\/\/web.morosycristianosdeaspe.es\/?page_id=891\"><span style=\"color: #800000;\">Viernes 15 de Agosto.<\/span><\/a><\/strong><\/span>\n<ul>\n<li><a title=\"Viernes 15 de Agosto. Ofrenda a la Virgen de las Nieves.\" href=\"https:\/\/web.morosycristianosdeaspe.es\/?page_id=891\">Ofrenda a la Virgen de las Nieves.<\/a><\/li>\n<\/ul>\n<\/li>\n<\/ul>\n<h6>Programa patrocinado por:<\/h6>\n<p><img loading=\"lazy\" decoding=\"async\" class=\"aligncenter wp-image-948 size-medium\" src=\"https:\/\/web.morosycristianosdeaspe.es\/wp-content\/uploads\/2014\/07\/anis-salas-logo-300x51.png\" alt=\"\" width=\"300\" height=\"51\" srcset=\"https:\/\/web.morosycristianosdeaspe.es\/wp-content\/uploads\/2014\/07\/anis-salas-logo-300x51.png 300w, https:\/\/web.morosycristianosdeaspe.es\/wp-content\/uploads\/2014\/07\/anis-salas-logo-1024x175.png 1024w, https:\/\/web.morosycristianosdeaspe.es\/wp-content\/uploads\/2014\/07\/anis-salas-logo-900x154.png 900w\" sizes=\"auto, (max-width: 300px) 100vw, 300px\" \/><\/p>\n","protected":false},"excerpt":{"rendered":"<p>S\u00e1bado 26 de Julio. Preg\u00f3n y Presentaci\u00f3n al Pueblo. Martes 5 de Agosto. Procesi\u00f3n en honor a la Virgen de las Nieves. Mi\u00e9rcoles 6 de Agosto. D\u00eda del Festero Infantil. Jueves 7 de Agosto. Entrada de Bandas y Retreta. Viernes 8 de Agosto. Pasacalles Festero y Entrada Mora. Orden de desfile Entrada Mora. S\u00e1bado 9 [&hellip;]<\/p>\n","protected":false},"author":1,"featured_media":0,"parent":95,"menu_order":60,"comment_status":"closed","ping_status":"closed","template":"onecolumn-page.php","meta":{"footnotes":""},"class_list":["post-856","page","type-page","status-publish","hentry"],"_links":{"self":[{"href":"https:\/\/web.morosycristianosdeaspe.es\/index.php?rest_route=\/wp\/v2\/pages\/856","targetHints":{"allow":["GET"]}}],"collection":[{"href":"https:\/\/web.morosycristianosdeaspe.es\/index.php?rest_route=\/wp\/v2\/pages"}],"about":[{"href":"https:\/\/web.morosycristianosdeaspe.es\/index.php?rest_route=\/wp\/v2\/types\/page"}],"author":[{"embeddable":true,"href":"https:\/\/web.morosycristianosdeaspe.es\/index.php?rest_route=\/wp\/v2\/users\/1"}],"replies":[{"embeddable":true,"href":"https:\/\/web.morosycristianosdeaspe.es\/index.php?rest_route=%2Fwp%2Fv2%2Fcomments&post=856"}],"version-history":[{"count":16,"href":"https:\/\/web.morosycristianosdeaspe.es\/index.php?rest_route=\/wp\/v2\/pages\/856\/revisions"}],"predecessor-version":[{"id":949,"href":"https:\/\/web.morosycristianosdeaspe.es\/index.php?rest_route=\/wp\/v2\/pages\/856\/revisions\/949"}],"up":[{"embeddable":true,"href":"https:\/\/web.morosycristianosdeaspe.es\/index.php?rest_route=\/wp\/v2\/pages\/95"}],"wp:attachment":[{"href":"https:\/\/web.morosycristianosdeaspe.es\/index.php?rest_route=%2Fwp%2Fv2%2Fmedia&parent=856"}],"curies":[{"name":"wp","href":"https:\/\/api.w.org\/{rel}","templated":true}]}}