{"id":872,"date":"2014-07-04T11:29:07","date_gmt":"2014-07-04T10:29:07","guid":{"rendered":"http:\/\/web.morosycristianosdeaspe.es\/?page_id=872"},"modified":"2014-07-15T09:41:14","modified_gmt":"2014-07-15T08:41:14","slug":"jueves-7-de-agosto-entrada-de-bandas-y-retreta","status":"publish","type":"page","link":"https:\/\/web.morosycristianosdeaspe.es\/?page_id=872","title":{"rendered":"Jueves 7 de Agosto. Entrada de Bandas y Retreta"},"content":{"rendered":"<h1><span style=\"color: #0000ff;\">Entrada de Bandas<\/span><\/h1>\n<h2><span style=\"color: #3366ff;\">Pasacalle autoridades, reyes y sultanes.<\/span><\/h2>\n<p><em>Pasacalle de autoridades desde la sede de la Uni\u00f3n de Moros y Cristianos hasta el Punto de salida de la Entrada de Bandas de comparsas.<\/em><\/p>\n<p><strong>Lugar de concentraci\u00f3n:<\/strong> Sede de la Uni\u00f3n (c\/Francisco Candela, 19)<\/p>\n<p><strong>Hora de concentraci\u00f3n sede de la Uni\u00f3n:<\/strong> 19:15 h.<\/p>\n<p><strong>Hora de salida desde la sede de la Uni\u00f3n:<\/strong> 19:30 h.<\/p>\n<p><strong>Itinerario de autoridades, reyes y sultanes:<\/strong> Sede de la Uni\u00f3n, Francisco Candela, San Pedro, Castelar y Fuente Castelar.<\/p>\n<p><strong>Orden de salida desde la sede de la Uni\u00f3n:<\/strong><br \/>\n\u2022 Bandera de la Uni\u00f3n.<br \/>\n\u2022 Reyes y sultanes.<br \/>\n\u2022 Alcalde, Presidente de la Uni\u00f3n, Embajadores y Director del Himno.<br \/>\n\u2022 Banda de m\u00fasica.<\/p>\n<figure id=\"attachment_392\" aria-describedby=\"caption-attachment-392\" style=\"width: 300px\" class=\"wp-caption aligncenter\"><a href=\"https:\/\/web.morosycristianosdeaspe.es\/wp-content\/uploads\/2013\/08\/entrada-bandasW.jpg\"><img loading=\"lazy\" decoding=\"async\" class=\"size-medium wp-image-392\" src=\"https:\/\/web.morosycristianosdeaspe.es\/wp-content\/uploads\/2013\/08\/entrada-bandasW-300x177.jpg\" alt=\"Entrada de bandas. Click en el plano para ampliar.\" width=\"300\" height=\"177\" srcset=\"https:\/\/web.morosycristianosdeaspe.es\/wp-content\/uploads\/2013\/08\/entrada-bandasW-300x177.jpg 300w, https:\/\/web.morosycristianosdeaspe.es\/wp-content\/uploads\/2013\/08\/entrada-bandasW-1024x604.jpg 1024w, https:\/\/web.morosycristianosdeaspe.es\/wp-content\/uploads\/2013\/08\/entrada-bandasW.jpg 1107w\" sizes=\"auto, (max-width: 300px) 100vw, 300px\" \/><\/a><figcaption id=\"caption-attachment-392\" class=\"wp-caption-text\">Entrada de bandas. Click en el plano para ampliar.<\/figcaption><\/figure>\n<h2><span style=\"color: #3366ff;\">Entrada de Bandas de comparsas.<\/span><\/h2>\n<p><em>Entrada de Bandas de todas las comparsas desde la calle Castelar que terminar\u00e1 a pies del castillo de embajada con el canto del Himno de las Fiestas, dirigido por D. Antonio Clavel Cascales.<br \/>\n<\/em><\/p>\n<p><strong>Lugar de concentraci\u00f3n de comparsas para Entrada de Bandas:<\/strong> Fuente calle Castelar.<br \/>\n<strong>Hora de concentraci\u00f3n de la Entrada de Bandas:<\/strong> 19:30 h.<br \/>\n<strong>Hora de salida de la Entrada de Bandas:<\/strong> 19:45 Horas.<br \/>\n<strong>Itinerario Entrada de Bandas:<\/strong> Fuente Castelar, Castelar, San Pedro, San Jos\u00e9, Avda.\u00a0 Constituci\u00f3n y Castillo de Embajada.<\/p>\n<p><strong>Orden de comparsas en Entrada de Bandas:<\/strong><\/p>\n<ul>\n<li>Bandera de la Uni\u00f3n.<\/li>\n<li>Reyes y sultanes.<\/li>\n<li>Alcalde, Presidente de la Uni\u00f3n, Embajadores y Director del Himno.<\/li>\n<li>Banda de m\u00fasica.<\/li>\n<li>Bando Moro.\n<ul>\n<li>Moros Alcan\u00e1.<\/li>\n<li>Moros Sulaym\u00e1n.<\/li>\n<li>Moros Fauqu\u00edes.<\/li>\n<li>Moros Aljau.<\/li>\n<\/ul>\n<\/li>\n<li>Bando Cristiano.\n<ul>\n<li>Cristianos Duque de Maqueda.<\/li>\n<li>Cristianos Estudiantes.<\/li>\n<li>Cristianos Contrabandistas de la Sierra Negra.<\/li>\n<li>Cristianos Lanceros de Uchel.<\/li>\n<\/ul>\n<\/li>\n<\/ul>\n<h1><span style=\"color: #0000ff;\">Retreta.<\/span><\/h1>\n<p><em>Pasacalle desfile humor\u00edstico por las calles del pueblo.<\/em><\/p>\n<figure id=\"attachment_394\" aria-describedby=\"caption-attachment-394\" style=\"width: 300px\" class=\"wp-caption alignleft\"><a href=\"https:\/\/web.morosycristianosdeaspe.es\/wp-content\/uploads\/2013\/08\/retretaw.jpg\"><img loading=\"lazy\" decoding=\"async\" class=\"size-medium wp-image-394\" src=\"https:\/\/web.morosycristianosdeaspe.es\/wp-content\/uploads\/2013\/08\/retretaw-300x210.jpg\" alt=\"Retreta. Click en el plano para ampliar.\" width=\"300\" height=\"210\" srcset=\"https:\/\/web.morosycristianosdeaspe.es\/wp-content\/uploads\/2013\/08\/retretaw-300x210.jpg 300w, https:\/\/web.morosycristianosdeaspe.es\/wp-content\/uploads\/2013\/08\/retretaw.jpg 946w\" sizes=\"auto, (max-width: 300px) 100vw, 300px\" \/><\/a><figcaption id=\"caption-attachment-394\" class=\"wp-caption-text\">Retreta. Click en el plano para ampliar.<\/figcaption><\/figure>\n<p><strong>Hora de concentraci\u00f3n:<\/strong> 23:45 h.<\/p>\n<p><strong>Lugar de concentraci\u00f3n:<\/strong> Replaceta c\/ Col\u00f3n.<\/p>\n<p><strong>Hora de salida:<\/strong> 24:00 h.<\/p>\n<p><strong>Itinerario:<\/strong> Calle Col\u00f3n, calle Sol, calle Santa Faz, parque Dr. Calatayud, calle Pedro Galipienso y Castillo de Embajada.<\/p>\n<p><strong>Orden de comparsas:<\/strong><\/p>\n<ul>\n<li>Bandera de la Uni\u00f3n<\/li>\n<li>Bando Moro:\n<ul>\n<li>Moros Alcan\u00e1.<\/li>\n<li>Moros Sulaym\u00e1n.<\/li>\n<li>Moros Fauqu\u00edes.<\/li>\n<li>Moros Aljau.<\/li>\n<\/ul>\n<\/li>\n<li>Bando Cristiano:\n<ul>\n<li>Cristianos Duque de Maqueda.<\/li>\n<li>Cristianos Estudiantes.<\/li>\n<li>Cristianos Contrabandistas de la Sierra Negra.<\/li>\n<li>Cristianos Lanceros de Uchel.<\/li>\n<\/ul>\n<\/li>\n<\/ul>\n","protected":false},"excerpt":{"rendered":"<p>Entrada de Bandas Pasacalle autoridades, reyes y sultanes. Pasacalle de autoridades desde la sede de la Uni\u00f3n de Moros y Cristianos hasta el Punto de salida de la Entrada de Bandas de comparsas. Lugar de concentraci\u00f3n: Sede de la Uni\u00f3n (c\/Francisco Candela, 19) Hora de concentraci\u00f3n sede de la Uni\u00f3n: 19:15 h. Hora de salida [&hellip;]<\/p>\n","protected":false},"author":1,"featured_media":0,"parent":856,"menu_order":7,"comment_status":"closed","ping_status":"closed","template":"onecolumn-page.php","meta":{"footnotes":""},"class_list":["post-872","page","type-page","status-publish","hentry"],"_links":{"self":[{"href":"https:\/\/web.morosycristianosdeaspe.es\/index.php?rest_route=\/wp\/v2\/pages\/872","targetHints":{"allow":["GET"]}}],"collection":[{"href":"https:\/\/web.morosycristianosdeaspe.es\/index.php?rest_route=\/wp\/v2\/pages"}],"about":[{"href":"https:\/\/web.morosycristianosdeaspe.es\/index.php?rest_route=\/wp\/v2\/types\/page"}],"author":[{"embeddable":true,"href":"https:\/\/web.morosycristianosdeaspe.es\/index.php?rest_route=\/wp\/v2\/users\/1"}],"replies":[{"embeddable":true,"href":"https:\/\/web.morosycristianosdeaspe.es\/index.php?rest_route=%2Fwp%2Fv2%2Fcomments&post=872"}],"version-history":[{"count":2,"href":"https:\/\/web.morosycristianosdeaspe.es\/index.php?rest_route=\/wp\/v2\/pages\/872\/revisions"}],"predecessor-version":[{"id":944,"href":"https:\/\/web.morosycristianosdeaspe.es\/index.php?rest_route=\/wp\/v2\/pages\/872\/revisions\/944"}],"up":[{"embeddable":true,"href":"https:\/\/web.morosycristianosdeaspe.es\/index.php?rest_route=\/wp\/v2\/pages\/856"}],"wp:attachment":[{"href":"https:\/\/web.morosycristianosdeaspe.es\/index.php?rest_route=%2Fwp%2Fv2%2Fmedia&parent=872"}],"curies":[{"name":"wp","href":"https:\/\/api.w.org\/{rel}","templated":true}]}}