{"id":876,"date":"2014-07-04T12:37:42","date_gmt":"2014-07-04T11:37:42","guid":{"rendered":"http:\/\/web.morosycristianosdeaspe.es\/?page_id=876"},"modified":"2014-07-18T10:52:01","modified_gmt":"2014-07-18T09:52:01","slug":"sabado-9-de-agosto-pasacalles-a-residencia-de-ancianos-entrada-infantil-guerrilla-misa-festera-y-embajada","status":"publish","type":"page","link":"https:\/\/web.morosycristianosdeaspe.es\/?page_id=876","title":{"rendered":"S\u00e1bado 9 de Agosto. Pasacalles a Residencia de Ancianos, Entrada Infantil, Guerrilla, Misa Festera y Embajada."},"content":{"rendered":"<h1><span style=\"color: #0000ff;\">Pasacalle y Desfile en Residencia de Ancianos<\/span><\/h1>\n<p><em>Pasacalles hasta la Residencia de Ancianos para celebrar en sus jardines un desfile festero en honor a nuestros mayores.<\/em><\/p>\n<p><b>Hora de concentraci\u00f3n: <\/b>11:15 h.<\/p>\n<p><b>Lugar de concentraci\u00f3n: <\/b>Plaza Mayor.<\/p>\n<figure id=\"attachment_434\" aria-describedby=\"caption-attachment-434\" style=\"width: 300px\" class=\"wp-caption alignright\"><a href=\"https:\/\/web.morosycristianosdeaspe.es\/wp-content\/uploads\/2013\/07\/asilow.jpg\"><img loading=\"lazy\" decoding=\"async\" class=\"size-medium wp-image-434 \" src=\"https:\/\/web.morosycristianosdeaspe.es\/wp-content\/uploads\/2013\/07\/asilow-300x237.jpg\" alt=\"Pasacalle a R. Ancianos. Click en el plano para ampliar.\" width=\"300\" height=\"237\" srcset=\"https:\/\/web.morosycristianosdeaspe.es\/wp-content\/uploads\/2013\/07\/asilow-300x237.jpg 300w, https:\/\/web.morosycristianosdeaspe.es\/wp-content\/uploads\/2013\/07\/asilow.jpg 843w\" sizes=\"auto, (max-width: 300px) 100vw, 300px\" \/><\/a><figcaption id=\"caption-attachment-434\" class=\"wp-caption-text\">Pasacalle a R. Ancianos. Click en el plano para ampliar.<\/figcaption><\/figure>\n<p><b>Hora de salida: <\/b>11:30 h.<\/p>\n<p><b>Itinerario: <\/b>Plaza Mayor, calle Sacramento, Parque Dr. Calatayud, calle Santa Faz, calle Virgen de las Nieves, calle Ram\u00f3n y Cajal, avenida Castelar y Residencia de Ancianos -Desfile Festero en Residencia de Ancianos &#8211; avenida Castelar, calle San Pedro, calle Francisco Candela y Plaza Mayor.<\/p>\n<p><b>Orden de salida del pasacalle:<\/b><\/p>\n<ul>\n<li>Bandera de la Uni\u00f3n.<\/li>\n<li>Bloque de gala:\n<ul>\n<li>Bando Moro:\n<ul>\n<li>Sultanes y capitanes del bando con traje de gala.<\/li>\n<li>Fil\u00e1s de gala de los sultanes (Moros Alcan\u00e1).<\/li>\n<li>Fil\u00e1s de gala Moros Sulaym\u00e1n.<\/li>\n<li>Fil\u00e1s de gala Moros Fauqu\u00edes.<\/li>\n<li>Fil\u00e1s de gala Moros Aljau.<\/li>\n<\/ul>\n<\/li>\n<li>Banda de m\u00fasica.<\/li>\n<li>Bando Cristiano:\n<ul>\n<li>Reyes y capitanes del bando con traje de gala.<\/li>\n<li>Fil\u00e1s de gala de los reyes (Cristianos Duque de Maqueda).<\/li>\n<li>Fil\u00e1s de gala Cristianos Estudiantes.<\/li>\n<li>Fil\u00e1s de gala Cristianos Contrabandistas de la Sierra Negra.<\/li>\n<li>Fil\u00e1s de gala Cristianos Lanceros de Uchel.<\/li>\n<\/ul>\n<\/li>\n<li>Banda de m\u00fasica.<\/li>\n<\/ul>\n<\/li>\n<li>Bloque acompa\u00f1antes con traje oficial.\n<ul>\n<li>Bando Moro:\n<ul>\n<li>Fil\u00e1s con traje oficial Moros Alcan\u00e1.<\/li>\n<li>Fil\u00e1s con traje oficial Moros Sulaym\u00e1n.<\/li>\n<li>Fil\u00e1s con traje oficial Moros Fauquies.<\/li>\n<li>Fil\u00e1s con traje oficial Moros Aljau.<\/li>\n<\/ul>\n<\/li>\n<li>Banda de m\u00fasica.<\/li>\n<li>Bando Cristiano:\n<ul>\n<li>Fil\u00e1s con traje oficial Cristianos Duque de Maqueda .<\/li>\n<li>Fil\u00e1s con traje oficial Cristianos Estudiantes.<\/li>\n<li>Fil\u00e1s con traje oficial Cristianos Contrabandistas de la Sierra Negra.<\/li>\n<li>Fil\u00e1s con traje oficial Cristianos Lanceros de Uchel.<\/li>\n<\/ul>\n<\/li>\n<li>Banda de m\u00fasica.<\/li>\n<\/ul>\n<\/li>\n<\/ul>\n<p><b>Orden de desfile en la Residencia de Ancianos:<\/b><\/p>\n<ul>\n<li>Bandera de la Uni\u00f3n.<\/li>\n<li>Bando Moro:\n<ul>\n<li>Sultanes y capitanes del bando con traje de gala.<\/li>\n<li>Fil\u00e1s de gala de los sultanes (Moros Alcan\u00e1).<\/li>\n<li>Fil\u00e1s de gala Moros Sulaym\u00e1n.<\/li>\n<li>Fil\u00e1s de gala Moros Fauqu\u00edes.<\/li>\n<li>Fil\u00e1s de gala Moros Aljau.<\/li>\n<\/ul>\n<\/li>\n<li>Bando Cristiano:\n<ul>\n<li>Reyes y capitanes del bando con traje de gala.<\/li>\n<li>Fil\u00e1s de gala de los reyes (Cristianos Duque de Maqueda).<\/li>\n<li>Fil\u00e1s de gala Cristianos Estudiantes.<\/li>\n<li>Fil\u00e1s de gala Cristianos Contrabandistas de la Sierra Negra.<\/li>\n<li>Fil\u00e1s de gala Cristianos Lanceros de Uchel.<\/li>\n<\/ul>\n<\/li>\n<\/ul>\n<h1><span style=\"color: #0000ff;\">Entrada Infantil y Acompa\u00f1amiento de Cargos a la Misa Festera.<\/span><\/h1>\n<p><b>Hora de concentraci\u00f3n: <\/b>19:45 h.<\/p>\n<p><b>Lugar de concentraci\u00f3n: <\/b>Calle Doctor Mara\u00f1\u00f3n esquina con calle Isaac Peral<\/p>\n<p><b>Hora de salida: <\/b>20:00 h.<\/p>\n<p><b>Itinerario: <\/b>Calle Doctor Mara\u00f1\u00f3n esquina calle Isaac Peral, calle Doctor Mara\u00f1\u00f3n, Parque Dr. Calatayud, Parque Infantil, Mercado, calle Sacramento, Plaza Mayor.<\/p>\n<figure id=\"attachment_433\" aria-describedby=\"caption-attachment-433\" style=\"width: 261px\" class=\"wp-caption aligncenter\"><a href=\"https:\/\/web.morosycristianosdeaspe.es\/wp-content\/uploads\/2013\/07\/Alardo-y-Desf-InfantilW.jpg\"><img loading=\"lazy\" decoding=\"async\" class=\"size-medium wp-image-433\" src=\"https:\/\/web.morosycristianosdeaspe.es\/wp-content\/uploads\/2013\/07\/Alardo-y-Desf-InfantilW-261x300.jpg\" alt=\"Guerrilla, Entrada Infantil, Acompa\u00f1anmiento a Misa Festera. Click en el plano para ampliar.\" width=\"261\" height=\"300\" srcset=\"https:\/\/web.morosycristianosdeaspe.es\/wp-content\/uploads\/2013\/07\/Alardo-y-Desf-InfantilW-261x300.jpg 261w, https:\/\/web.morosycristianosdeaspe.es\/wp-content\/uploads\/2013\/07\/Alardo-y-Desf-InfantilW.jpg 440w\" sizes=\"auto, (max-width: 261px) 100vw, 261px\" \/><\/a><figcaption id=\"caption-attachment-433\" class=\"wp-caption-text\">Guerrilla, Entrada Infantil, Acompa\u00f1anmiento a Misa Festera. Click en el plano para ampliar.<\/figcaption><\/figure>\n<p><strong>Orden del pasacalle:<\/strong><\/p>\n<ul>\n<li>Bandera de la Uni\u00f3n.<\/li>\n<li>Bando Moro infantil:\n<ul>\n<li>Sult\u00e1nes infantiles.<\/li>\n<li>Capit\u00e1n y abanderada infantiles de Moros Alcan\u00e1.<\/li>\n<li>Fil\u00e1s Infantiles de Moros Alcan\u00e1.<\/li>\n<li>Capit\u00e1n y abanderada infantiles de Moros Sulaym\u00e1n.<\/li>\n<li>Fil\u00e1s infantiles de Moros Sulaym\u00e1n.<\/li>\n<li>Capit\u00e1n y abanderada infantiles de Moros Fauquies.<\/li>\n<li>Fil\u00e1s infantiles de Moros Fauqu\u00edes.<\/li>\n<li>Capit\u00e1n y abanderada infantiles de Moros Aljau.<\/li>\n<li>Fil\u00e1s infantiles de Moros Aljau.<\/li>\n<li>Banda de m\u00fasica.<\/li>\n<\/ul>\n<\/li>\n<li>Bando Cristiano Infantil.\n<ul>\n<li>Reyes infantiles.<\/li>\n<li>Capit\u00e1n y abanderada infantiles de Cristianos Duque de Maqueda.<\/li>\n<li>Fil\u00e1s infantiles de Cristianos Duque de Maqueda.<\/li>\n<li>Capit\u00e1n y abanderada infantiles de Cristianos Estudiantes.<\/li>\n<li>Fil\u00e1s infantiles de Cristianos Estudiantes.<\/li>\n<li>Capit\u00e1n y abanderada infantiles de Cristianos Contrabandistas de la Sierra Negra.<\/li>\n<li>Fil\u00e1s infantiles de Cristianos Contrabandistas de la Sierra Negra.<\/li>\n<li>Capit\u00e1n y abanderada infantiles de Cristianos Lanceros de Uchel.<\/li>\n<li>Fil\u00e1s infantiles de Cristianos Lanceros de Uchel.<\/li>\n<li>Banda de m\u00fasica.<\/li>\n<\/ul>\n<\/li>\n<li>Bando Moro:\n<ul>\n<li>Sultanes y capitanes del bando con traje de gala.<\/li>\n<li>Fil\u00e1 de gala del Sult\u00e1n (Masculina).<\/li>\n<li>Fil\u00e1s de gala Moros Alcan\u00e1.<\/li>\n<li>Fil\u00e1s de gala Moros Sulaym\u00e1n.<\/li>\n<li>Fil\u00e1s de gala Moros Fauqu\u00edes.<\/li>\n<li>Fil\u00e1s de gala Moros Aljau.<\/li>\n<li>Banda de m\u00fasica.<\/li>\n<\/ul>\n<\/li>\n<li>Bando Cristiano.\n<ul>\n<li>Reyes y capitanes del bando con traje de gala.<\/li>\n<li>Fil\u00e1 de gala del Rey (Masculina).<\/li>\n<li>Fil\u00e1s de gala Cristianos Duque de Maqueda.<\/li>\n<li>Fil\u00e1s de gala Cristianos Estudiantes.<\/li>\n<li>Fil\u00e1s de gala de Cristianos Contrabandistas de la Sierra Negra.<\/li>\n<li>Fil\u00e1s de gala Cristianos Lanceros de Uchel.<\/li>\n<li>Banda de m\u00fasica.<\/li>\n<\/ul>\n<\/li>\n<\/ul>\n<h1><span style=\"color: #0000ff;\">Guerrilla<\/span><\/h1>\n<p><i>Disparo de arcabucer\u00eda que finaliza en el Castillo de Embajada.<\/i><\/p>\n<p><b>Hora de concentraci\u00f3n: <\/b>19:30 h.<\/p>\n<p><b>Lugar de concentraci\u00f3n: <\/b>Antigua Cer\u00e1mica de Cervera (c\/ Tarragona)<\/p>\n<p><b>Hora de salida<\/b>: 20:15 h.<\/p>\n<p><b>Itinerario: <\/b>Calle Tarragona, calle Santa Faz, Parque Dr. Calatayud, calle Pedro Galipienso y Castillo de Embajada.<\/p>\n<h1><span style=\"color: #0000ff;\">Misa Festera.<\/span><\/h1>\n<p><b>Hora del acto: <\/b>21:00 h<\/p>\n<p><b>Lugar de concentraci\u00f3n: <\/b>Puerta de la Bas\u00edlica.<\/p>\n<h1><span style=\"color: #0000ff;\">Embajada.<\/span><\/h1>\n<p><i>Representaci\u00f3n de parlamento entre embajadores y toma del castillo por parte del bando cristiano.<\/i><\/p>\n<p><strong>Hora del acto:<\/strong> 22:00 h<\/p>\n<p><strong>Lugar de concentraci\u00f3n:<\/strong> Arco del Ayuntamiento antiguo.<\/p>\n<p><strong>Embajador cristiano:<\/strong> Vicente Botella Tolmos.<\/p>\n<p><strong>Embajador moro:<\/strong> Jos\u00e9 Berenguer Pastor.<\/p>\n<p><strong>Juglar: <\/strong>Jos\u00e9 Manuel Mateo Soler.<\/p>\n<p><strong>Vig\u00eda moro: <\/strong>Salvador Prieto Cremades.<\/p>\n<p><strong>Director de escena: <\/strong>Francisco Bonmat\u00ed.<\/p>\n","protected":false},"excerpt":{"rendered":"<p>Pasacalle y Desfile en Residencia de Ancianos Pasacalles hasta la Residencia de Ancianos para celebrar en sus jardines un desfile festero en honor a nuestros mayores. Hora de concentraci\u00f3n: 11:15 h. Lugar de concentraci\u00f3n: Plaza Mayor. Hora de salida: 11:30 h. Itinerario: Plaza Mayor, calle Sacramento, Parque Dr. Calatayud, calle Santa Faz, calle Virgen de [&hellip;]<\/p>\n","protected":false},"author":1,"featured_media":0,"parent":856,"menu_order":9,"comment_status":"closed","ping_status":"closed","template":"onecolumn-page.php","meta":{"footnotes":""},"class_list":["post-876","page","type-page","status-publish","hentry"],"_links":{"self":[{"href":"https:\/\/web.morosycristianosdeaspe.es\/index.php?rest_route=\/wp\/v2\/pages\/876","targetHints":{"allow":["GET"]}}],"collection":[{"href":"https:\/\/web.morosycristianosdeaspe.es\/index.php?rest_route=\/wp\/v2\/pages"}],"about":[{"href":"https:\/\/web.morosycristianosdeaspe.es\/index.php?rest_route=\/wp\/v2\/types\/page"}],"author":[{"embeddable":true,"href":"https:\/\/web.morosycristianosdeaspe.es\/index.php?rest_route=\/wp\/v2\/users\/1"}],"replies":[{"embeddable":true,"href":"https:\/\/web.morosycristianosdeaspe.es\/index.php?rest_route=%2Fwp%2Fv2%2Fcomments&post=876"}],"version-history":[{"count":4,"href":"https:\/\/web.morosycristianosdeaspe.es\/index.php?rest_route=\/wp\/v2\/pages\/876\/revisions"}],"predecessor-version":[{"id":970,"href":"https:\/\/web.morosycristianosdeaspe.es\/index.php?rest_route=\/wp\/v2\/pages\/876\/revisions\/970"}],"up":[{"embeddable":true,"href":"https:\/\/web.morosycristianosdeaspe.es\/index.php?rest_route=\/wp\/v2\/pages\/856"}],"wp:attachment":[{"href":"https:\/\/web.morosycristianosdeaspe.es\/index.php?rest_route=%2Fwp%2Fv2%2Fmedia&parent=876"}],"curies":[{"name":"wp","href":"https:\/\/api.w.org\/{rel}","templated":true}]}}