{"id":888,"date":"2014-07-04T13:40:17","date_gmt":"2014-07-04T12:40:17","guid":{"rendered":"http:\/\/web.morosycristianosdeaspe.es\/?page_id=888"},"modified":"2014-07-17T13:02:47","modified_gmt":"2014-07-17T12:02:47","slug":"orden-de-desfile-entrada-cristiana-dia-10-de-agosto","status":"publish","type":"page","link":"https:\/\/web.morosycristianosdeaspe.es\/?page_id=888","title":{"rendered":"Orden de desfile \u2013 Entrada Cristiana \u2013 D\u00eda 10 de Agosto"},"content":{"rendered":"<h1>Bando Moro.<\/h1>\n<p><img loading=\"lazy\" decoding=\"async\" class=\"aligncenter wp-image-159 size-full\" src=\"https:\/\/web.morosycristianosdeaspe.es\/wp-content\/uploads\/2013\/05\/Alcana_w.png\" alt=\"Moros Alcan\u00e1\" width=\"64\" height=\"100\" \/><\/p>\n<h2>Comparsa Moros Alcan\u00e1 (Sultanato).<\/h2>\n<ul>\n<li><em>Abanderada<\/em><\/li>\n<li><em>Fil\u00e1 Al-icante<\/em><\/li>\n<li><em>Fil\u00e1 Al-ikataos<\/em><\/li>\n<li><em><span style=\"color: #800000;\">Banda de m\u00fasica: Uni\u00f3n Musical Hond\u00f3n de los Frailes<\/span><\/em><\/li>\n<li><em>Fil\u00e1 Aysha<\/em><\/li>\n<li><em>Fil\u00e1 Al-palique<\/em><\/li>\n<li><em>Carroza Sultanes<\/em><\/li>\n<\/ul>\n<p><img loading=\"lazy\" decoding=\"async\" class=\"aligncenter wp-image-162 size-full\" src=\"https:\/\/web.morosycristianosdeaspe.es\/wp-content\/uploads\/2013\/05\/Sulayman_w.png\" alt=\"Moros Sulaym\u00e1n\" width=\"89\" height=\"100\" \/><\/p>\n<h2>Comparsa Moros Sulaym\u00e1n.<\/h2>\n<ul>\n<li><em>Capit\u00e1n y Abanderada<\/em><\/li>\n<li><em>Fil\u00e1 Infantil Sulaym\u00e1n<\/em><\/li>\n<li><em>Fil\u00e1 Chonis<\/em><\/li>\n<li><em>Fil\u00e1 Malika&#8217;s<\/em><\/li>\n<li><em><span style=\"color: #800000;\">Banda de m\u00fasica: Planeta Azul<\/span><\/em><\/li>\n<li><em>Fil\u00e1 Viejos Sulaym\u00e1n<\/em><\/li>\n<li><em>Torretas de Cierre<\/em><\/li>\n<\/ul>\n<p><img loading=\"lazy\" decoding=\"async\" class=\"aligncenter wp-image-161 size-full\" src=\"https:\/\/web.morosycristianosdeaspe.es\/wp-content\/uploads\/2013\/05\/Fauquies_w.png\" alt=\"Moros Fauqu\u00edes\" width=\"99\" height=\"100\" \/><\/p>\n<h2>Comparsa Moros Fauqu\u00edes.<\/h2>\n<ul>\n<li><em>Capitan\u00eda<\/em><\/li>\n<li><em>Fil\u00e1 Samburu<\/em><\/li>\n<li><em>Fil\u00e1 Moricas<\/em><\/li>\n<li><em>Fil\u00e1 La Pepa<\/em><\/li>\n<li><em>Fil\u00e1 Morancas<\/em><\/li>\n<li><em>Escuadra Luis Canales<\/em><\/li>\n<li><em><span style=\"color: #800000;\">Banda de m\u00fasica: Ateneo Maestro Gilabert<\/span><\/em><\/li>\n<li><em>Fil\u00e1 Guerreras<\/em><\/li>\n<li><em>Fil\u00e1 Emblem\u00e1ticos<\/em><\/li>\n<li><em>Carroza infantil<\/em><\/li>\n<\/ul>\n<p><img loading=\"lazy\" decoding=\"async\" class=\"aligncenter wp-image-160 size-full\" src=\"https:\/\/web.morosycristianosdeaspe.es\/wp-content\/uploads\/2013\/05\/Aljau_w.png\" alt=\"Moros Aljau\" width=\"105\" height=\"100\" \/><\/p>\n<h2>Comparsa Moros Aljau.<\/h2>\n<ul>\n<li><em>Fil\u00e1 Moras B\u00e2sim<\/em><\/li>\n<li><em>Fil\u00e1 Saharis Musulmanas<\/em><\/li>\n<li><em><span style=\"color: #800000;\">Banda de m\u00fasica<\/span><\/em><\/li>\n<li><em>Fil\u00e1 Moros Tuareg<\/em><\/li>\n<li><em>Carroza Infantil<br \/>\n<\/em><\/li>\n<li><em>Fil\u00e1 Massais<\/em><\/li>\n<li><em>Fil\u00e1 Ahysides<\/em><\/li>\n<li><em><span style=\"color: #800000;\">Banda de m\u00fasica<\/span><\/em><\/li>\n<li><em>Fil\u00e1 Abencerrajes<\/em><\/li>\n<li><em>Carroza Capit\u00e1n y Abanderada<\/em><\/li>\n<\/ul>\n<h1>Bando Cristiano.<\/h1>\n<p><img loading=\"lazy\" decoding=\"async\" class=\"aligncenter wp-image-166 size-full\" src=\"https:\/\/web.morosycristianosdeaspe.es\/wp-content\/uploads\/2013\/05\/Lanceros_w.png\" alt=\"Lanceros de Uchel\" width=\"84\" height=\"100\" \/><\/p>\n<h2>Comparsa Cristianos Lanceros de Uchel.<\/h2>\n<ul>\n<li><em>Fil\u00e1 Heraldas De C\u00e1rdenas<\/em><\/li>\n<li><em><span style=\"color: #800000;\">Banda de m\u00fasica: Uni\u00f3n Musical Planeta Azul<\/span><\/em><\/li>\n<li><em>Fil\u00e1 Las Guerreras<\/em><\/li>\n<li><em>Fil\u00e1 Los Sardinas<\/em><\/li>\n<li><em>Fil\u00e1 Trapulla Lancera<\/em><\/li>\n<li><em>Batall\u00f3n Lancero<\/em><\/li>\n<li><em><span style=\"color: #800000;\">Colla: A Pasarlo Bien Punto Pon<\/span><\/em><\/li>\n<li><em>Fil\u00e1 LasQ+<\/em><\/li>\n<li><em>Capitania<\/em><\/li>\n<\/ul>\n<p><img loading=\"lazy\" decoding=\"async\" class=\"aligncenter wp-image-164 size-full\" src=\"https:\/\/web.morosycristianosdeaspe.es\/wp-content\/uploads\/2013\/05\/contrabandistas_w-e1369983513546.png\" alt=\"Cristianos Contrabandistas de la Sierra Negra\" width=\"72\" height=\"100\" \/><\/p>\n<h2>Comparsa Cristianos Contrabandistas de la Sierra Negra.<\/h2>\n<ul>\n<li><em>Capitan\u00eda<\/em><\/li>\n<li><em>Fil\u00e1 Peinetas y Arcabuces<\/em><\/li>\n<li><em>Fil\u00e1 Abanicos y Trabucos<\/em><\/li>\n<li><em>Fil\u00e1 Los Patillas<\/em><\/li>\n<li><em>Fil\u00e1 Almonte\u00f1as de la Sierra Negra<\/em><\/li>\n<li><em><span style=\"color: #800000;\">Banda de m\u00fasica: Agrupaci\u00f3n Musical Los Gavilanes<\/span><\/em><\/li>\n<li><em>Fil\u00e1 Las Soberanas<\/em><\/li>\n<li><em>Fil\u00e1 Luis Candelas<\/em><\/li>\n<li><em>Fil\u00e1 Piel Canela<\/em><\/li>\n<li><em><span style=\"color: #800000;\">Banda de m\u00fasica: Asociaci\u00f3n Musical La Esperanza<\/span><\/em><\/li>\n<li><em>Fil\u00e1 Rosa Negra<\/em><\/li>\n<li><em>Fil\u00e1 Las Vivillas<\/em><\/li>\n<li><em>Escuadra Tempranillos<\/em><\/li>\n<li><em><span style=\"color: #800000;\">Banda de m\u00fasica: Sociedad Musical y Cultural Virgen de las Nieves<\/span><\/em><\/li>\n<li><em>Escuadra Eugenia de Montijo<\/em><\/li>\n<li><em>Fil\u00e1 Estraperlo<\/em><\/li>\n<\/ul>\n<p><img loading=\"lazy\" decoding=\"async\" class=\"aligncenter wp-image-165 size-full\" src=\"https:\/\/web.morosycristianosdeaspe.es\/wp-content\/uploads\/2013\/05\/estudiantes_w.png\" alt=\"Cristianos Estudiantes\" width=\"105\" height=\"100\" \/><\/p>\n<h2>Comparsa Cristianos Estudiantes.<\/h2>\n<ul>\n<li><em>Capit\u00e1n y Abanderada<\/em><\/li>\n<li><em>Fil\u00e1 Al Compas<\/em><\/li>\n<li><em>Fil\u00e1 Carioca<\/em><\/li>\n<li><em><span style=\"color: #800000;\">Banda de m\u00fasica: Bemoles<\/span><\/em><\/li>\n<li><em>Fil\u00e1 El Tintero<\/em><\/li>\n<li><em>Fil\u00e1 Catedr\u00e1ticos<\/em><\/li>\n<li><em>Fil\u00e1 Chiribamba<\/em><\/li>\n<li><em>Fil\u00e1 La Chasca<\/em><\/li>\n<li><em>Fil\u00e1 Bachata<\/em><\/li>\n<li><em><span style=\"color: #800000;\">Banda de m\u00fasica: Agrupaci\u00f3n Alicantina<\/span><\/em><\/li>\n<li><em>Fil\u00e1 Colifata<\/em><\/li>\n<li><em>Fil\u00e1 Chiripa<\/em><\/li>\n<li><em>Fil\u00e1 Pajaritos<\/em><\/li>\n<li><em>Fil\u00e1 Acuarelas<\/em><\/li>\n<li><em>Fil\u00e1 Tinta China<\/em><\/li>\n<li><em>Fil\u00e1 Nosotras<\/em><\/li>\n<li><em><span style=\"color: #800000;\">Banda de m\u00fasica: Los Flamencos<\/span><\/em><\/li>\n<li><em>Fil\u00e1 El Puntico<\/em><\/li>\n<li><em>Fil\u00e1 El Pincel<\/em><\/li>\n<li><em>Carroza Cargos Infantiles<\/em><\/li>\n<\/ul>\n<p><img loading=\"lazy\" decoding=\"async\" class=\"aligncenter wp-image-167 size-full\" src=\"https:\/\/web.morosycristianosdeaspe.es\/wp-content\/uploads\/2013\/05\/Maqueda_w.png\" alt=\"Cristianos Duque de Maqueda\" width=\"71\" height=\"100\" \/><\/p>\n<h2>Comparsa Cristianos Duque de Maqueda (Reinado).<\/h2>\n<ul>\n<li><em><span style=\"color: #008000;\">Banderas Reinado<\/span><\/em><\/li>\n<li><em><span style=\"color: #008000;\">Percusi\u00f3n<\/span><\/em><\/li>\n<li><em><span style=\"color: #008000;\">Boato Capitan <\/span><\/em><\/li>\n<li><em><span style=\"color: #008000;\">Ballet Beatriz<\/span><\/em><\/li>\n<li><em><span style=\"color: #008000;\">Aguilas<\/span><\/em><\/li>\n<li><em>Fil\u00e1 Ni\u00f1os de Maqueda<\/em><\/li>\n<li><em>Fil\u00e1 Damas de Aquitania<\/em><\/li>\n<li><em>Fil\u00e1 Chambis Locos<\/em><\/li>\n<li><em><span style=\"color: #800000;\">Banda de m\u00fasica: Notas de Petrer<\/span><\/em><\/li>\n<li><em>Fil\u00e1 Viejas Glorias<\/em><\/li>\n<li><em>Fil\u00e1 Aspericas de Maqueda<\/em><\/li>\n<li><em>Carroza Capitan<\/em><\/li>\n<li><em>Fil\u00e1 Pegotes<\/em><\/li>\n<li><em>Fil\u00e1 Beltr\u00e1n de Vilanova<\/em><\/li>\n<li><em><span style=\"color: #800000;\">Banda de m\u00fasica: Planeta Azul<\/span><\/em><\/li>\n<li><em>Fil\u00e1 Apa\u00f1\u00e1s<\/em><\/li>\n<li><em><span style=\"color: #008000;\">Boato Rey<\/span><\/em><\/li>\n<li><em><span style=\"color: #008000;\">Banderas<\/span><\/em><\/li>\n<li><em><span style=\"color: #008000;\">Ballet Yolanda<\/span><\/em><\/li>\n<li><em>Carroza Rey<\/em><\/li>\n<\/ul>\n","protected":false},"excerpt":{"rendered":"<p>Bando Moro. Comparsa Moros Alcan\u00e1 (Sultanato). Abanderada Fil\u00e1 Al-icante Fil\u00e1 Al-ikataos Banda de m\u00fasica: Uni\u00f3n Musical Hond\u00f3n de los Frailes Fil\u00e1 Aysha Fil\u00e1 Al-palique Carroza Sultanes Comparsa Moros Sulaym\u00e1n. Capit\u00e1n y Abanderada Fil\u00e1 Infantil Sulaym\u00e1n Fil\u00e1 Chonis Fil\u00e1 Malika&#8217;s Banda de m\u00fasica: Planeta Azul Fil\u00e1 Viejos Sulaym\u00e1n Torretas de Cierre Comparsa Moros Fauqu\u00edes. Capitan\u00eda Fil\u00e1 [&hellip;]<\/p>\n","protected":false},"author":1,"featured_media":0,"parent":878,"menu_order":1,"comment_status":"closed","ping_status":"closed","template":"onecolumn-page.php","meta":{"footnotes":""},"class_list":["post-888","page","type-page","status-publish","hentry"],"_links":{"self":[{"href":"https:\/\/web.morosycristianosdeaspe.es\/index.php?rest_route=\/wp\/v2\/pages\/888","targetHints":{"allow":["GET"]}}],"collection":[{"href":"https:\/\/web.morosycristianosdeaspe.es\/index.php?rest_route=\/wp\/v2\/pages"}],"about":[{"href":"https:\/\/web.morosycristianosdeaspe.es\/index.php?rest_route=\/wp\/v2\/types\/page"}],"author":[{"embeddable":true,"href":"https:\/\/web.morosycristianosdeaspe.es\/index.php?rest_route=\/wp\/v2\/users\/1"}],"replies":[{"embeddable":true,"href":"https:\/\/web.morosycristianosdeaspe.es\/index.php?rest_route=%2Fwp%2Fv2%2Fcomments&post=888"}],"version-history":[{"count":13,"href":"https:\/\/web.morosycristianosdeaspe.es\/index.php?rest_route=\/wp\/v2\/pages\/888\/revisions"}],"predecessor-version":[{"id":969,"href":"https:\/\/web.morosycristianosdeaspe.es\/index.php?rest_route=\/wp\/v2\/pages\/888\/revisions\/969"}],"up":[{"embeddable":true,"href":"https:\/\/web.morosycristianosdeaspe.es\/index.php?rest_route=\/wp\/v2\/pages\/878"}],"wp:attachment":[{"href":"https:\/\/web.morosycristianosdeaspe.es\/index.php?rest_route=%2Fwp%2Fv2%2Fmedia&parent=888"}],"curies":[{"name":"wp","href":"https:\/\/api.w.org\/{rel}","templated":true}]}}